{"id":106100,"date":"2024-05-30T08:45:58","date_gmt":"2024-05-30T06:45:58","guid":{"rendered":"https:\/\/www.koper.si\/comune\/piano-territoriale-comunale-del-comune-citta-di-capodistria\/druga-javna-razgrnitev\/"},"modified":"2024-06-05T15:06:19","modified_gmt":"2024-06-05T13:06:19","slug":"secondo-deposito","status":"publish","type":"page","link":"https:\/\/www.koper.si\/it\/comune\/piano-territoriale-comunale-del-comune-citta-di-capodistria\/secondo-deposito\/","title":{"rendered":"Secondo deposito"},"content":{"rendered":"<p><section class=\"kc-elm kc-css-289231 kc_row\"><div class=\" container\"><div class=\"row\"><div class=\"kc-elm kc-css-352666 col-12 col-sm-12 column col-12 col-sm-12\"><div class=\"kc-col-container\"><div class=\"kc-elm kc-css-642415 kc_text_block\"><\/p>\n<p>La bozza integrata del Piano regolatore comunale (PRC) verr\u00e0 depositata ed esposta in libera visione del pubblico dal <strong>30 maggio fino al 30 giugno 2024<\/strong> (verificare i luoghi e le date). In relazione alla bozza integrata, il Comune citt\u00e0 di Capodistria organizzer\u00e0 anche <strong>due dibattiti pubblici<\/strong> (<a href=\"https:\/\/www.koper.si\/it\/comune\/piano-territoriale-comunale-del-comune-citta-di-capodistria\/secondo-deposito\/#dibattiti-pubblici\">le date sono pubblicate in calce<\/a>). Durante il deposito della bozza integrata, i soggetti interessati possono formulare <strong>osservazioni e proposte<\/strong> circa i materiali depositati.<\/p>\n<p><strong>Lo scopo<\/strong> del secondo deposito \u00e8 quello di informare il pubblico sulle modifiche apportate alla bozza integrata del Piano regolatore comunale rispetto al materiale, oggetto del primo deposito che era in libera visione del pubblico tra il 14 febbraio 2022 e il 30 aprile 2022, nonch\u00e9 acquisire osservazioni e proposte riguardo ai cambiamenti apportati.<\/p>\n<p><strong>I contenuti<\/strong> del PRC, oggetto del secondo deposito, sono stati integrati in modo tale da includere congruamente i seguenti elementi:<\/p>\n<ol>\n<li>osservazioni e proposte accoglibili o parzialmente accoglibili ricevute dal CCC durante il primo deposito;<\/li>\n<li>alcune proposte delle comunit\u00e0 locali e i risultati dei workshop di pianificazione territoriale tenutisi a Scoffie, Bertocchi e Dekani;<\/li>\n<\/ol>\n<p>zone parzialmente modificate da cui sono stati esclusi alcuni terreni edificabili rispetto al primo deposito a causa delle osservazioni ricevute e di un\u2019attenta rivalutazione dell&#8217;interesse pubblico e privato.<\/p>\n<p>\n<\/div><\/div><\/div><\/div><\/div><\/section><section class=\"kc-elm kc-css-74491 kc_row\"><div class=\" container\"><div class=\"row\"><div class=\"kc-elm kc-css-739748 col-12 col-sm-12 column col-12 col-sm-12\"><div class=\"kc-col-container\"><div class=\"kc-elm kc-css-748942 kc_text_block\"><\/p>\n<h2>L\u2019utilizzo del sito web facilita la visualizzazione dei contenuti e la presentazione di osservazioni<\/h2>\n<p>Di seguito viene presentata la bozza integrata del Piano regolatore comunale in tutti i suoi elementi, suddivisa per aree tematiche. Per facilitare la visualizzazione dei contenuti grafici e l&#039;invio delle osservazioni, \u00e8 disponibile l\u2019apposito <a href=\"https:\/\/koper.gisportal.si\/web\/profile.aspx?id=Pripombe@Koper\" target=\"_blank\" rel=\"noopener\">sito web<\/a> con i contenuti grafici rappresentati su una mappa interattiva che facilita la ricerca e l&#039;invio diretto di osservazioni o proposte.<\/p>\n<p>\n<\/div><div data-closeall=\"true\" class=\"kc-elm kc-css-412919 kc_accordion_wrapper\">\r\n    <div class=\"kc-elm kc-css-688829 kc_accordion_section group \"><h3 class=\"kc_accordion_header ui-accordion-header\"><a href=\"#istruzioni-per-laposinvio-di-osservazioni-sul-sito-web-maggiori-informazioni\" data-prevent=\"scroll\"><div class=\"kc-accordion-inner-wrapper\"><span class=\"ui-accordion-header-icon ui-icon\"><\/span><i class=\"\"><\/i> Istruzioni per l:apos:invio di osservazioni sul sito web (maggiori informazioni)<\/div><\/a><\/h3><div class=\"kc_accordion_content ui-accordion-content kc_clearfix\"><div class=\"kc-panel-body\"><div class=\"kc-elm kc-css-389924 kc_text_block\"><\/p>\n<p>Sotto i punti tematici del materiale testuale e grafico si trova un link che consente di accedere all&#039;applicazione per inviare osservazioni e proposte.<\/p>\n<p>Per presentare osservazioni e proposte in merito alla <b>parte testuale del PRC (Decreto e Relazione ambientale con i relativi allegati)<\/b>, aprendo il <a href=\"https:\/\/koper.gisportal.si\/web\/profile.aspx?id=Pripombe_odlok@Koper\" target=\"_blank\" rel=\"noopener\">link<\/a> si accede all&#039;app con il modulo elettronico per la presentazione di osservazioni e proposte.<\/p>\n<p>Per presentare osservazioni e proposte in merito alla <b>parte grafica del PRC<\/b>, aprendo il <a href=\"https:\/\/koper.gisportal.si\/web\/profile.aspx?id=Pripombe_odlok@Koper\" target=\"_blank\" rel=\"noopener\">link<\/a> si accede all&#039;app del visualizzatore grafico il quale nella finestra iniziale visualizza una mappa generale dell&#039;area del CCC con la destinazione d&#039;uso del territorio e altri elementi di assetto territoriale.<\/p>\n<p>Premendo sulle singole particelle si apre una finestra di dialogo con informazioni sulla destinazione d&#039;uso, sulle norme tecniche di attuazione e sui vincoli territoriali. Per inviare osservazioni o proposte occorre premere l\u2019icona \u201cInvia osservazione\u201d nella barra degli strumenti o l&#039;icona \u201cInformazioni sulla parcella\u201d nella finestra di dialogo. Ulteriori istruzioni per la consultazione della parte grafica e la presentazione di osservazioni e proposte sono disponibili nell\u2019app.<\/p>\n<p>L&#039;app vi informer\u00e0 quando le osservazioni e le proposte saranno inviate con successo. All\u2019indirizzo di posta elettronica indicato nell\u2019app riceverete un messaggio di conferma con il numero identificativo (ID) dell\u2019osservazione presentata che potete salvare o stampare. \u00c8 importante ricordare il numero identificativo ricevuto nel messaggio di conferma, poich\u00e9 solo attraverso lo stesso sar\u00e0 possibile verificare lo stato delle proprie osservazioni quando il CCC, concluso il periodo di deposito, render\u00e0 pubbliche le posizioni in merito a tutte le osservazioni e le proposte ricevute durante il deposito del PRC in libera visione.<\/p>\n<p>Le osservazioni e le proposte potranno essere inoltrate fino all\u2019ultimo giorno del deposito del PRC in libera visione, ovvero fino a domenica <b>30 giugno 2024.<\/b><\/p>\n<p>I cittadini che non hanno la possibilit\u00e0 di utilizzare gli strumenti digitali per presentare le osservazioni, possono farlo nella stessa maniera per posta ordinaria o per posta elettronica oppure di persona presso l&#039;ufficio protocollo del CCC in Via Verdi 10, utilizzando il modulo relativo disponibile <a href=\"https:\/\/koper.e-obcina.si\/objava\/530816?lang=sl\" target=\"_blank\" rel=\"noopener\">qui<\/a>.<\/p>\n<p>Per assistenza nella compilazione del modulo per l\u2019invio di osservazioni si pu\u00f2 chiamare il numero telefonico <a href=\"tel.:+386%205%2066%2046%20516\">05 66 46 516<\/a> o <a href=\"tel.:+386%205%2066%2046%20275\">05 66 46 275<\/a> durante gli orari d\u2019ufficio.<\/p>\n<p>\n<\/div><\/div><\/div><\/div><\/div>\r\n<div class=\"kc-elm kc-css-39759 row\"><div class=\"kc-elm kc-css-992724 col-12 col-sm-12 column_inner col-12 col-sm-12\"><div class=\"kc_wrapper kc-col-inner-container\">\n<div class=\"kc-elm kc-css-509268\">\n\t<a class=\"kc_button btn btn-primary\" href=\"https:\/\/koper.gisportal.si\" target=\"_blank\" title=\"\" onclick=\"\" rel=\"noopener\">\n\t\tSpletni portal\t<\/a>\n<\/div>\n<\/div><\/div><\/div><\/div><\/div><\/div><\/div><\/section><section id=\"with+BTN\" class=\"kc-elm kc-css-727825 kc_row\"><div class=\" container\"><div class=\"row\"><div class=\"kc-elm kc-css-723750 col-12 col-sm-12 column col-12 col-sm-12\"><div class=\"kc-col-container\">\n<div class=\"kc-elm kc-css-425220 kc-title-wrap \">\n\n\t<h2 class=\"kc_title\">Razgrnjeno gradivo:<\/h2>\n<\/div>\n\n<div class=\"kc-elm kc-css-108545\">\n\t<a class=\"kc_button btn btn-primary\" href=\"https:\/\/koper.gisportal.si\/web\/profile.aspx?id=Pripombe_odlok@Koper\" target=\"_blank\" title=\"\" onclick=\"\" rel=\"noopener\">\n\t\tOddaj pripombo na odlok in priloge\t<\/a>\n<\/div>\n<div class=\"kc-elm kc-css-10370 kc_text_block\"><\/p>\n<p>Javno razgrnjeno gradivo je v tiskani obliki dostopno tudi v avli upravne stavbe Mestne ob\u010dine Koper, Verdijeva ulica 10, Koper.<\/p>\n<p>\n<\/div><\/div><\/div><\/div><\/div><\/section><section class=\"kc-elm kc-css-572476 kc_row\"><div class=\" container\"><div class=\"row\"><div class=\"kc-elm kc-css-427070 col-12 col-sm-12 column col-12 col-sm-12\"><div class=\"kc-col-container\">\n<div class=\"kc-elm kc-css-306784 kc-title-wrap \">\n\n\t<h2 class=\"kc_title\">Assistenza nella consultazione dei materiali e nella presentazione di osservazioni<\/h2>\n<\/div>\n<div class=\"kc-elm kc-css-608343 kc_text_block\"><\/p>\n<p>Per assistere ulteriormente i cittadini ed altri soggetti interessati nella consultazione dei materiali oggetto di deposito e nella presentazione di osservazioni e proposte, un dipendente sar\u00e0 a disposizione nell&#039;atrio dell&#039;edificio amministrativo del Comune citt\u00e0 di Capodistria e presso il Dipartimento di pianificazione e assetto territoriale, nei seguenti orari:<\/p>\n<ul>\n<li>il luned\u00ec, marted\u00ec, gioved\u00ec e venerd\u00ec dalle 8.00 alle 12.00, e<\/li>\n<li>il mercoled\u00ec dalle 8.00 alle 12.00 e dalle 14.00 alle 17.00<\/li>\n<\/ul>\n<p>\n<\/div><\/div><\/div><\/div><\/div><\/section><section class=\"kc-elm kc-css-247364 kc_row\"><div class=\" container\"><div class=\"row\"><div class=\"kc-elm kc-css-350165 col-12 col-sm-12 column col-12 col-sm-12\"><div class=\"kc-col-container\">\n<div class=\"kc-elm kc-css-195561 kc-title-wrap \">\n\n\t<h3 class=\"kc_title\">Materiali oggetto di deposito:<\/h3>\n<\/div>\n<div class=\"kc-elm kc-css-267 kc_text_block\"><\/p>\n<p>Di seguito vengono presentati tutti i materiali oggetto di deposito in formato digitale. Parte del materiale \u00e8 disponibile per la pubblica consultazione anche in forma cartacea nell&#039;atrio dell&#039;edificio amministrativo del Comune citt\u00e0 di Capodistria in Via Verdi 10, Capodistria.<\/p>\n<p>\n<\/div><\/div><\/div><\/div><\/div><\/section><section id=\"odlok-in-priloge-OLD\" class=\"kc-elm kc-css-826903 kc_row\"><div class=\" container\"><div class=\"row\"><div class=\"kc-elm kc-css-652700 col-12 col-sm-12 column col-12 col-sm-12\"><div class=\"kc-col-container\">\n<div class=\"kc-elm kc-css-522387 kc-title-wrap \">\n\n\t<h2 class=\"kc_title\">Odlok in priloge<\/h2>\n<\/div>\n<div class=\"kc-elm kc-css-340415 kc_text_block\"><\/p>\n<ul>\n<li><a href=\"https:\/\/www.koper.si\/wp-content\/uploads\/2024\/05\/10_naslovni_listi.pdf\" target=\"_blank\" rel=\"noopener\">Naslovni_listi<\/a><\/li>\n<li><a href=\"https:\/\/www.koper.si\/wp-content\/uploads\/2024\/05\/110_odlok_cistopis.pdf\" target=\"_blank\" rel=\"noopener\">Odlok o ob\u010dinskem prostorskem na\u010drtu Mestne ob\u010dine Koper \u2013 \u010distopis<\/a><\/li>\n<li><a href=\"https:\/\/www.koper.si\/wp-content\/uploads\/2024\/05\/110_odlok_vidne_spremembe.pdf\" target=\"_blank\" rel=\"noopener\">Odlok o ob\u010dinskem prostorskem na\u010drtu Mestne ob\u010dine Koper \u2013 vidne spremembe<\/a><\/li>\n<li><a href=\"https:\/\/www.koper.si\/wp-content\/uploads\/2024\/05\/111_odlok_priloga_1.pdf\" target=\"_blank\" rel=\"noopener\">Priloga 1: Podrobni prostorski izvedbeni pogoji \u2013 osnovni objekti, ki se lahko gradijo na stavbnih namenskih rabah<\/a><\/li>\n<li><a href=\"https:\/\/www.koper.si\/wp-content\/uploads\/2024\/05\/112_odlok_priloga_2.pdf\" target=\"_blank\" rel=\"noopener\">Priloga 2: Posebni prostorski izvedbeni pogoji za posamezne funkcionalne celote, enote in podenote urejanja prostora ter usmeritve za izdelavo posameznih OPPN<\/a><\/li>\n<li><a href=\"https:\/\/www.koper.si\/wp-content\/uploads\/2024\/05\/113_odlok_priloga_3.pdf\" target=\"_blank\" rel=\"noopener\">Priloga 3: Grafi\u010dni prikaz in obrazlo\u017eitev dolo\u010dil odloka<\/a><\/li>\n<li>Priloga 4: Obrazlo\u017eitev vsebin odloka o OPN, ki se nana\u0161ajo na umestitev in oblikovanje stavb na pode\u017eelskem delu ob\u010dine<\/li>\n<\/ul>\n<p>\n<\/div>\n<div class=\"kc-elm kc-css-534963\">\n\t<a class=\"kc_button btn btn-primary\" href=\"https:\/\/koper.gisportal.si\/web\/profile.aspx?id=Pripombe_odlok@Koper\" target=\"_blank\" title=\"\" onclick=\"\" rel=\"noopener\">\n\t\tOddaj pripombo na odlok in priloge\t<\/a>\n<\/div>\n<\/div><\/div><\/div><\/div><\/section><section id=\"decreto-e-allegati\" class=\"kc-elm kc-css-493757 kc_row\"><div class=\" container\"><div class=\"row\"><div class=\"kc-elm kc-css-963237 col-12 col-sm-12 column col-12 col-sm-12\"><div class=\"kc-col-container\">\n<div class=\"kc-elm kc-css-670297 kc-title-wrap \">\n\n\t<h3 class=\"kc_title\">Decreto e allegati<\/h3>\n<\/div>\n<div class=\"kc-elm kc-css-516229 kc_text_block\"><\/p>\n<ul>\n<li><a href=\"https:\/\/www.koper.si\/wp-content\/uploads\/2024\/05\/10_naslovni_listi.pdf\" target=\"_blank\" rel=\"noopener\">Naslovni listi<\/a><\/li>\n<li><a href=\"https:\/\/www.koper.si\/wp-content\/uploads\/2024\/05\/110_odlok_cistopis.pdf\" target=\"_blank\" rel=\"noopener\">Odlok o ob\u010dinskem prostorskem na\u010drtu Mestne ob\u010dine Koper \u2013 \u010distopis<\/a><\/li>\n<li><a href=\"https:\/\/www.koper.si\/wp-content\/uploads\/2024\/05\/110_odlok_vidne_spremembe.pdf\" target=\"_blank\" rel=\"noopener\">Odlok o ob\u010dinskem prostorskem na\u010drtu Mestne ob\u010dine Koper \u2013 vidne spremembe<\/a><\/li>\n<li><a href=\"https:\/\/www.koper.si\/wp-content\/uploads\/2024\/05\/111_odlok_priloga_1.pdf\" target=\"_blank\" rel=\"noopener\">Priloga 1: Podrobni prostorski izvedbeni pogoji \u2013 osnovni objekti, ki se lahko gradijo na stavbnih namenskih rabah<\/a><\/li>\n<li><a href=\"https:\/\/www.koper.si\/wp-content\/uploads\/2024\/05\/112_odlok_priloga_2.pdf\" target=\"_blank\" rel=\"noopener\">Priloga 2: Posebni prostorski izvedbeni pogoji za posamezne funkcionalne celote, enote in podenote urejanja prostora ter usmeritve za izdelavo posameznih OPPN<\/a><\/li>\n<li><a href=\"https:\/\/www.koper.si\/wp-content\/uploads\/2024\/05\/113_odlok_priloga_3.pdf\" target=\"_blank\" rel=\"noopener\">Priloga 3: Grafi\u010dni prikaz in obrazlo\u017eitev dolo\u010dil odloka<\/a><\/li>\n<\/ul>\n<p>\n<\/div><div class=\"kc-elm kc-css-49387 row\"><div class=\"kc-elm kc-css-348339 col-12 col-sm-12 column_inner col-12 col-sm-12\"><div class=\"kc_wrapper kc-col-inner-container\">\n<div class=\"kc-elm kc-css-65363\">\n\t<a class=\"kc_button btn btn-primary\" href=\"https:\/\/koper.gisportal.si\/web\/profile.aspx?id=Pripombe_odlok@Koper\" target=\"_blank\" title=\"\" onclick=\"\" rel=\"noopener\">\n\t\tOddaj pripombo na odlok in priloge\t<\/a>\n<\/div>\n<\/div><\/div><\/div><\/div><\/div><\/div><\/div><\/section><section id=\"graficni-del-OLD\" class=\"kc-elm kc-css-415973 kc_row\"><div class=\" container\"><div class=\"row\"><div class=\"kc-elm kc-css-708811 col-12 col-sm-12 column col-12 col-sm-12\"><div class=\"kc-col-container\">\n<div class=\"kc-elm kc-css-267744 kc-title-wrap \">\n\n\t<h2 class=\"kc_title\">Grafi\u010dni del<\/h2>\n<\/div>\n<div class=\"kc-elm kc-css-595636 kc_text_block\"><\/p>\n<ul>\n<li><a href=\"https:\/\/www.koper.si\/wp-content\/uploads\/2024\/05\/20_naslovni_list.pdf\" target=\"_blank\" rel=\"noopener\">Naslovni list<\/a><\/li>\n<li><a href=\"https:\/\/www.koper.si\/wp-content\/uploads\/2024\/05\/21_vsebina.pdf\" target=\"_blank\" rel=\"noopener\">Kazalo vsebine<\/a><\/li>\n<\/ul>\n<p>\n<\/div>\n<div class=\"kc-elm kc-css-416214 kc-title-wrap \">\n\n\t<h5 class=\"kc_title\">Strate\u0161ki del<\/h5>\n<\/div>\n<div class=\"kc-elm kc-css-450089 kc_text_block\"><\/p>\n<ul>\n<li><a href=\"https:\/\/www.koper.si\/wp-content\/uploads\/2024\/05\/211_zas_prost_raz.pdf\" target=\"_blank\" rel=\"noopener\">Zasnova prostorskega razvoja<\/a><\/li>\n<li><strong>Zasnova gospodarske javne infrastrukture<\/strong>\n<ul>\n<li><a href=\"https:\/\/www.koper.si\/wp-content\/uploads\/2024\/05\/2121_zas_promet.pdf\" target=\"_blank\" rel=\"noopener\">Zasnova gospodarske javne infrastrukture &#8211; Prometna infrastruktura<\/a><\/li>\n<li><a href=\"https:\/\/www.koper.si\/wp-content\/uploads\/2024\/05\/2122_zas_energ.pdf\" target=\"_blank\" rel=\"noopener\">Zasnova gospodarske javne infrastrukture &#8211; Energetika<\/a><\/li>\n<li><a href=\"https:\/\/www.koper.si\/wp-content\/uploads\/2024\/05\/2123_zas_gji_knl.pdf\" target=\"_blank\" rel=\"noopener\">Zasnova gospodarske javne infrastrukture &#8211; Javna kanalizacija in odpadki<\/a><\/li>\n<li><a href=\"https:\/\/www.koper.si\/wp-content\/uploads\/2024\/05\/2124_zas_gji_vdv.pdf\" target=\"_blank\" rel=\"noopener\">Zasnova gospodarske javne infrastrukture \u2013 Javni vodovod<\/a><\/li>\n<\/ul>\n<\/li>\n<li><strong>Zasnova poselitve<\/strong>\n<ul>\n<li><a href=\"https:\/\/www.koper.si\/wp-content\/uploads\/2024\/05\/2131_usm_pos.pdf\" target=\"_blank\" rel=\"noopener\">Usmeritve za razvoj poselitve<\/a><\/li>\n<li><a href=\"https:\/\/www.koper.si\/wp-content\/uploads\/2024\/05\/2132_zas_pos.pdf\" target=\"_blank\" rel=\"noopener\">Zasnova okvirnih obmo\u010dij naselij, razpr\u0161ene gradnje in obmo\u010dja razpr\u0161ene poselitve<\/a><\/li>\n<\/ul>\n<\/li>\n<li><strong>Ostale grafike<\/strong>\n<ul>\n<li><a href=\"https:\/\/www.koper.si\/wp-content\/uploads\/2024\/05\/2141_usm_krajina.pdf\" target=\"_blank\" rel=\"noopener\">Usmeritve za razvoj v krajini<\/a><\/li>\n<li><a href=\"https:\/\/www.koper.si\/wp-content\/uploads\/2024\/05\/2142_usm_krajina_var.pdf\" target=\"_blank\" rel=\"noopener\">Usmeritve za razvoj v krajini &#8211; varstva in varovanja<\/a><\/li>\n<li><a href=\"https:\/\/www.koper.si\/wp-content\/uploads\/2024\/05\/215_usm_raba.pdf\" target=\"_blank\" rel=\"noopener\">Usmeritve za dolo\u010ditev namenske rabe zemlji\u0161\u010d in prostorskih izvedbenih pogojev<\/a><\/li>\n<\/ul>\n<\/li>\n<\/ul>\n<p>\n<\/div>\n<div class=\"kc-elm kc-css-933186\">\n\t<a class=\"kc_button btn btn-primary\" href=\"https:\/\/koper.gisportal.si\/web\/profile.aspx?id=Pripombe_odlok@Koper\" target=\"_blank\" title=\"\" onclick=\"\" rel=\"noopener\">\n\t\tOddaj pripombo na strate\u0161ki del\t<\/a>\n<\/div>\n\n<div class=\"kc-elm kc-css-326410 kc-title-wrap \">\n\n\t<h5 class=\"kc_title\">Izvedbeni del<\/h5>\n<\/div>\n<div class=\"kc-elm kc-css-34583 kc_text_block\"><\/p>\n<p>\nGrafi\u010dne prikaze izvedbenega dela OPN si lahko \u0161e vedno ogledate prek spletnega pregledovalnika.<\/p>\n<p>\n<\/div><div class=\"kc-elm kc-css-808988 kc_text_block\"><\/p>\n<ul>\n<li>Pregledna karta ob\u010dine z razdelitvijo na liste<\/li>\n<li>Legendni list<\/li>\n<li>Pregledna karta ob\u010dine s prikazom osnovne namenske rabe in klju\u010dnih omre\u017eij gospodarske javne infrastrukture<\/li>\n<li>Pregledna karta funkcionalnih in krajinskih enot<\/li>\n<li>Prikaz obmo\u010dij enot urejanja prostora, osnovne in podrobnej\u0161e namenske rabe ter prostorskih izvedbenih pogojev <em>(vsi listi, *velika zip datoteka)<\/em><\/li>\n<li>Prikaz obmo\u010dij enot urejanja prostora in prikaz javne gospodarske infrastrukture <em>(vsi listi,<\/em> <em>*velika zip datoteka)<\/em><\/li>\n<li>Prostorski izvedbeni pogoji za obmo\u010dje mesta Koper: Pregledna karta funkcionalnih celot (FC) mesta Koper<\/li>\n<li><a href=\"https:\/\/www.koper.si\/wp-content\/uploads\/2022\/02\/2252_eup_regulacije_koper_objekti.pdf\" target=\"_blank\" rel=\"noopener\">Prostorski izvedbeni pogoji za obmo\u010dje sredi\u0161\u010da mesta Koper: Prikaz varstvenih re\u017eimov objektov mesta Koper, ki niso posamezni kulturni spomeniki<\/a><\/li>\n<li>Prostorski izvedbeni pogoji za obmo\u010dje sredi\u0161\u010da mesta Koper: Prikaz varstvenih re\u017eimov trgov in ulic mesta Koper<\/li>\n<li>Prikaz drevoredov in zelenih potez v obmo\u010dju urbanisti\u010dnega na\u010drta<\/li>\n<li>Prikaz obmo\u010dij enot urejanja prostora in obmo\u010dij veljavnih prostorskih aktov<\/li>\n<\/ul>\n<p>\n<\/div>\n<div class=\"kc-elm kc-css-616175\">\n\t<a class=\"kc_button btn btn-primary\" href=\"https:\/\/koper.gisportal.si\/web\/profile.aspx?id=Pripombe@Koper\" target=\"_blank\" title=\"\" onclick=\"\" rel=\"noopener\">\n\t\tSpletni pregledovalnik in oddaja pripomb na izvedbeni del\t<\/a>\n<\/div>\n<\/div><\/div><\/div><\/div><\/section><section id=\"parte-grafica\" class=\"kc-elm kc-css-699695 kc_row\"><div class=\" container\"><div class=\"row\"><div class=\"kc-elm kc-css-39072 col-12 col-sm-12 column col-12 col-sm-12\"><div class=\"kc-col-container\">\n<div class=\"kc-elm kc-css-309996 kc-title-wrap \">\n\n\t<h3 class=\"kc_title\">Parte grafica<\/h3>\n<\/div>\n<div class=\"kc-elm kc-css-688547 kc_text_block\"><\/p>\n<ul>\n<li><a href=\"https:\/\/www.koper.si\/wp-content\/uploads\/2024\/05\/20_naslovni_list.pdf\" target=\"_blank\" rel=\"noopener\">Naslovni list<\/a><\/li>\n<li><a href=\"https:\/\/www.koper.si\/wp-content\/uploads\/2024\/05\/21_vsebina.pdf\" target=\"_blank\" rel=\"noopener\">Kazalo vsebine<\/a><\/li>\n<\/ul>\n<p>\n<\/div><div class=\"kc-elm kc-css-782773 row\"><div class=\"kc-elm kc-css-560250 col-12 col-sm-12 column_inner col-12 col-sm-12\"><div class=\"kc_wrapper kc-col-inner-container\">\n<div class=\"kc-elm kc-css-252097 kc-title-wrap \">\n\n\t<h5 class=\"kc_title\">Parte strategica<\/h5>\n<\/div>\n<div class=\"kc-elm kc-css-186913 kc_text_block\"><\/p>\n<ul>\n<li><a href=\"https:\/\/www.koper.si\/wp-content\/uploads\/2024\/05\/211_zas_prost_raz.pdf\" target=\"_blank\" rel=\"noopener\">Zasnova prostorskega razvoja<\/a><\/li>\n<li><strong>Progetto delle infrastrutture pubbliche economiche<\/strong>\n<ul>\n<li><a href=\"https:\/\/www.koper.si\/wp-content\/uploads\/2024\/05\/2121_zas_promet.pdf\" target=\"_blank\" rel=\"noopener\">Zasnova gospodarske javne infrastrukture &#8211; Prometna infrastruktura<\/a><\/li>\n<li><a href=\"https:\/\/www.koper.si\/wp-content\/uploads\/2024\/05\/2122_zas_energ.pdf\" target=\"_blank\" rel=\"noopener\">Zasnova gospodarske javne infrastrukture &#8211; Energetika<\/a><\/li>\n<li><a href=\"https:\/\/www.koper.si\/wp-content\/uploads\/2024\/05\/2123_zas_gji_knl.pdf\" target=\"_blank\" rel=\"noopener\">Zasnova gospodarske javne infrastrukture &#8211; Javna kanalizacija in odpadki<\/a><\/li>\n<li><a href=\"https:\/\/www.koper.si\/wp-content\/uploads\/2024\/05\/2124_zas_gji_vdv.pdf\" target=\"_blank\" rel=\"noopener\">Zasnova gospodarske javne infrastrukture \u2013 Javni vodovod<\/a><\/li>\n<\/ul>\n<\/li>\n<li><strong>Progettazione di nuovi insediamenti<\/strong>\n<ul>\n<li><a href=\"https:\/\/www.koper.si\/wp-content\/uploads\/2024\/05\/2131_usm_pos.pdf\" target=\"_blank\" rel=\"noopener\">Usmeritve za razvoj poselitve<\/a><\/li>\n<li><a href=\"https:\/\/www.koper.si\/wp-content\/uploads\/2024\/05\/2132_zas_pos.pdf\" target=\"_blank\" rel=\"noopener\">Zasnova okvirnih obmo\u010dij naselij, razpr\u0161ene gradnje in obmo\u010dja razpr\u0161ene poselitve<\/a><\/li>\n<\/ul>\n<\/li>\n<li><strong>Altri contenuti grafici<\/strong>\n<ul>\n<li><a href=\"https:\/\/www.koper.si\/wp-content\/uploads\/2024\/05\/2141_usm_krajina.pdf\" target=\"_blank\" rel=\"noopener\">Usmeritve za razvoj v krajini<\/a><\/li>\n<li><a href=\"https:\/\/www.koper.si\/wp-content\/uploads\/2024\/05\/2142_usm_krajina_var.pdf\" target=\"_blank\" rel=\"noopener\">Usmeritve za razvoj v krajini &#8211; varstva in varovanja<\/a><\/li>\n<li><a href=\"https:\/\/www.koper.si\/wp-content\/uploads\/2024\/05\/215_usm_raba.pdf\" target=\"_blank\" rel=\"noopener\">Usmeritve za dolo\u010ditev namenske rabe zemlji\u0161\u010d in prostorskih izvedbenih pogojev<\/a><\/li>\n<\/ul>\n<\/li>\n<\/ul>\n<p>\n<\/div><\/div><\/div><\/div><div class=\"kc-elm kc-css-948078 row\"><div class=\"kc-elm kc-css-676821 col-12 col-sm-12 column_inner col-12 col-sm-12\"><div class=\"kc_wrapper kc-col-inner-container\">\n<div class=\"kc-elm kc-css-383435\">\n\t<a class=\"kc_button btn btn-primary\" href=\"https:\/\/koper.gisportal.si\/web\/profile.aspx?id=Pripombe_odlok@Koper\" target=\"_blank\" title=\"\" onclick=\"\" rel=\"noopener\">\n\t\tOddaj pripombo na strate\u0161ki del\t<\/a>\n<\/div>\n<\/div><\/div><\/div><div class=\"kc-elm kc-css-137293 row\"><div class=\"kc-elm kc-css-449339 col-12 col-sm-12 column_inner col-12 col-sm-12\"><div class=\"kc_wrapper kc-col-inner-container\">\n<div class=\"kc-elm kc-css-223094 kc-title-wrap \">\n\n\t<h5 class=\"kc_title\">Parte attuativa<\/h5>\n<\/div>\n<div class=\"kc-elm kc-css-362385 kc_text_block\"><\/p>\n<p>Le rappresentazioni grafiche della parte attuativa del PRC possono essere visualizzate tramite il visualizzatore online.<\/p>\n<p>\n<\/div><div class=\"kc-elm kc-css-851088 kc_text_block\"><\/p>\n<ul>\n<li><a href=\"https:\/\/www.koper.si\/wp-content\/uploads\/2024\/05\/221_preg_kar_listi.pdf\" target=\"_blank\" rel=\"noopener\">Pregledna karta ob\u010dine z razdelitvijo na liste<\/a><\/li>\n<li><a href=\"https:\/\/www.koper.si\/wp-content\/uploads\/2024\/05\/227_legendni_list.pdf\" target=\"_blank\" rel=\"noopener\">Legendni list<\/a><\/li>\n<li><a href=\"https:\/\/www.koper.si\/wp-content\/uploads\/2024\/05\/2221_preg_kar_onrp_gji.pdf\" target=\"_blank\" rel=\"noopener\">Pregledna karta ob\u010dine s prikazom osnovne namenske rabe in klju\u010dnih omre\u017eij gospodarske javne infrastrukture<\/a><\/li>\n<li><a href=\"https:\/\/www.koper.si\/wp-content\/uploads\/2024\/05\/2222_preg_kar_kre_fe.pdf\" target=\"_blank\" rel=\"noopener\">Pregledna karta funkcionalnih in krajinskih enot<\/a><\/li>\n<li><a href=\"https:\/\/www.koper.si\/wp-content\/uploads\/2024\/05\/2231_eup_pnrp_pip.zip\">Prikaz obmo\u010dij enot urejanja prostora, osnovne in podrobnej\u0161e namenske rabe ter prostorskih izvedbenih pogojev<\/a>\u00a0<em>(vsi listi, *velika zip datoteka)<\/em><\/li>\n<li><a href=\"https:\/\/www.koper.si\/wp-content\/uploads\/2024\/05\/2232_eup_pnrp_pip_spr.zip\">Prikaz obmo\u010dij enot urejanja prostora, osnovne in podrobnej\u0161e namenske rabe ter prostorskih izvedbenih pogojev s prikazom sprememb namenske rabe<\/a>\u00a0<em>(vsi listi, *velika zip datoteka)<\/em><\/li>\n<li><a href=\"https:\/\/www.koper.si\/wp-content\/uploads\/2024\/05\/224_eup_gji.zip\">Prikaz obmo\u010dij enot urejanja prostora in prikaz javne gospodarske infrastrukture<\/a>\u00a0<em>(vsi listi,<\/em> <em>*velika zip datoteka)<\/em><\/li>\n<li><a href=\"https:\/\/www.koper.si\/wp-content\/uploads\/2024\/05\/2223_preg_kar_fc.pdf\" target=\"_blank\" rel=\"noopener\">Prostorski izvedbeni pogoji za obmo\u010dje mesta Koper: Pregledna karta funkcionalnih celot (FC) mesta Koper<\/a><\/li>\n<li><a href=\"https:\/\/www.koper.si\/wp-content\/uploads\/2024\/05\/2251_eup_regulacije_koper_PPIP_sredisce_Koper.pdf\" target=\"_blank\" rel=\"noopener\">Prostorski izvedbeni pogoji za obmo\u010dje sredi\u0161\u010da mesta Koper: Prikaz varstvenih re\u017eimov trgov in ulic mesta Koper<\/a><\/li>\n<li><a href=\"https:\/\/www.koper.si\/wp-content\/uploads\/2024\/05\/225_eup_regulacije.zip\">Prikaz drevoredov in zelenih potez v obmo\u010dju urbanisti\u010dnega na\u010drta<\/a> (<em>zip datoteka<\/em>)<\/li>\n<li><a href=\"https:\/\/www.koper.si\/wp-content\/uploads\/2024\/05\/226_vpia.zip\">Prikaz obmo\u010dij enot urejanja prostora in obmo\u010dij veljavnih prostorskih aktov<\/a>\u00a0<em>(vsi listi,<\/em> <em>*velika zip datoteka)<\/em><\/li>\n<\/ul>\n<p>\n<\/div><\/div><\/div><\/div><div class=\"kc-elm kc-css-135712 row\"><div class=\"kc-elm kc-css-746205 col-12 col-sm-12 column_inner col-12 col-sm-12\"><div class=\"kc_wrapper kc-col-inner-container\">\n<div class=\"kc-elm kc-css-888587\">\n\t<a class=\"kc_button btn btn-primary\" href=\"https:\/\/koper.gisportal.si\/web\/profile.aspx?id=Pripombe@Koper\" target=\"_blank\" title=\"\" onclick=\"\" rel=\"noopener\">\n\t\tSpletni pregledovalnik in oddaja pripomb na izvedbeni del\t<\/a>\n<\/div>\n<\/div><\/div><\/div><\/div><\/div><\/div><\/div><\/section><section id=\"relazione-ambientale\" class=\"kc-elm kc-css-400233 kc_row\"><div class=\" container\"><div class=\"row\"><div class=\"kc-elm kc-css-246295 col-12 col-sm-12 column col-12 col-sm-12\"><div class=\"kc-col-container\">\n<div class=\"kc-elm kc-css-131070 kc-title-wrap \">\n\n\t<h3 class=\"kc_title\">Relazione ambientale<\/h3>\n<\/div>\n<div class=\"kc-elm kc-css-936760 kc_text_block\"><\/p>\n<ul>\n<li><a href=\"https:\/\/www.koper.si\/wp-content\/uploads\/2024\/05\/3711_por_okolj.pdf\" target=\"_blank\" rel=\"noopener\">Okoljsko poro\u010dilo<\/a>\n<ul>\n<li><a href=\"https:\/\/www.koper.si\/wp-content\/uploads\/2024\/05\/3721_por_okolj_aneks.pdf\" target=\"_blank\" rel=\"noopener\">Aneks k okoljskemu poro\u010dilu<\/a><\/li>\n<\/ul>\n<\/li>\n<li><a href=\"https:\/\/www.koper.si\/wp-content\/uploads\/2024\/05\/3711_por_okolj_povzetek.pdf\" target=\"_blank\" rel=\"noopener\">Okoljsko poro\u010dilo (povzetek)<\/a><\/li>\n<li><a href=\"https:\/\/www.koper.si\/wp-content\/uploads\/2024\/05\/3712_por_okolj_dodatek_varovana_obm.pdf\" target=\"_blank\" rel=\"noopener\">Dodatek za presojo sprejemljivosti vplivov izvedbe plana OPN na varovana obmo\u010dja<\/a>\n<ul>\n<li><a href=\"https:\/\/www.koper.si\/wp-content\/uploads\/2024\/05\/3722_por_okolj_aneks_dodatek_varovana_obm.pdf\" target=\"_blank\" rel=\"noopener\">Aneks k dodatku za presojo sprejemljivosti vplivov izvedbe plana OPN na varovana obmo\u010dja<\/a><\/li>\n<\/ul>\n<\/li>\n<li><a href=\"https:\/\/www.koper.si\/wp-content\/uploads\/2024\/05\/3712_por_okolj_dodatek_varovana_obm_varstveni_cilji.pdf\" target=\"_blank\" rel=\"noopener\">Izvle\u010dek iz PUN 2015-2020 za obravnavane vrste za Natura 2000 obmo\u010dja<\/a>\n<ul>\n<li><a href=\"https:\/\/www.koper.si\/wp-content\/uploads\/2024\/05\/3722_por_okolj_aneks_dodatek_varovana_obm_varstveni_cilji.pdf\" target=\"_blank\" rel=\"noopener\">Aneks k izvle\u010dku iz PUN 2015-2020 za obravnavane vrste za Natura 2000 obmo\u010dja<\/a><\/li>\n<\/ul>\n<\/li>\n<li><a href=\"https:\/\/www.koper.si\/wp-content\/uploads\/2024\/05\/3713_por_okolj_priloga_1_analiza_prvih_mnenj_nup.pdf\" target=\"_blank\" rel=\"noopener\">Priloga 1: Analiza prvih mnenj nosilcev urejanja prostora za okoljsko poro\u010dilo za OPN Mestne ob\u010dine Koper<\/a><\/li>\n<li><a href=\"https:\/\/www.koper.si\/wp-content\/uploads\/2024\/05\/3713_por_okolj_priloga_2_zavarovane_vrste.pdf\" target=\"_blank\" rel=\"noopener\">Priloga 2: Ogro\u017eene in zavarovane vrste na obmo\u010dju MO Koper<\/a><\/li>\n<li><a href=\"https:\/\/www.koper.si\/wp-content\/uploads\/2024\/05\/3713_por_okolj_priloga_3_seznam_enot_dediscine.pdf\" target=\"_blank\" rel=\"noopener\">Priloga 3: Seznam enot kulturne dedi\u0161\u010dine<\/a><\/li>\n<li><a href=\"https:\/\/www.koper.si\/wp-content\/uploads\/2024\/05\/3713_por_okolj_priloga_4_tabela_vrednotenja_po_eup_kd.xlsx\">Priloga 4: Vrednotenje vplivov na kulturno dedi\u0161\u010dino po EUP<\/a><\/li>\n<li><a href=\"https:\/\/www.koper.si\/wp-content\/uploads\/2024\/05\/3714_por_okolj_graficne_priloge.pdf\" target=\"_blank\" rel=\"noopener\">Priloga 5: Grafi\u010dne priloge<\/a> <em>(*velika pdf. datoteka, 105 Mb)<\/em><\/li>\n<\/ul>\n<p>\n<\/div><div class=\"kc-elm kc-css-763960 row\"><div class=\"kc-elm kc-css-587761 col-12 col-sm-12 column_inner col-12 col-sm-12\"><div class=\"kc_wrapper kc-col-inner-container\">\n<div class=\"kc-elm kc-css-69113\">\n\t<a class=\"kc_button btn btn-primary\" href=\"https:\/\/koper.gisportal.si\/web\/profile.aspx?id=Pripombe_odlok@Koper\" target=\"_blank\" title=\"\" onclick=\"\" rel=\"noopener\">\n\t\tOddaj pripombo na Okoljsko poro\u010dilo\t<\/a>\n<\/div>\n<\/div><\/div><\/div><\/div><\/div><\/div><\/div><\/section><section id=\"spremljajoce-gradivo-OLD\" class=\"kc-elm kc-css-378103 kc_row\"><div class=\" container\"><div class=\"row\"><div class=\"kc-elm kc-css-446229 col-12 col-sm-12 column col-12 col-sm-12\"><div class=\"kc-col-container\">\n<div class=\"kc-elm kc-css-890562 kc-title-wrap \">\n\n\t<h2 class=\"kc_title\">Spremljajo\u010de gradivo<\/h2>\n<\/div>\n<div class=\"kc-elm kc-css-871784 kc_text_block\"><\/p>\n<ul>\n<li><a href=\"https:\/\/www.koper.si\/wp-content\/uploads\/2024\/05\/31_izvl.pdf\" target=\"_blank\" rel=\"noopener\">Izvle\u010dek hierarhi\u010dno vi\u0161jega prostorskega akta<\/a><\/li>\n<li><a href=\"https:\/\/www.koper.si\/wp-content\/uploads\/2022\/02\/32_sta_pro.zip\" target=\"_blank\" rel=\"noopener\">Prikaz stanja prostora <\/a>(<em>*velika zip datoteka)<\/em><\/li>\n<li><a href=\"https:\/\/www.koper.si\/wp-content\/uploads\/2022\/02\/33_str_pod.zip\" target=\"_blank\" rel=\"noopener\">Strokovne podlage <\/a>(<em>*zelo velika zip datoteka, 500 Mb)<\/em><\/li>\n<li><a href=\"https:\/\/www.koper.si\/wp-content\/uploads\/2022\/02\/341_prva_mnenja_nup.zip\" target=\"_blank\" rel=\"noopener\">Mnenja nosilcev urejanja prostora<\/a><\/li>\n<li><a href=\"https:\/\/www.koper.si\/wp-content\/uploads\/2022\/02\/35_obr.pdf\" target=\"_blank\" rel=\"noopener\">Obrazlo\u017eitev in utemeljitev<\/a><\/li>\n<li><a href=\"https:\/\/www.koper.si\/wp-content\/uploads\/2022\/02\/36_pov_jav.pdf\" target=\"_blank\" rel=\"noopener\">Povzetek za javnost<\/a><\/li>\n<\/ul>\n<p>\n<\/div><\/div><\/div><\/div><\/div><\/section><section id=\"materiali-pertinenti\" class=\"kc-elm kc-css-467183 kc_row\"><div class=\" container\"><div class=\"row\"><div class=\"kc-elm kc-css-315400 col-12 col-sm-12 column col-12 col-sm-12\"><div class=\"kc-col-container\">\n<div class=\"kc-elm kc-css-513120 kc-title-wrap \">\n\n\t<h3 class=\"kc_title\">Materiali pertinenti<\/h3>\n<\/div>\n<div class=\"kc-elm kc-css-173340 kc_text_block\"><\/p>\n<ul>\n<li><a href=\"https:\/\/www.koper.si\/wp-content\/uploads\/2024\/05\/31_izvl.pdf\" target=\"_blank\" rel=\"noopener\">Izvle\u010dek hierarhi\u010dno vi\u0161jega prostorskega akta<\/a><\/li>\n<li><a href=\"https:\/\/www.koper.si\/wp-content\/uploads\/2024\/05\/32_sta_pro.zip\">Prikaz stanja prostora<\/a>(<em>*velika zip datoteka, 81 Mb)<\/em><\/li>\n<li><a href=\"https:\/\/www.koper.si\/wp-content\/uploads\/2024\/05\/33_str_pod.zip\" target=\"_blank\" rel=\"noopener\">Strokovne podlage<\/a> (<em>*zelo velika zip datoteka, 1,3 Gb)<\/em><\/li>\n<li><a href=\"https:\/\/www.koper.si\/wp-content\/uploads\/2024\/05\/34_sm_mn.zip\">Mnenja nosilcev urejanja prostora<\/a>\u00a0(<em>*zip datoteka, 24,4 Mb)<\/em><\/li>\n<li><a href=\"https:\/\/www.koper.si\/wp-content\/uploads\/2024\/05\/35_obr.zip\">Obrazlo\u017eitev in utemeljitev<\/a>\u00a0(<em>*zip datoteka, 24,2 Mb)<\/em><\/li>\n<li><a href=\"https:\/\/www.koper.si\/wp-content\/uploads\/2024\/05\/36_pov_jav.zip\">Povzetek za javnost<\/a>\u00a0(<em>*zip datoteka)<\/em><\/li>\n<\/ul>\n<p>\n<\/div><\/div><\/div><\/div><\/div><\/section><section id=\"zona-di-esclusione-di-terreni-edificabili\" class=\"kc-elm kc-css-382837 kc_row\"><div class=\" container\"><div class=\"row\"><div class=\"kc-elm kc-css-333861 col-12 col-sm-12 column col-12 col-sm-12\"><div class=\"kc-col-container\"><div class=\"kc-elm kc-css-873585 kc_text_block\"><\/p>\n<p><strong>Zona di esclusione di terreni edificabili<\/strong><\/p>\n<p>A seguito delle osservazioni ricevute durante il primo deposito e un\u2019attenta rivalutazione dell&#039;interesse pubblico e privato, i materiali oggetto del deposito includono anche le zone parzialmente modificate da cui sono stati esclusi alcuni terreni edificabili rispetto al primo deposito, ovvero le aree con superficie di terreni edificabili non utilizzati rispetto al piano regolatore attualmente in vigore. \u00c8 stato preparato un elenco di tutti i terreni della zona di esclusione, disponibile in forma stampata presso le sedi delle comunit\u00e0 locali. Tutte le zone di esclusione di terreni edificabili e tutte le altre modifiche apportate ai materiali del PRC rispetto al primo deposito nonch\u00e9 le modifiche nella destinazione d&#039;uso principale del suolo tra i materiali oggetto del secondo deposito e la destinazione d\u2019uso secondo il piano attualmente in vigore, possono essere visualizzate tramite il <a href=\"https:\/\/koper.gisportal.si\/web\/profile.aspx?id=Pripombe@Koper\" target=\"_blank\" rel=\"noopener\">visualizzatore online<\/a>.<\/p>\n<p>Elenco di terreni nella zona di esclusione di terreni edificabili:<\/p>\n<ul>\n<li><a href=\"https:\/\/www.koper.si\/wp-content\/uploads\/2024\/05\/SKUPNI-SEZNAM.pdf\" target=\"_blank\" rel=\"noopener\">Elenco<\/a><\/li>\n<\/ul>\n<p>\n<\/div><\/div><\/div><\/div><\/div><\/section><section id=\"dibattiti-pubblici\" class=\"kc-elm kc-css-537313 kc_row\"><div class=\" container\"><div class=\"row\"><div class=\"kc-elm kc-css-456169 col-12 col-sm-12 column col-12 col-sm-12\"><div class=\"kc-col-container\">\n<div class=\"kc-elm kc-css-42795 kc-title-wrap \">\n\n\t<h3 class=\"kc_title\">Dibattiti pubblici<\/h3>\n<\/div>\n<div class=\"kc-elm kc-css-164960 kc_text_block\"><\/p>\n<p>Durante il periodo del secondo deposito del PRC, il Comune citt\u00e0 di Capodistria organizzer\u00e0 <strong>due dibattiti pubblici<\/strong>:<\/p>\n<ul>\n<li>il primo dibattito pubblico avr\u00e0 luogo <strong>gioved\u00ec 6 giugno, alle ore 18:00, nella sala di S. Francesco<\/strong>,<\/li>\n<li>il secondo dibattito pubblico avr\u00e0 luogo <strong>marted\u00ec 11 giugno, alle ore 18:00, nella sala di S. Francesco<\/strong>.<\/li>\n<\/ul>\n<p>Entrambi i dibattiti tratteranno gli stessi argomenti.<\/p>\n<p>\n<\/div><\/div><\/div><\/div><\/div><\/section><section class=\"kc-elm kc-css-307896 kc_row\"><div class=\" container\"><div class=\"row\"><div class=\"kc-elm kc-css-56688 col-12 col-sm-12 column col-12 col-sm-12\"><div class=\"kc-col-container\"><div class=\"kc-elm kc-css-98124 kc_text_block\"><\/p>\n<p>\n<span data-contrast=\"auto\">Mestna ob\u010dina Koper je v \u010dasu javne razgrnitve OPN-ja izpeljala 15 javnih obravnav, seznam je objavljen spodaj.<\/span><\/p>\n<table style=\"width: 103.189%;\">\n<tbody>\n<tr>\n<td style=\"width: 21.7765%;\">Krajevne skupnosti<\/td>\n<td style=\"width: 26.361%;\">Kraj javne obravnave<\/td>\n<td style=\"width: 25.5014%;\">Datum javne obravnave<\/td>\n<td style=\"width: 28.9398%;\">Ura javne obravnave<\/td>\n<\/tr>\n<tr>\n<td style=\"width: 21.7765%;\">\n<p>Gra\u010di\u0161\u010de<\/p>\n<p>Gradin<\/td>\n<td style=\"width: 26.361%;\">Dvorana Gra\u010di\u0161\u010de<\/td>\n<td style=\"width: 25.5014%;\">\u010detrtek, 17. februar 2022<\/td>\n<td style=\"width: 28.9398%;\">17.00\u201319.00<\/td>\n<\/tr>\n<tr>\n<td style=\"width: 21.7765%;\">\u0160marje<\/td>\n<td style=\"width: 26.361%;\">Zadru\u017eni dom \u0160marje<\/td>\n<td style=\"width: 25.5014%;\">sreda, 2. marec 2022<\/td>\n<td style=\"width: 28.9398%;\">17.00\u201319.00<\/td>\n<\/tr>\n<tr>\n<td style=\"width: 21.7765%;\">\n<p>Vanganel<\/p>\n<p>\u0160kocjan<\/td>\n<td style=\"width: 26.361%;\">Zadru\u017eni dom Vanganel<\/td>\n<td style=\"width: 25.5014%;\">\u010detrtek, 3. marec 2022<\/td>\n<td style=\"width: 28.9398%;\">16.00\u201317.30<\/td>\n<\/tr>\n<tr>\n<td style=\"width: 21.7765%;\">\n<p>Bor\u0161t<\/p>\n<p>Marezige<\/td>\n<td style=\"width: 26.361%;\">Zadru\u017eni dom Marezige<\/td>\n<td style=\"width: 25.5014%;\">\u010detrtek, 3. marec 2022<\/td>\n<td style=\"width: 28.9398%;\">18.30\u201320.00<\/td>\n<\/tr>\n<tr>\n<td style=\"width: 21.7765%;\">Podgorje<\/td>\n<td style=\"width: 26.361%;\">Va\u0161ki dom Podgorje<\/td>\n<td style=\"width: 25.5014%;\">torek, 8. marec 2022<\/td>\n<td style=\"width: 28.9398%;\">17.00\u201319.00<\/td>\n<\/tr>\n<tr>\n<td style=\"width: 21.7765%;\">Rakitovec<\/td>\n<td style=\"width: 26.361%;\">Va\u0161ki dom Rakitovec<\/td>\n<td style=\"width: 25.5014%;\">sreda, 9. marec 2022<\/td>\n<td style=\"width: 28.9398%;\">18.00\u201319.30<\/td>\n<\/tr>\n<tr>\n<td style=\"width: 21.7765%;\">Zazid<\/td>\n<td style=\"width: 26.361%;\">Va\u0161ki dom Zazid<\/td>\n<td style=\"width: 25.5014%;\">torek, 15. marec 2022<\/td>\n<td style=\"width: 28.9398%;\">17.00\u201319.00<\/td>\n<\/tr>\n<tr>\n<td style=\"width: 21.7765%;\">Dekani<\/td>\n<td style=\"width: 26.361%;\">Zadru\u017eni dom Dekani<\/td>\n<td style=\"width: 25.5014%;\">sreda, 16. marec 2022<\/td>\n<td style=\"width: 28.9398%;\">17.00\u201319.00<\/td>\n<\/tr>\n<tr>\n<td style=\"width: 21.7765%;\">\u010crni Kal<\/td>\n<td style=\"width: 26.361%;\">Gasilski dom Dol pri Hrastovljah<\/td>\n<td style=\"width: 25.5014%;\">\u010detrtek, 17. marec 2022<\/td>\n<td style=\"width: 28.9398%;\">17.00\u201319.00<\/td>\n<\/tr>\n<tr>\n<td style=\"width: 21.7765%;\">Bertoki<\/td>\n<td style=\"width: 26.361%;\">Zadru\u017eni dom Bertoki<\/td>\n<td style=\"width: 25.5014%;\">sreda, 23. marec 2022<\/td>\n<td style=\"width: 28.9398%;\">17.00\u201319.00<\/td>\n<\/tr>\n<tr>\n<td style=\"width: 21.7765%;\" rowspan=\"2\">\n<p>Koper center<\/p>\n<p>\u017dusterna<\/p>\n<p>Semedela<\/p>\n<p>Za gradom<\/p>\n<p>Olmo &#8211; Prisoje<\/td>\n<td style=\"width: 26.361%;\" rowspan=\"2\">Dvorana sv. Fran\u010di\u0161ek<\/td>\n<td style=\"width: 25.5014%;\">\u010detrtek, 24. marec 2022<\/td>\n<td style=\"width: 28.9398%;\">18.00\u201320.00<\/td>\n<\/tr>\n<tr>\n<td style=\"width: 25.5014%;\">ponedeljek, 28. marec 2022<\/td>\n<td style=\"width: 28.9398%;\">17.00\u201319.00<\/td>\n<\/tr>\n<tr>\n<td style=\"width: 21.7765%;\">Hrvatini<\/td>\n<td style=\"width: 26.361%;\">Kulturni dom Bo\u017ei\u010di<\/td>\n<td style=\"width: 25.5014%;\">torek, 29. marec 2022<\/td>\n<td style=\"width: 28.9398%;\">16.00\u201317.30<\/td>\n<\/tr>\n<tr>\n<td style=\"width: 21.7765%;\">\u0160kofije<\/td>\n<td style=\"width: 26.361%;\">\u0160portna dvorana Burja<\/td>\n<td style=\"width: 25.5014%;\">torek, 29. marec 2022<\/td>\n<td style=\"width: 28.9398%;\">18.30\u201320.00<\/td>\n<\/tr>\n<tr>\n<td style=\"width: 21.7765%;\">\n<p>Pobegi &#8211; \u010ce\u017earji<\/p>\n<p>Sv. Anton<\/p>\n<\/td>\n<td style=\"width: 26.361%;\">Zadru\u017eni dom Sv. Anton<\/td>\n<td style=\"width: 25.5014%;\">sreda, 30. marec 2022<\/td>\n<td style=\"width: 28.9398%;\">17.00\u201319.00<\/td>\n<\/tr>\n<\/tbody>\n<\/table>\n<p>\n<\/div>\n<div class=\"kc-elm kc-css-305507 kc-title-wrap \">\n\n\t<h2 class=\"kc_title\">Zapisniki javnih obravnav<\/h2>\n<\/div>\n<div class=\"kc-elm kc-css-195381 kc_text_block\"><\/p>\n<ul>\n<li><a href=\"https:\/\/www.koper.si\/wp-content\/uploads\/2024\/02\/ZAPISNIKI-JO-DOP-OSN-OPN-MOK.zip\" target=\"_blank\" rel=\"noopener\">Zapisniki javnih obravnav<\/a><\/li>\n<\/ul>\n<p>\n<\/div><\/div><\/div><\/div><\/div><\/section><section id=\"prima-del-secondo-deposito\" class=\"kc-elm kc-css-124125 kc_row\"><div class=\" container\"><div class=\"row\"><div class=\"kc-elm kc-css-547788 col-12 col-sm-12 column col-12 col-sm-12\"><div class=\"kc-col-container\"><div class=\"kc-elm kc-css-719461 kc_text_block\"><\/p>\n<p><strong>Prima del secondo deposito<\/strong><\/p>\n<p>Prima del secondo deposito della bozza integrata del PRC, i membri del Consiglio comunale del CCC e i membri dei Consigli delle Comunit\u00e0 locali sono stati informati sulle principali modifiche sostanziali della bozza integrata e sulle fasi successive verso l&#039;adozione del PRC. Le presentazioni si sono tenute mercoled\u00ec 15 maggio e marted\u00ec 21 maggio 2024. Lo scopo delle riunioni informative preliminari era quello di informare i partecipanti sui temi chiave e quindi aiutarli a comprendere lo scopo e le possibilit\u00e0 di partecipazione all&#039;imminente deposito del PRC esposto in libera visione del pubblico e ai dibattiti pubblici.<\/p>\n<p>Rapporto della riunione informativa dei membri del Consiglio della CC:<\/p>\n<ul>\n<li><a href=\"https:\/\/www.koper.si\/wp-content\/uploads\/2024\/05\/porocilo-ppt_20240521.pdf\" target=\"_blank\" rel=\"noopener\">Rapporto<\/a><\/li>\n<\/ul>\n<p>\n<\/div><\/div><\/div><\/div><\/div><\/section><\/p>\n","protected":false},"excerpt":{"rendered":"","protected":false},"author":6,"featured_media":0,"parent":80710,"menu_order":186,"comment_status":"closed","ping_status":"closed","template":"","meta":{"_acf_changed":false,"inline_featured_image":false,"footnotes":""},"class_list":["post-106100","page","type-page","status-publish","hentry"],"acf":[],"_links":{"self":[{"href":"https:\/\/www.koper.si\/it\/wp-json\/wp\/v2\/pages\/106100","targetHints":{"allow":["GET"]}}],"collection":[{"href":"https:\/\/www.koper.si\/it\/wp-json\/wp\/v2\/pages"}],"about":[{"href":"https:\/\/www.koper.si\/it\/wp-json\/wp\/v2\/types\/page"}],"author":[{"embeddable":true,"href":"https:\/\/www.koper.si\/it\/wp-json\/wp\/v2\/users\/6"}],"replies":[{"embeddable":true,"href":"https:\/\/www.koper.si\/it\/wp-json\/wp\/v2\/comments?post=106100"}],"version-history":[{"count":10,"href":"https:\/\/www.koper.si\/it\/wp-json\/wp\/v2\/pages\/106100\/revisions"}],"predecessor-version":[{"id":106114,"href":"https:\/\/www.koper.si\/it\/wp-json\/wp\/v2\/pages\/106100\/revisions\/106114"}],"up":[{"embeddable":true,"href":"https:\/\/www.koper.si\/it\/wp-json\/wp\/v2\/pages\/80710"}],"wp:attachment":[{"href":"https:\/\/www.koper.si\/it\/wp-json\/wp\/v2\/media?parent=106100"}],"curies":[{"name":"wp","href":"https:\/\/api.w.org\/{rel}","templated":true}]}}