{"id":116624,"date":"2026-09-04T15:25:16","date_gmt":"2026-09-04T13:25:16","guid":{"rendered":"https:\/\/www.koper.si\/?page_id=116624"},"modified":"2026-09-04T15:28:39","modified_gmt":"2026-09-04T13:28:39","slug":"elezioni-amministrative-2026","status":"publish","type":"page","link":"https:\/\/www.koper.si\/it\/comune\/elezioni\/elezioni-amministrative-2026\/","title":{"rendered":"Elezioni amministrative 2026"},"content":{"rendered":"<p><section class=\"kc-elm kc-css-828476 kc_row\"><div class=\" container\"><div class=\"row\"><div class=\"kc-elm kc-css-528772 col-12 col-sm-12 column col-12 col-sm-12\"><div class=\"kc-col-container\"><div class=\"kc-elm kc-css-399777 kc_text_block\"><\/p>\n<p>La <strong>Commissione elettorale comunale <\/strong>e dalla <strong>Commissione elettorale comunale particolare<\/strong> gestiscono ed eseguono le elezioni al Consiglio comunale. La Commissione elettorale comunale particolare gestisce le elezioni dei membri del Consiglio comunale &#8211; rappresentanti della comunit\u00e0 nazionale italiana.<\/p>\n<p>La Commissione elettorale comunale gestisce e svolge le elezioni a sindaco, come anche le elezioni ai Consigli delle comunit\u00e0 locali e il procedimento per l\u2019attuazione del referendum.<\/p>\n<p>La Commissione elettorale comunale svolge anche altre mansioni, stabilite dalla legge e dallo <a href=\"https:\/\/www.koper.si\/wp-content\/uploads\/2026\/09\/Statut-Mestne-obcine-Koper-NPB7.pdf\" target=\"_blank\" rel=\"noopener\">Statuto del Comune citt\u00e0 di Capodistria<\/a>.<\/p>\n<p>La composizione e le mansioni delle commissioni elettorali sono determinate dalla legge.\u00a0Le commissioni vengono nominate dal Consiglio comunale su proposta della Commissione per le questioni attinenti ai mandati, le elezioni e le nomine.<\/p>\n<p><strong>Le mansioni della commissione sono previste dall\u2019articolo 41 della <\/strong><a href=\"https:\/\/pisrs.si\/pregledPredpisa?id=ZAKO308\" target=\"_blank\" rel=\"noopener\"><strong>Legge sulle elezioni amministrative<\/strong><\/a><strong> <b>\u00a0(Gazzetta Ufficiale della RS n. 94\/07 \u2013 testo coordinato ufficiale, 45\/08, 83\/12, 68\/17 e 93\/20 \u2013 Sentenza della CC, 102\/24, 10\/26 e 1389\/26<\/b><\/strong><\/p>\n<ul>\n<li><span style=\"font-weight: 400;\">cura la legalit\u00e0 delle elezioni al Consiglio comunale;<\/span><\/li>\n<li><span style=\"font-weight: 400;\">convalida le singole candidature ovv. liste di candidati e forma le liste di candidati ovv. gli elenchi di candidati;<\/span><\/li>\n<li><span style=\"font-weight: 400;\">determina i seggi;<\/span><\/li>\n<li><span style=\"font-weight: 400;\">nomina i comitati elettorali;<\/span><\/li>\n<li><span style=\"font-weight: 400;\">delibera in merito ai ricorsi ai sensi degli articoli 96 e 98 della Legge sulle elezioni amministrative;\u00a0<\/span><\/li>\n<li><span style=\"font-weight: 400;\">approva l\u2019atto sull\u2019esito delle elezioni;<\/span><\/li>\n<li><span style=\"font-weight: 400;\">gestisce l\u2019elenco dei membri proposti dei comitati elettorali e l\u2019elenco delle candidature ovv. delle liste dei candidati;<\/span><\/li>\n<li><span style=\"font-weight: 400;\">esegue e gestisce il lavoro tecnico relativo alle elezioni;<\/span><\/li>\n<li><span style=\"font-weight: 400;\">svolge altre mansioni previste dalla Legge sulle elezioni amministrative.<\/span><\/li>\n<\/ul>\n<p>La commissione deve svolgere il proprio incarico in modo accurato e responsabile, deve attuare solamente ai sensi della legge e delle altre disposizioni quale organo indipendente. La commissione ha un segretario, nominato su proposta dell\u2019amministrazione comunale.<\/p>\n<p><span style=\"font-weight: 400;\">L\u2019indirizzo di posta elettronica della Commissione elettorale comunale e della Commissione elettorale comunale particolare \u00e8 <\/span><a href=\"mailto:volitve2026@koper.si\"><span style=\"font-weight: 400;\">volitve2026@koper.si<\/span><\/a><span style=\"font-weight: 400;\">.<\/span><\/p>\n<p><span style=\"font-weight: 400;\">Segretario della Commissione elettorale comunale: Jure Pograjc, tel. <\/span><span style=\"font-weight: 400;\">051 433 142<\/span><span style=\"font-weight: 400;\">.<\/span><\/p>\n<p><span style=\"font-weight: 400;\">Sostituto del segretario della Commissione elettorale comunale: Alan \u017diberna.<\/span><\/p>\n<p><span style=\"font-weight: 400;\">Segretario della Commissione elettorale comunale particolare: David Gaji\u0107, tel. <\/span><span style=\"font-weight: 400;\">051 433 141<\/span><span style=\"font-weight: 400;\">.<\/span><\/p>\n<p><span style=\"font-weight: 400;\">Sostituto del segretario della Commissione elettorale comunale particolare: Anu\u0161ka \u0160uber.<\/span><\/p>\n<ul>\n<li><a href=\"https:\/\/www.koper.si\/wp-content\/uploads\/2026\/09\/Sklep_o_imenovanju_OVK_Mestne_obcine_Koper_za-objavo.pdf\" target=\"_blank\" rel=\"noopener\">Delibera sulla nomina della Commissione elettorale comunale<\/a><\/li>\n<li><a href=\"https:\/\/www.koper.si\/wp-content\/uploads\/2026\/09\/13-Sklep-imenovanje-POVK-sprejet-slo-ita.pdf\" target=\"_blank\" rel=\"noopener\">Delibera sulla nomina della Commissione elettorale comunale particolare<\/a><\/li>\n<\/ul>\n<p>\n<\/div><\/div><\/div><\/div><\/div><\/section><section id=\"naknadne-volitve-clanov-sveta-ks\" class=\"kc-elm kc-css-259400 kc_row\"><div class=\" container\"><div class=\"row\"><div class=\"kc-elm kc-css-629924 col-12 col-sm-12 column col-12 col-sm-12\"><div class=\"kc-col-container\">\n<div class=\"kc-elm kc-css-316110 kc-title-wrap \">\n\n\t<h2 class=\"kc_title\">Elezioni supplementari dei membri dei Consigli delle Comunit\u00e0 locali<\/h2>\n<\/div>\n<div class=\"kc-elm kc-css-577256 kc_text_block\"><\/p>\n<p>Ai sensi dell\u2019articolo 92 della Legge sulle elezioni amministrative locali (Gazzetta ufficiale della RS, n. 94\/07 \u2013 UPB3, 45\/08, 83\/12, 68\/17 e 93\/20 &#8211; Sentenza della Corte Costituzionale), il 4.11.2022 la Commissione elettorale comunale del Comune citt\u00e0 di Capodistria ha indetto le elezioni supplementari dei membri dei Consigli delle Comunit\u00e0 locali nel Comune citt\u00e0 di Capodistria.<\/p>\n<p>Le candidature per le elezioni supplementari possono essere presentate entro <strong>marted\u00ec 15 novembre 2022, fino alle ore 16:00<\/strong>, presso la Commissione elettorale del Comune Citt\u00e0 di Capodistria in Via Verdi 10, Capodistria.<\/p>\n<ul>\n<li><a href=\"https:\/\/www.koper.si\/wp-content\/uploads\/2022\/11\/Razpis-naknadnih-volitev-za-clane-svetov-krajevnih-skupnosti.pdf\" target=\"_blank\" rel=\"noopener\">Indizione delle elezioni supplementari dei membri dei Consigli delle Comunit\u00e0 locali<\/a><\/li>\n<\/ul>\n<p>\n<\/div><\/div><\/div><\/div><\/div><\/section><section id=\"obrazci-za-naknadne-volitve\" class=\"kc-elm kc-css-554739 kc_row\"><div class=\" container\"><div class=\"row\"><div class=\"kc-elm kc-css-670355 col-12 col-sm-12 column col-12 col-sm-12\"><div class=\"kc-col-container\">\n<div class=\"kc-elm kc-css-228627 kc-title-wrap \">\n\n\t<h2 class=\"kc_title\">Modulistica relativa alle elezioni supplementari<\/h2>\n<\/div>\n<div class=\"kc-elm kc-css-669871 kc_text_block\"><\/p>\n<p>Kandidatura za volitve \u010dlanov sveta krajevne skupnosti, ki jo vlo\u017ei skupina volivcev \/ Candidatura per le elezioni dei membri del consiglio della Comunit\u00e0 locale, inoltrata da parte di un gruppo di elettori:<\/p>\n<ul>\n<li><a href=\"https:\/\/www.koper.si\/wp-content\/uploads\/2022\/11\/1.-OBR_LV-6_kandidatura_svet_KS_Crni-Kal.pdf\" target=\"_blank\" rel=\"noopener\">1. OBR_LV-6_kandidatura_svet_KS_Crni Kal<\/a><\/li>\n<li><a href=\"https:\/\/www.koper.si\/wp-content\/uploads\/2022\/11\/1.-OBR_LV-6_kandidatura_svet_KS_Dekani.pdf\" target=\"_blank\" rel=\"noopener\">1. OBR_LV-6_kandidatura_svet_KS_Dekani<\/a><\/li>\n<li><a href=\"https:\/\/www.koper.si\/wp-content\/uploads\/2022\/11\/1.-OBR_LV-6_kandidatura_svet_KS_Gracisce.pdf\" target=\"_blank\" rel=\"noopener\">1. OBR_LV-6_kandidatura_svet_KS_Gracisce<\/a><\/li>\n<li><a href=\"https:\/\/www.koper.si\/wp-content\/uploads\/2022\/11\/1.-OBR_LV-6_kandidatura_svet_KS_Olmo-Prisoje_SLO-IT.pdf\" target=\"_blank\" rel=\"noopener\">1. OBR_LV-6_kandidatura_svet_KS_Olmo-Prisoje_SLO-IT<\/a><\/li>\n<li><a href=\"https:\/\/www.koper.si\/wp-content\/uploads\/2022\/11\/1.-OBR_LV-6_kandidatura_svet_KS_Pobegi-Cezarji.pdf\" target=\"_blank\" rel=\"noopener\">1. OBR_LV-6_kandidatura_svet_KS_Pobegi-Cezarji<\/a><\/li>\n<li><a href=\"https:\/\/www.koper.si\/wp-content\/uploads\/2022\/11\/1.-OBR_LV-6_kandidatura_svet_KS_Skocjan-San-Canziano_SLO-IT.pdf\" target=\"_blank\" rel=\"noopener\">1. OBR_LV-6_kandidatura_svet_KS_Skocjan-San Canziano_SLO-IT<\/a><\/li>\n<li><a href=\"https:\/\/www.koper.si\/wp-content\/uploads\/2022\/11\/1.-OBR_LV-6_kandidatura_svet_KS_Sveti-Anton.pdf\" target=\"_blank\" rel=\"noopener\">1. OBR_LV-6_kandidatura_svet_KS_Sveti Anton<\/a><\/li>\n<li><a href=\"https:\/\/www.koper.si\/wp-content\/uploads\/2022\/11\/1.-OBR_LV-6_kandidatura_svet_KS_Vanganel.pdf\" target=\"_blank\" rel=\"noopener\">1. OBR_LV-6_kandidatura_svet_KS_Vanganel<\/a><\/li>\n<li><a href=\"https:\/\/www.koper.si\/wp-content\/uploads\/2022\/11\/1.-OBR_LV-6_kandidatura_svet_KS_Za-gradom-Al-castelletto_SLO-IT.pdf\" target=\"_blank\" rel=\"noopener\">1. OBR_LV-6_kandidatura_svet_KS_Za gradom-Al castelletto_SLO-IT<\/a><\/li>\n<li><a href=\"https:\/\/www.koper.si\/wp-content\/uploads\/2022\/11\/2.-Obrazec-LV-8-\u2013-Soglasje-h-kandidaturi-SLO.pdf\" target=\"_blank\" rel=\"noopener\">2. Obrazec LV-8 \u2013 Soglasje h kandidaturi \u2013 SLO<\/a><\/li>\n<li><a href=\"https:\/\/www.koper.si\/wp-content\/uploads\/2022\/11\/2.1-Obrazec-LV-8-\u2013-Soglasje-h-kandidaturi-Consenso-alla-candidatura-IT.pdf\" target=\"_blank\" rel=\"noopener\">2.1 Obrazec LV-8 \u2013 Soglasje h kandidaturi \u2013 Consenso alla candidatura &#8211; IT<\/a><\/li>\n<\/ul>\n<p>\n<\/div><div class=\"kc-elm kc-css-440403 kc_text_block\"><\/p>\n<p>Kandidatura za volitve \u010dlanov sveta krajevne skupnosti, ki jo vlo\u017ei politi\u010dna stranka \/ Candidatura per le elezioni dei membri del consiglio della Comunit\u00e0 locale, inoltrata da parte di un partito politico:<\/p>\n<ul>\n<li><a href=\"https:\/\/www.koper.si\/wp-content\/uploads\/2022\/11\/1.-Obrazec-Kandidatura-za-svet-KS-kandidatura-s-podporo-politicne-stranke.docx\">1. Obrazec \u2013 Kandidatura za svet KS \u2013 kandidatura s podporo politicne stranke<\/a><\/li>\n<li><a href=\"https:\/\/www.koper.si\/wp-content\/uploads\/2022\/11\/2.-Obrazec-LV-8-\u2013-Soglasje-h-kandidaturi-SLO-1.pdf\" target=\"_blank\" rel=\"noopener\">2. Obrazec LV-8 \u2013 Soglasje h kandidaturi \u2013 SLO<\/a><\/li>\n<li><a href=\"https:\/\/www.koper.si\/wp-content\/uploads\/2022\/11\/2.1-Obrazec-LV-8-\u2013-Soglasje-h-kandidaturi-Consenso-alla-candidatura-IT-1.pdf\" target=\"_blank\" rel=\"noopener\">2.1 Obrazec LV-8 \u2013 Soglasje h kandidaturi \u2013 Consenso alla candidatura &#8211; IT<\/a><\/li>\n<li><a href=\"https:\/\/www.koper.si\/wp-content\/uploads\/2022\/11\/3.-Obrazec-Zapisnik-politicna-stranka-svet-KS.docx\">3. Obrazec \u2013 Zapisnik politicna stranka \u2013 svet KS <\/a><\/li>\n<li><a href=\"https:\/\/www.koper.si\/wp-content\/uploads\/2022\/11\/4.-Obrazec-LV-12-Seznam-politicna-stranka-svet-KS.docx\">4. Obrazec LV-12 \u2013 Seznam politicna stranka \u2013 svet KS <\/a><\/li>\n<\/ul>\n<p>\n<\/div><\/div><\/div><\/div><\/div><\/section><section id=\"seznam-potrjenih-kandidatur\" class=\"kc-elm kc-css-291023 kc_row\"><div class=\" container\"><div class=\"row\"><div class=\"kc-elm kc-css-95298 col-12 col-sm-12 column col-12 col-sm-12\"><div class=\"kc-col-container\">\n<div class=\"kc-elm kc-css-343930 kc-title-wrap \">\n\n\t<h2 class=\"kc_title\">Elenco dei candidati approvati<\/h2>\n<\/div>\n<div class=\"kc-elm kc-css-570643 kc_text_block\"><\/p>\n<ul>\n<li><a href=\"https:\/\/www.koper.si\/wp-content\/uploads\/2022\/11\/01-Potrjene-kandidature_Z-in-OS.pdf\" target=\"_blank\" rel=\"noopener\">ELENCO DEI CANDIDATI APPROVATI PER LE ELEZIONI DEL SINDACO E DEL CONSIGLIO COMUNALE DEL COMUNE CITT\u00c0 DI CAPODISTRIA<\/a><\/li>\n<li><a href=\"https:\/\/www.koper.si\/wp-content\/uploads\/2022\/11\/02-Potrjene-kandidature_KS.pdf\" target=\"_blank\" rel=\"noopener\">ELENCO DEI CANDIDATI APPROVATI PER ELEZIONI DEI MEMBRI DEI CONSIGLI DELLE COMUNIT\u00c0 LOCALI PRESENTI NEL TERRITORIO DEL COMUNE CITT\u00c0 DI CAPODISTRIA <\/a><\/li>\n<li><a href=\"https:\/\/www.koper.si\/wp-content\/uploads\/2022\/11\/SEZNAM-POTRJENIH-KANDIDATOV-ZA-VOLITVE-CLANOV-OBCINSKEGA-SVETA_new.pdf\" target=\"_blank\" rel=\"noopener\">ELENCO DEI CANDIDATI APPROVATI PER LE ELEZIONI DEL CONSIGLIO COMUNALE DEL COMUNE CITT\u00c0 DI CAPODISTRIA, RAPPRESENTANTI DELLA COMUNIT\u00c0 NAZIONALE ITALIANA<\/a><\/li>\n<li><a href=\"https:\/\/www.koper.si\/wp-content\/uploads\/2022\/11\/04-Potrjene-kandidature_KS_ITA_2.pdf\" target=\"_blank\" rel=\"noopener\">ELENCO DEI CANDIDATI APPROVATI PER ELEZIONI DEI MEMBRI DEI CONSIGLI DELLE COMUNIT\u00c0 LOCALI PRESENTI NEL TERRITORIO DEL COMUNE CITT\u00c0 DI CAPODISTRIA, RAPPRESENTANTI DELLA COMUNIT\u00c0 NAZIONALE ITALIANA<\/a><\/li>\n<li><a href=\"https:\/\/www.koper.si\/wp-content\/uploads\/2022\/02\/SEZNAM-POTRJENIH-KANDIDATOV-ZA-VOLITVE-CLANOV-SVETA-SAMOUPRAVNE-SKUPNOSTI-ITALIJANSKE-NARODNOSTI-KOPER_17.11..pdf\" target=\"_blank\" rel=\"noopener\">ELENCO DEI CANDIDATI APPROVATI PER LE ELEZIONI DEI MEMBRI DEL CONSIGLIO DELLA COMUNIT\u00c0 AUTOGESTITA DELLA NAZIONALIT\u00c0 ITALIANA DI CAPODISTRIA<\/a><\/li>\n<\/ul>\n<p>\n<\/div><\/div><\/div><\/div><\/div><\/section><section id=\"zaupniki\" class=\"kc-elm kc-css-515615 kc_row\"><div class=\" container\"><div class=\"row\"><div class=\"kc-elm kc-css-595754 col-12 col-sm-12 column col-12 col-sm-12\"><div class=\"kc-col-container\">\n<div class=\"kc-elm kc-css-829430 kc-title-wrap \">\n\n\t<h2 class=\"kc_title\">Fiduciari<\/h2>\n<\/div>\n<div class=\"kc-elm kc-css-997640 kc_text_block\"><\/p>\n<ul>\n<li><a href=\"https:\/\/www.koper.si\/wp-content\/uploads\/2022\/11\/Avviso-ai-rappresentanti-dei-candidati-e-delle-liste-dei-candidati.pdf\" target=\"_blank\" rel=\"noopener\">Avviso ai rappresentanti dei candidati e delle liste dei candidati<\/a><\/li>\n<li><a href=\"https:\/\/www.koper.si\/wp-content\/uploads\/2022\/11\/Vloga-zaupnik-1.docx\">Modulo di notifica dei fiduciari<\/a><\/li>\n<\/ul>\n<p>\n<\/div><\/div><\/div><\/div><\/div><\/section><section id=\"posebne-oblike-glasovanja\" class=\"kc-elm kc-css-865129 kc_row\"><div class=\" container\"><div class=\"row\"><div class=\"kc-elm kc-css-164226 col-12 col-sm-12 column col-12 col-sm-12\"><div class=\"kc-col-container\">\n<div class=\"kc-elm kc-css-495007 kc-title-wrap \">\n\n\t<h2 class=\"kc_title\">Tipi di voto particolari<\/h2>\n<\/div>\n<div class=\"kc-elm kc-css-29491 kc_text_block\"><\/p>\n<ul>\n<li><a href=\"https:\/\/www.koper.si\/wp-content\/uploads\/2022\/10\/Posebne-oblike-glasovanja_ITA.pdf\" target=\"_blank\" rel=\"noopener\">Tipi di voto particolari (votazione anticipata, voto per corrispondenza, voto a domicilio)<\/a><\/li>\n<li><a href=\"https:\/\/www.koper.si\/wp-content\/uploads\/2022\/11\/Obrazec-glasovanje-na-domu-zase_IT.doc\" target=\"_blank\" rel=\"noopener\">Obrazec \u2013 glasovanje na domu (zase) &#8211; IT<\/a><\/li>\n<li><a href=\"https:\/\/www.koper.si\/wp-content\/uploads\/2022\/11\/Obrazec-glasovanje-na-domu-za-drugega_IT.doc\" target=\"_blank\" rel=\"noopener\">Obrazec \u2013 glasovanje na domu (za drugega) &#8211; IT<\/a><\/li>\n<li><a href=\"https:\/\/www.koper.si\/wp-content\/uploads\/2022\/11\/Obrazec-glasovanje-po-posti.ita_.doc\" target=\"_blank\" rel=\"noopener\">Obrazec \u2013 glasovanje po po\u0161ti &#8211; IT<\/a><\/li>\n<li><a href=\"https:\/\/www.koper.si\/wp-content\/uploads\/2022\/11\/Obrazec-glasovanje-invalidi_IT.doc\" target=\"_blank\" rel=\"noopener\">Obrazec \u2013 glasovanje invalidi &#8211; IT<\/a><\/li>\n<\/ul>\n<p>\n<\/div><\/div><\/div><\/div><\/div><\/section><section id=\"sklep-podpor\" class=\"kc-elm kc-css-198668 kc_row\"><div class=\" container\"><div class=\"row\"><div class=\"kc-elm kc-css-900808 col-12 col-sm-12 column col-12 col-sm-12\"><div class=\"kc-col-container\">\n<div class=\"kc-elm kc-css-246229 kc-title-wrap \">\n\n\t<h2 class=\"kc_title\">L\u2019atto di Delibera di accertamento sul numero di firme necessarie a sostegno della presentazione della candidatura a sindaco e per la candidatura ovv. lista di candidati a membri del Consiglio comunale<\/h2>\n<\/div>\n<div class=\"kc-elm kc-css-678759 kc_text_block\"><\/p>\n<p><a href=\"https:\/\/www.koper.si\/wp-content\/uploads\/2022\/09\/Sklep-o-stevilu-potrebnih-podpor-volivcev.pdf\" target=\"_blank\" rel=\"noopener\">Delibera sul numero di firme a sostegno<\/a><\/p>\n<p>\n<\/div><\/div><\/div><\/div><\/div><\/section><section id=\"sklep-podpor-ita\" class=\"kc-elm kc-css-94924 kc_row\"><div class=\" container\"><div class=\"row\"><div class=\"kc-elm kc-css-318829 col-12 col-sm-12 column col-12 col-sm-12\"><div class=\"kc-col-container\">\n<div class=\"kc-elm kc-css-359659 kc-title-wrap \">\n\n\t<h2 class=\"kc_title\">Delibera di accertamento sul numero di firme necessarie a sostegno delle candidature per i rappresentanti della comunit\u00e0 nazionale italiana nel Consiglio comunale e il Consiglio della Comunit\u00e0 autogestita della nazionalit\u00e0 italiana<\/h2>\n<\/div>\n<div class=\"kc-elm kc-css-856284 kc_text_block\"><\/p>\n<p><a href=\"https:\/\/www.koper.si\/wp-content\/uploads\/2022\/09\/Sklep-o-stevilu-potrebnih-podpor-volivcev-SLO-IT.pdf\" target=\"_blank\" rel=\"noopener\">Delibera sul numero necessario di firme degli elettori<\/a><\/p>\n<p>\n<\/div><\/div><\/div><\/div><\/div><\/section><section id=\"sklep-volisca\" class=\"kc-elm kc-css-513056 kc_row\"><div class=\" container\"><div class=\"row\"><div class=\"kc-elm kc-css-91406 col-12 col-sm-12 column col-12 col-sm-12\"><div class=\"kc-col-container\">\n<div class=\"kc-elm kc-css-99882 kc-title-wrap \">\n\n\t<h2 class=\"kc_title\">Delibera sulla determinazione dei seggi e delle rispettive sedi<\/h2>\n<\/div>\n<div class=\"kc-elm kc-css-182103 kc_text_block\"><\/p>\n<p><span style=\"font-weight: 400;\">La Commissione elettorale comunale del Comune citt\u00e0 di Capodistria e la Commissione elettorale comunale particolare del Comune citt\u00e0 di Capodistria, riunitesi alla seduta in data 3 settembre 2026, hanno approvato la <\/span><i><span style=\"font-weight: 400;\">Delibera sulla determinazione dei seggi e delle rispettive sedi.<\/span><\/i><\/p>\n<p><a href=\"https:\/\/www.koper.si\/wp-content\/uploads\/2026\/09\/Sklep-o-dolocitvi-volisc-in-njihovih-sedezev_SLO-IT.pdf\" target=\"_blank\" rel=\"noopener\">Delibera sulla determinazione dei seggi e delle rispettive sedi SLO-IT<\/a><\/p>\n<p>\n<\/div><\/div><\/div><\/div><\/div><\/section><section id=\"sklep-prostori-volisca\" class=\"kc-elm kc-css-529123 kc_row\"><div class=\" container\"><div class=\"row\"><div class=\"kc-elm kc-css-224006 col-12 col-sm-12 column col-12 col-sm-12\"><div class=\"kc-col-container\">\n<div class=\"kc-elm kc-css-320298 kc-title-wrap \">\n\n\t<h2 class=\"kc_title\">Delibera sulla determinazione delle spese di utilizzo dei locali per i seggi<\/h2>\n<\/div>\n<div class=\"kc-elm kc-css-107785 kc_text_block\"><\/p>\n<p><span id=\"docs-internal-guid-ee27ec12-7fff-35da-9fb1-ba6162b092af\"><span style=\"font-size: 11.5pt; font-family: Arial, sans-serif; color: #3a3a3c; background-color: transparent; font-variant: normal; vertical-align: baseline; white-space: pre-wrap;\">La Commissione elettorale comunale del Comune citt\u00e0 di Capodistria e la Commissione elettorale comunale particolare del Comune citt\u00e0 di Capodistria, riunitesi alla seduta in data 3 settembre 2026, hanno approvato la <\/span><span style=\"font-size: 11.5pt; font-family: Arial, sans-serif; color: #3a3a3c; background-color: transparent; font-style: italic; font-variant: normal; vertical-align: baseline; white-space: pre-wrap;\">Delibera sulla determinazione delle spese di utilizzo dei locali per i seggi.<\/span><\/span><\/p>\n<p><a href=\"https:\/\/www.koper.si\/wp-content\/uploads\/2026\/09\/Sklep-o-dolocitvi-stroskov-za-uporabo-prostorov_SLO-IT.pdf\" target=\"_blank\" rel=\"noopener\">Delibera sulla determinazione delle spese di utilizzo dei locali per i seggi<\/a><\/p>\n<p>\n<\/div><\/div><\/div><\/div><\/div><\/section><section id=\"sklep-clani\" class=\"kc-elm kc-css-410327 kc_row\"><div class=\" container\"><div class=\"row\"><div class=\"kc-elm kc-css-894283 col-12 col-sm-12 column col-12 col-sm-12\"><div class=\"kc-col-container\">\n<div class=\"kc-elm kc-css-982815 kc-title-wrap \">\n\n\t<h2 class=\"kc_title\">Delibera sulla determinazione dei membri dei comitati elettorali ai seggi<\/h2>\n<\/div>\n<div class=\"kc-elm kc-css-888056 kc_text_block\"><\/p>\n<p><span style=\"font-weight: 400;\">La Commissione elettorale comunale del Comune citt\u00e0 di Capodistria e la Commissione elettorale comunale particolare del Comune citt\u00e0 di Capodistria, riunitesi alla seduta in data 3 settembre 2026, hanno approvato la <\/span><i><span style=\"font-weight: 400;\">Delibera sulla determinazione del numero dei membri dei comitati elettorali ai seggi nel Comune citt\u00e0 di Capodistria.<\/span><\/i><\/p>\n<p><a href=\"https:\/\/www.koper.si\/wp-content\/uploads\/2026\/09\/Sklep-o-dolocitvi-clanov-volilnih-odborov-na-voliscih_SLO-IT.pdf\" target=\"_blank\" rel=\"noopener\">Delibera sulla determinazione dei membri dei comitati elettorali ai seggi<\/a><\/p>\n<p>\n<\/div><\/div><\/div><\/div><\/div><\/section><section id=\"sklep-zreb\" class=\"kc-elm kc-css-168680 kc_row\"><div class=\" container\"><div class=\"row\"><div class=\"kc-elm kc-css-710955 col-12 col-sm-12 column col-12 col-sm-12\"><div class=\"kc-col-container\">\n<div class=\"kc-elm kc-css-707731 kc-title-wrap \">\n\n\t<h2 class=\"kc_title\">Delibera sulla modalit\u00e0 di attuazione del sorteggio alle elezioni amministrative nel Comune citt\u00e0 di Capodistria<\/h2>\n<\/div>\n<div class=\"kc-elm kc-css-682678 kc_text_block\"><\/p>\n<p><span style=\"font-weight: 400;\">La Commissione elettorale comunale del Comune citt\u00e0 di Capodistria, riunitesi alla seduta in data 3 settembre 2026, hanno approvato la <\/span><i><span style=\"font-weight: 400;\">Delibera sulla modalit\u00e0 di attuazione del sorteggio alle elezioni amministrative nel Comune citt\u00e0 di Capodistria.<\/span><\/i><\/p>\n<p><a href=\"https:\/\/www.koper.si\/wp-content\/uploads\/2026\/09\/Sklep-o-nacinu-izvedbe-zreba-na-lokalnih-volitvah.pdf\" target=\"_blank\" rel=\"noopener\">Delibera sulla modalit\u00e0 di esecuzione del sorteggio alle elezioni amministrative nel Comune citt\u00e0 di Capodistria<\/a><\/p>\n<p>\n<\/div><\/div><\/div><\/div><\/div><\/section><section id=\"predpisi\" class=\"kc-elm kc-css-385146 kc_row\"><div class=\" container\"><div class=\"row\"><div class=\"kc-elm kc-css-109164 col-12 col-sm-12 column col-12 col-sm-12\"><div class=\"kc-col-container\">\n<div class=\"kc-elm kc-css-612976 kc-title-wrap \">\n\n\t<h2 class=\"kc_title\">Legislazione<\/h2>\n<\/div>\n<div class=\"kc-elm kc-css-876434 kc_text_block\"><\/p>\n<ul>\n<li style=\"font-weight: 400;\" aria-level=\"1\"><a href=\"http:\/\/www.pisrs.si\/Pis.web\/pregledPredpisa?id=ZAKO308\" target=\"_blank\" rel=\"noopener\"><span style=\"font-weight: 400;\">Legge sulle elezioni amministrative<\/span><\/a><span style=\"font-weight: 400;\">\u00a0(Gazzetta Ufficiale della RS nn. 94\/07 \u2013 testo coordinato ufficiale, 45\/08, 83\/12, 68\/17 e 93\/20 \u2013 Sentenza della CC, 102\/24. 10\/26 e 1389\/26)<\/span><\/li>\n<li style=\"font-weight: 400;\" aria-level=\"1\"><a href=\"http:\/\/www.pisrs.si\/Pis.web\/pregledPredpisa?id=ZAKO185\" target=\"_blank\" rel=\"noopener\"><span style=\"font-weight: 400;\">Legge sulle elezioni alla Camera di Stato<\/span><\/a><span style=\"font-weight: 400;\">\u00a0(Gazzetta Ufficiale della RS nn. 109\/06 \u2013 testo consolidato ufficiale, 54\/07 \u2013 Sentenza della CC, 23\/17, 29\/21 e 12\/24)<\/span><\/li>\n<li style=\"font-weight: 400;\" aria-level=\"1\"><a href=\"http:\/\/www.pisrs.si\/Pis.web\/pregledPredpisa?id=ZAKO4749\" target=\"_blank\" rel=\"noopener\"><span style=\"font-weight: 400;\">Legge sulla campagna elettorale e referendaria<\/span><\/a><span style=\"font-weight: 400;\">\u00a0(Gazzetta Ufficiale della RS nn. 41\/07, 103\/07 \u2013 Sigla: ZPolS-D, 11\/11, 28\/11 \u2013 Sentenza della CC e 98\/13)<\/span><\/li>\n<li style=\"font-weight: 400;\" aria-level=\"1\"><a href=\"http:\/\/www.pisrs.si\/Pis.web\/pregledPredpisa?id=ZAKO6607\" target=\"_blank\" rel=\"noopener\"><span style=\"font-weight: 400;\">Legge sul registro degli aventi diritto al voto<\/span><\/a><span style=\"font-weight: 400;\">\u00a0(Gazzetta Ufficiale della RS nn. 98\/13 e 12\/24 &#8211; Sigla: ZVDZ-E)<\/span><\/li>\n<li style=\"font-weight: 400;\" aria-level=\"1\"><span style=\"font-weight: 400;\"><a href=\"https:\/\/pisrs.si\/pregledPredpisa?id=ODLO3192\" target=\"_blank\" rel=\"noopener\">Decreto sull\u2019indizione delle elezioni ordinarie ai Consigli comunali ed elezioni ordinarie a Sindaco<\/a>\u00a0(Gazzetta Ufficiale della RS n. 1143\/26) <a tabindex=\"-1\" href=\"https:\/\/pisrs.si\/pregledPredpisa?id=ODLO3192\" target=\"_blank\" rel=\"noopener\">pisrs.si\/pregledPredpisa<\/a><\/span><\/li>\n<li style=\"font-weight: 400;\" aria-level=\"1\"><span style=\"font-weight: 400;\"><a href=\"https:\/\/pisrs.si\/pregledPredpisa?id=MP_SKLE50637\" target=\"_blank\" rel=\"noopener\">Delibera sull\u2019indizione delle elezioni ordinarie dei membri delle comunit\u00e0 locali nell\u2019area del Comune citt\u00e0 di Capodistria<\/a> (Gazzetta Ufficiale della RS n. 1212\/26)<\/span><\/li>\n<li style=\"font-weight: 400;\" aria-level=\"1\"><span style=\"font-weight: 400;\"><a href=\"https:\/\/pisrs.si\/pregledPredpisa?sop=2026-01-1992\" target=\"_blank\" rel=\"noopener\">Decreto sull\u2019indizione delle elezioni al Consiglio della Comunit\u00e0 autogestita della nazionalit\u00e0 italiana di Capodistria<\/a> (Gazzetta Ufficiale della RS n. 1322\/26)<\/span><\/li>\n<\/ul>\n<p>\n<\/div><\/div><\/div><\/div><\/div><\/section><section id=\"obrazci\" class=\"kc-elm kc-css-250271 kc_row\"><div class=\" container\"><div class=\"row\"><div class=\"kc-elm kc-css-637064 col-12 col-sm-12 column col-12 col-sm-12\"><div class=\"kc-col-container\">\n<div class=\"kc-elm kc-css-115530 kc-title-wrap \">\n\n\t<h2 class=\"kc_title\">Obrazci<\/h2>\n<\/div>\n<div data-closeall=\"true\" class=\"kc-elm kc-css-34400 kc_accordion_wrapper\">\r\n    <div class=\"kc-elm kc-css-7020 kc_accordion_section group \"><h3 class=\"kc_accordion_header ui-accordion-header\"><a href=\"#obrazci-za-glasovanje-na-domu-in-po-posti-za-drugi-krog-volitev-za-zupana\" data-prevent=\"scroll\"><div class=\"kc-accordion-inner-wrapper\"><span class=\"ui-accordion-header-icon ui-icon\"><\/span><i class=\"\"><\/i> Obrazci za glasovanje na domu in po po\u0161ti za drugi krog volitev za \u017eupana<\/div><\/a><\/h3><div class=\"kc_accordion_content ui-accordion-content kc_clearfix\"><div class=\"kc-panel-body\"><div class=\"kc-elm kc-css-563554 kc_text_block\"><\/p>\n<ul>\n<li><a href=\"https:\/\/www.koper.si\/wp-content\/uploads\/2020\/11\/Obrazec-glasovanje-na-domu-osebno-drugi-krog.doc\" target=\"_blank\" rel=\"noopener noreferrer\">Obrazec &#8211; glasovanje na domu &#8211; osebno (drugi krog)<\/a><\/li>\n<li><a href=\"https:\/\/www.koper.si\/wp-content\/uploads\/2020\/11\/Obrazec-glasovanje-na-domu-druga-oseba-drugi-krog.doc\" target=\"_blank\" rel=\"noopener noreferrer\">Obrazec &#8211; glasovanje na domu &#8211; druga oseba (drugi krog)<\/a><\/li>\n<\/ul>\n<p>\n<\/div><\/div><\/div><\/div><div class=\"kc-elm kc-css-359898 kc_accordion_section group \"><h3 class=\"kc_accordion_header ui-accordion-header\"><a href=\"#glasovanje-na-domu-in-po-posti\" data-prevent=\"scroll\"><div class=\"kc-accordion-inner-wrapper\"><span class=\"ui-accordion-header-icon ui-icon\"><\/span><i class=\"\"><\/i> Glasovanje na domu in po po\u0161ti<\/div><\/a><\/h3><div class=\"kc_accordion_content ui-accordion-content kc_clearfix\"><div class=\"kc-panel-body\"><div class=\"kc-elm kc-css-961923 kc_text_block\"><\/p>\n<ul>\n<li><a href=\"https:\/\/www.koper.si\/wp-content\/uploads\/2020\/11\/Obrazec-glasovanje-na-domu-osebno.doc\" target=\"_blank\" rel=\"noopener noreferrer\">Obrazec &#8211; glasovanje na domu &#8211; osebno<\/a><\/li>\n<li><a href=\"https:\/\/www.koper.si\/wp-content\/uploads\/2020\/11\/Obrazec-glasovanje-na-domu-druga-oseba.doc\" target=\"_blank\" rel=\"noopener noreferrer\">Obrazec &#8211; glasovanje na domu &#8211; druga oseba<\/a><\/li>\n<li><a href=\"https:\/\/www.koper.si\/wp-content\/uploads\/2020\/11\/Obrazec-glasovanje-na-domu-ita-osebno.doc\" target=\"_blank\" rel=\"noopener noreferrer\">Obrazec &#8211; glasovanje na domu-ita &#8211; osebno<\/a><\/li>\n<li><a href=\"https:\/\/www.koper.si\/wp-content\/uploads\/2020\/11\/Obrazec-glasovanje-na-domu-ita-druga-oseba.doc\" target=\"_blank\" rel=\"noopener noreferrer\">Obrazec &#8211; glasovanje na domu-ita -druga oseba<\/a><\/li>\n<li><a href=\"https:\/\/www.koper.si\/wp-content\/uploads\/2020\/11\/Obrazec-glasovanje-po-po\u0161ti.doc\" target=\"_blank\" rel=\"noopener noreferrer\">Obrazec &#8211; glasovanje po po\u0161ti<\/a><\/li>\n<li><a href=\"https:\/\/www.koper.si\/wp-content\/uploads\/2020\/11\/Obrazec-glasovanje-po-po\u0161ti-ita.doc\" target=\"_blank\" rel=\"noopener noreferrer\">Obrazec &#8211; glasovanje po po\u0161ti-ita<\/a><\/li>\n<\/ul>\n<p>\n<\/div><\/div><\/div><\/div><div class=\"kc-elm kc-css-490735 kc_accordion_section group \"><h3 class=\"kc_accordion_header ui-accordion-header\"><a href=\"#naknadne-volitve-clanov-svetov-krajevnih-skupnosti\" data-prevent=\"scroll\"><div class=\"kc-accordion-inner-wrapper\"><span class=\"ui-accordion-header-icon ui-icon\"><\/span><i class=\"\"><\/i> Naknadne volitve \u010dlanov svetov krajevnih skupnosti<\/div><\/a><\/h3><div class=\"kc_accordion_content ui-accordion-content kc_clearfix\"><div class=\"kc-panel-body\"><div class=\"kc-elm kc-css-703336 kc_text_block\"><\/p>\n<p class=\"opozorilo\"><strong>Kandidature za \u017eupana, \u010dlane ob\u010dinskega sveta in \u010dlane sveta krajevne skupnosti morajo biti neposredno vlo\u017eene na Ob\u010dinsko volilno komisijo najpozneje do 18. 10. 2018 do 19. ure.<\/strong><\/p>\n<p>\u0160tevilo potrebnih podpor volivcev za dolo\u010danje kandidatov in list kandidatov je skladno z Zakonom o lokalnih volitvah:<\/p>\n<ul>\n<li>za \u017eupana &#8211; 404 (106. \u010dl. ZLV, ugotovitveni sklep OVK),<\/li>\n<li>za ob\u010dinski svet &#8211; 425 (68. \u010dl. ZLV, ugotovitveni sklep OVK),<\/li>\n<li>za svet krajevne skupnosti &#8211; 10 (109. \u010dl. ZLV).<\/li>\n<\/ul>\n<p>V primeru te\u017eav ali nejasnosti pri izpolnjevanju obrazcev kontaktirajte Ob\u010dinsko volilno komisijo na\u00a0<a href=\"mailto:volitve2018@koper.si\">volitve2018@koper.si<\/a>.<\/p>\n<p><a href=\"https:\/\/www.koper.si\/wp-content\/uploads\/2020\/11\/Ugotovitveni-sklep-OVK-o-potrebnih-podporah-volivcev.pdf\">Ugotovitveni sklep OVK o potrebnih podporah volivcev<\/a><\/p>\n<p>\n<\/div><\/div><\/div><\/div><div class=\"kc-elm kc-css-193461 kc_accordion_section group \"><h3 class=\"kc_accordion_header ui-accordion-header\"><a href=\"#zupan\" data-prevent=\"scroll\"><div class=\"kc-accordion-inner-wrapper\"><span class=\"ui-accordion-header-icon ui-icon\"><\/span><i class=\"\"><\/i> \u017dupan<\/div><\/a><\/h3><div class=\"kc_accordion_content ui-accordion-content kc_clearfix\"><div class=\"kc-panel-body\"><div class=\"kc-elm kc-css-952094 kc_text_block\"><\/p>\n<p>Obrazci za kandidaturo za \u017eupana oziroma \u017eupanjo so:<\/p>\n<ul>\n<li><a href=\"https:\/\/www.koper.si\/wp-content\/uploads\/2020\/11\/1.-Obrazec-LV-1-Podpora-kandidaturi-za-\u017eupana.pdf\" target=\"_blank\" rel=\"noopener noreferrer\">1. Obrazec LV-1 &#8211; Podpora kandidaturi za \u017eupana<\/a><\/li>\n<li><a href=\"https:\/\/www.koper.si\/wp-content\/uploads\/2020\/11\/1.1-Obrazec-LV-1-Podpora-kandidaturi-za-\u017eupana-Sostegno-alla-candidatura-a-sindaco-ITA.pdf\" target=\"_blank\" rel=\"noopener noreferrer\">1.1 Obrazec LV-1 &#8211; Podpora kandidaturi za \u017eupana\/Sostegno alla candidatura a sindaco (ITA)<\/a><\/li>\n<li><a href=\"https:\/\/www.koper.si\/wp-content\/uploads\/2020\/11\/2.-Obrazec-LV-4-Kandidatura-za-\u017eupana-s-podporo-volivcev.doc\">2. Obrazec LV-4 &#8211; Kandidatura za \u017eupana s podporo volivcev<\/a><\/li>\n<li><a href=\"https:\/\/www.koper.si\/wp-content\/uploads\/2020\/11\/2.1-Obrazec-LV-4-Kandidatura-za-\u017eupana-s-podporo-volivcev-Candidatura-a-sindaco-con-il-sostegno-dei-elettori-ITA.pdf\" target=\"_blank\" rel=\"noopener noreferrer\">2.1 Obrazec LV-4 &#8211; Kandidatura za \u017eupana s podporo volivcev\/Candidatura a sindaco con il sostegno dei elettori (ITA)<\/a><\/li>\n<li><a href=\"https:\/\/www.koper.si\/wp-content\/uploads\/2020\/11\/3.-Obrazec-LV-4-Kandidatura-za-\u017eupana-s-podporo-politi\u010dne-stranke.doc\">3. Obrazec LV-4 &#8211; Kandidatura za \u017eupana s podporo politi\u010dne stranke<\/a><\/li>\n<li><a href=\"https:\/\/www.koper.si\/wp-content\/uploads\/2020\/11\/3.1-Obrazec-LV-4-Kandidatura-za-\u017eupana-s-podporo-politi\u010dne-stranke-Candidatura-a-sindaco-con-il-sostegno-del-partito-politico-ITA.pdf\" target=\"_blank\" rel=\"noopener noreferrer\">3.1 Obrazec LV-4 &#8211; Kandidatura za \u017eupana s podporo politi\u010dne stranke\/Candidatura a sindaco con il sostegno del partito politico (ITA)<\/a><\/li>\n<li><a href=\"https:\/\/www.koper.si\/wp-content\/uploads\/2020\/11\/4.-Obrazec-LV-5-Soglasje-h-kandidaturi-za-\u017eupana.doc\">4. Obrazec LV-5 &#8211; Soglasje h kandidaturi za \u017eupana<\/a><\/li>\n<li><a href=\"https:\/\/www.koper.si\/wp-content\/uploads\/2020\/11\/4.1-Obrazec-LV-5-Soglasje-h-kandidaturi-za-\u017eupana-Consenso-alla-candidatura-a-sindaco-ITA.pdf\" target=\"_blank\" rel=\"noopener noreferrer\">4.1 Obrazec LV-5 &#8211; Soglasje h kandidaturi za \u017eupana\/Consenso alla candidatura a sindaco (ITA)<\/a><\/li>\n<li><a href=\"https:\/\/www.koper.si\/wp-content\/uploads\/2020\/11\/5.-Obrazec-LV-9-Zapisnik-politi\u010dne-stranke-o-delu-organa-politi\u010dne-stranke-ki-je-dolo\u010dil-kandidaturo-za-\u017eupana-\u017eupanjo.docx\">5. Obrazec LV-9 &#8211; Zapisnik politi\u010dne stranke o delu organa politi\u010dne stranke, ki je dolo\u010dil kandidaturo za \u017eupana-\u017eupanjo<\/a><\/li>\n<li><a href=\"https:\/\/www.koper.si\/wp-content\/uploads\/2020\/11\/6.-Obrazec-LV-16-Obvestilo-o-organizatorju-volilne-kampanje.doc\">6. Obrazec LV-16 &#8211; Obvestilo o organizatorju volilne kampanje<\/a><\/li>\n<li><a href=\"https:\/\/www.koper.si\/wp-content\/uploads\/2020\/11\/6.1-Obrazec-LV-16-Obvestilo-o-organizatorju-volilne-kampanje-Avviso-sullorganizzatore-della-campagna-elettorale-ITA.pdf\" target=\"_blank\" rel=\"noopener noreferrer\">6.1 Obrazec LV-16 &#8211; Obvestilo o organizatorju volilne kampanje\/Avviso sull&#8217;organizzatore della campagna elettorale (ITA)<\/a><\/li>\n<li><a href=\"https:\/\/www.koper.si\/wp-content\/uploads\/2020\/11\/7.-Obrazec-LV-12-Seznam-udele\u017eencev-pri-delu-organa-politi\u010dne-stranke-ki-je-dolo\u010dil-kandidaturo-za-lokalne-volitve.doc\" target=\"_blank\" rel=\"noopener noreferrer\">7. Obrazec LV-12 &#8211; Seznam udele\u017eencev pri delu organa politi\u010dne stranke, ki je dolo\u010dil kandidaturo za lokalne volitve<\/a><\/li>\n<\/ul>\n<p>\n<\/div><\/div><\/div><\/div><div class=\"kc-elm kc-css-848761 kc_accordion_section group \"><h3 class=\"kc_accordion_header ui-accordion-header\"><a href=\"#obcinski-svet\" data-prevent=\"scroll\"><div class=\"kc-accordion-inner-wrapper\"><span class=\"ui-accordion-header-icon ui-icon\"><\/span><i class=\"\"><\/i> Ob\u010dinski svet<\/div><\/a><\/h3><div class=\"kc_accordion_content ui-accordion-content kc_clearfix\"><div class=\"kc-panel-body\"><div class=\"kc-elm kc-css-532257 kc_text_block\"><\/p>\n<p>Kandidatura za ob\u010dinski svet, ki jo vlo\u017ei skupina volivcev<\/p>\n<ul>\n<li><a href=\"https:\/\/www.koper.si\/wp-content\/uploads\/2020\/11\/1.-Obrazec-LV-2-Podpora-kandidaturi-za-\u010dlana-ob\u010dinskega-sveta-oziroma-listi-kandidatov-za-volitve-\u010dlanov-ob\u010dinskega-sveta.pdf\" target=\"_blank\" rel=\"noopener noreferrer\">1. Obrazec LV-2 &#8211; Podpora kandidaturi za \u010dlana ob\u010dinskega sveta oziroma listi kandidatov za volitve \u010dlanov ob\u010dinskega sveta<\/a><\/li>\n<li><a href=\"https:\/\/www.koper.si\/wp-content\/uploads\/2020\/11\/1.1-Obrazec-LV-2-Sostegno-alla-candidatura-a-membro-del-consiglio-comunale-o-alla-lista-di-candidati-per-le-elezioni-dei-membri-del-consiglio-comunale-ITA.pdf\" target=\"_blank\" rel=\"noopener noreferrer\">1.1 Obrazec LV-2 &#8211; Sostegno alla candidatura a membro del consiglio comunale o alla lista di candidati per le elezioni dei membri del consiglio comunale (ITA)<\/a><\/li>\n<li><a href=\"https:\/\/www.koper.si\/wp-content\/uploads\/2020\/11\/2.-Obrazec-LV-7-Lista-kandidatov-za-volitve-\u010dlanov-ob\u010dinskega-sveta-s-podporo-volivcev.doc\">2. Obrazec LV-7 &#8211; Lista kandidatov za volitve \u010dlanov ob\u010dinskega sveta s podporo volivcev<\/a><\/li>\n<li><a href=\"https:\/\/www.koper.si\/wp-content\/uploads\/2020\/11\/2.1-Obrazec-LV-7-Lista-kandidatov-za-volitve-\u010dlanov-ob\u010dinskega-sveta-s-podporo-volivcev-Lista-dei-candidati-per-le-elezioni-dei-consiglieri-comunali-con-il-sostegno-degli-elettori.pdf\" target=\"_blank\" rel=\"noopener noreferrer\">2.1 Obrazec LV-7 &#8211; Lista kandidatov za volitve \u010dlanov ob\u010dinskega sveta s podporo volivcev\/Lista dei candidati per le elezioni dei consiglieri comunali con il sostegno degli elettori<\/a><\/li>\n<li><a href=\"https:\/\/www.koper.si\/wp-content\/uploads\/2020\/11\/3.-Obrazec-LV-8-Soglasje-h-kandidaturi-za-\u010dlana-\u010dlanico-ob\u010dinskega-sveta.doc\">3. Obrazec LV-8 &#8211; Soglasje h kandidaturi za \u010dlana, \u010dlanico ob\u010dinskega sveta<\/a><\/li>\n<li><a href=\"https:\/\/www.koper.si\/wp-content\/uploads\/2020\/11\/3.1-Obrazec-LV-8-Soglasje-h-kandidaturi-za-\u010dlana-\u010dlanico-ob\u010dinskega-sveta-Consenso-alla-candidatura-a-membro-del-consiglio-comunale.pdf\" target=\"_blank\" rel=\"noopener noreferrer\">3.1 Obrazec LV-8 &#8211; Soglasje h kandidaturi za \u010dlana, \u010dlanico ob\u010dinskega sveta\/Consenso alla candidatura a membro del consiglio comunale<\/a><\/li>\n<li><a href=\"https:\/\/www.koper.si\/wp-content\/uploads\/2020\/11\/4.-Obrazec-LV-16-Obvestilo-o-organizatorju-volilne-kampanje.doc\">4. Obrazec LV-16 &#8211; Obvestilo o organizatorju volilne kampanje<\/a><\/li>\n<li><a href=\"https:\/\/www.koper.si\/wp-content\/uploads\/2020\/11\/4.1-Obrazec-LV-16-Obvestilo-o-organizatorju-volilne-kampanje-Avviso-sullorganizzatore-della-campagna-elettorale-ITA.pdf\" target=\"_blank\" rel=\"noopener noreferrer\">4.1 Obrazec LV-16 &#8211; Obvestilo o organizatorju volilne kampanje\/Avviso sull&#8217;organizzatore della campagna elettorale (ITA)<\/a><\/li>\n<\/ul>\n<p>\n<\/div><div class=\"kc-elm kc-css-925124 kc_text_block\"><\/p>\n<p>Kandidatura za ob\u010dinski svet, ki jo vlo\u017ei politi\u010dna stranka<\/p>\n<ul>\n<li><a href=\"https:\/\/www.koper.si\/wp-content\/uploads\/2020\/11\/1.-Obrazec-LV-7-Lista-kandidatov-za-volitve-\u010dlanov-ob\u010dinskega-sveta-s-podporo-politi\u010dne-stranke.doc\">1. Obrazec LV-7 &#8211; Lista kandidatov za volitve \u010dlanov ob\u010dinskega sveta s podporo politi\u010dne stranke<\/a><\/li>\n<li><a href=\"https:\/\/www.koper.si\/wp-content\/uploads\/2020\/11\/1.1-Obrazec-LV-7-Lista-kandidatov-za-volitve-\u010dlanov-ob\u010dinskega-sveta-s-podporo-politi\u010dne-stranke-Lista-dei-candidati-per-le-elezioni-dei-consiglieri-comunali.pdf\" target=\"_blank\" rel=\"noopener noreferrer\">1.1 Obrazec LV-7 &#8211; Lista kandidatov za volitve \u010dlanov ob\u010dinskega sveta s podporo politi\u010dne stranke\/Lista dei candidati per le elezioni dei consiglieri comunali<\/a><\/li>\n<li><a href=\"https:\/\/www.koper.si\/wp-content\/uploads\/2020\/11\/2.-Obrazec-LV-8-Soglasje-h-kandidaturi-za-\u010dlana-\u010dlanico-ob\u010dinskega-sveta.doc\">2. Obrazec LV-8 &#8211; Soglasje h kandidaturi za \u010dlana, \u010dlanico ob\u010dinskega sveta<\/a><\/li>\n<li><a href=\"https:\/\/www.koper.si\/wp-content\/uploads\/2020\/11\/2.1-Obrazec-LV-8-Soglasje-h-kandidaturi-za-\u010dlana-\u010dlanico-ob\u010dinskega-sveta-Consenso-alla-candidatura-a-membro-del-consiglio-comunale.pdf\" target=\"_blank\" rel=\"noopener noreferrer\">2.1 Obrazec LV-8 &#8211; Soglasje h kandidaturi za \u010dlana, \u010dlanico ob\u010dinskega sveta\/Consenso alla candidatura a membro del consiglio comunale<\/a><\/li>\n<li><a href=\"https:\/\/www.koper.si\/wp-content\/uploads\/2020\/11\/3.-Obrazec-LV-11-Zapisnik-politi\u010dne-stranke-o-delu-organa-politi\u010dne-stranke-ki-je-dolo\u010dil-listo-kandidatov-za-\u010dlane-ob\u010dinskega-sveta.doc\">3. Obrazec LV-11 &#8211; Zapisnik politi\u010dne stranke o delu organa politi\u010dne stranke, ki je dolo\u010dil listo kandidatov za \u010dlane ob\u010dinskega sveta<\/a><\/li>\n<li><a href=\"https:\/\/www.koper.si\/wp-content\/uploads\/2020\/11\/4.-Obrazec-LV-12-Seznam-udele\u017eencev-pri-delu-organa-politi\u010dne-stranke-ki-je-dolo\u010dil-kandidaturo-za-lokalne-volitv.doc\">4. Obrazec LV-12 &#8211; Seznam udele\u017eencev pri delu organa politi\u010dne stranke, ki je dolo\u010dil kandidaturo za lokalne volitve<\/a><\/li>\n<li><a href=\"https:\/\/www.koper.si\/wp-content\/uploads\/2020\/11\/5.-Obrazec-LV-16-Obvestilo-o-organizatorju-volilne-kampanje.doc\">5. Obrazec LV-16 &#8211; Obvestilo o organizatorju volilne kampanje<\/a><\/li>\n<li><a href=\"https:\/\/www.koper.si\/wp-content\/uploads\/2020\/11\/5.1-Obrazec-LV-16-Obvestilo-o-organizatorju-volilne-kampanje-Avviso-sullorganizzatore-della-campagna-elettorale-ITA.pdf\" target=\"_blank\" rel=\"noopener noreferrer\">5.1 Obrazec LV-16 &#8211; Obvestilo o organizatorju volilne kampanje\/Avviso sull&#8217;organizzatore della campagna elettorale (ITA)<\/a><\/li>\n<\/ul>\n<p>\n<\/div><div class=\"kc-elm kc-css-535081 kc_text_block\"><\/p>\n<p>Kandidatura za volitve \u010dlanov ob\u010dinskega sveta predstavnikov italijanske narodne skupnosti\/Candidatura per le elezioni dei consiglieri comunali rappresentanti della comunit\u00e0 nazionale Italiana<\/p>\n<ul>\n<li><a href=\"https:\/\/www.koper.si\/wp-content\/uploads\/2020\/11\/1.-Obrazec-LV-7-Kandidatura-za-volitve-\u010dlanov-ob\u010dinskega-sveta-predstavnikov-italijanske-narodne-skupnosti.pdf\" target=\"_blank\" rel=\"noopener noreferrer\">1. Obrazec LV-7 &#8211; Kandidatura za volitve \u010dlanov ob\u010dinskega sveta predstavnikov italijanske narodne skupnosti\/Candidatura per le elezioni dei consiglieri comunali rappresentanti della comunit\u00e0 nazionale Italiana<\/a><\/li>\n<li><a href=\"https:\/\/www.koper.si\/wp-content\/uploads\/2020\/11\/2.-Obrazec-LV-8-Soglasje-kandidata-za-\u010dlana-ob\u010dinskega-sveta-\u2013-predstavnika-italijanske-narodne-skupnosti.pdf\" target=\"_blank\" rel=\"noopener noreferrer\">2. Obrazec LV-8 &#8211; Soglasje kandidata za \u010dlana ob\u010dinskega sveta\u2013predstavnika italijanske narodne skupnosti\/Consenso del candidato a membro del consiglio comunale\u2013rappresentante della comunit\u00e0 nazionale Italiana<\/a><\/li>\n<li><a href=\"https:\/\/www.koper.si\/wp-content\/uploads\/2020\/11\/3.-Obrazec-Modulo-LV-3-Sostegno-alla-candidatura-a-membro-del-consiglio-comunale-che-rappresenta-la-comunit\u00e0-nazionale-italiana-Podpora-kandidaturi-za-\u010dlana-ob\u010dinskega-sveta-predstavnika-italijanske.pdf\" target=\"_blank\" rel=\"noopener noreferrer\">3. Obrazec\/Modulo LV-3 &#8211; Sostegno alla candidatura a membro del consiglio comunale che rappresenta la comunit\u00e0 nazionale italiana\/Podpora kandidaturi za \u010dlana ob\u010dinskega sveta predstavnika italijanske<\/a><\/li>\n<\/ul>\n<p>\n<\/div><\/div><\/div><\/div><div class=\"kc-elm kc-css-688147 kc_accordion_section group \"><h3 class=\"kc_accordion_header ui-accordion-header\"><a href=\"#krajevne-skupnosti\" data-prevent=\"scroll\"><div class=\"kc-accordion-inner-wrapper\"><span class=\"ui-accordion-header-icon ui-icon\"><\/span><i class=\"\"><\/i> Krajevne skupnosti<\/div><\/a><\/h3><div class=\"kc_accordion_content ui-accordion-content kc_clearfix\"><div class=\"kc-panel-body\"><div class=\"kc-elm kc-css-62250 kc_text_block\"><\/p>\n<ul>\n<li><a href=\"https:\/\/www.koper.si\/wp-content\/uploads\/2020\/11\/1.-Obrazec-LV-6-Kandidatura-za-svet-KS-obrazci-za-posamezne-KS-kandidatura-s-podporo-volivcev.zip\">1. Obrazec LV-6 &#8211; Kandidatura za svet KS &#8211; obrazci za posamezne KS &#8211; kandidatura s podporo volivcev<\/a><\/li>\n<li><a href=\"https:\/\/www.koper.si\/wp-content\/uploads\/2020\/11\/2.-Obrazec-LV-8-Soglasje-h-kandidaturi-za-\u010dlana-\u010dlanico-sveta-krajevne-skupnosti.doc\">2. Obrazec LV-8 &#8211; Soglasje h kandidaturi za \u010dlana\/\u010dlanico sveta krajevne skupnosti<\/a><\/li>\n<li><a href=\"https:\/\/www.koper.si\/wp-content\/uploads\/2020\/11\/2.1-Obrazec-LV-8-Soglasje-h-kandidaturi-za-\u010dlana-\u010dlanico-sveta-krajevne-skupnosti-Consenso-alla-candidatura-a-membro-del-consiglio-della-comunit\u00e0-locale.pdf\" target=\"_blank\" rel=\"noopener noreferrer\">2.1 Obrazec LV-8 &#8211; Soglasje h kandidaturi za \u010dlana\/\u010dlanico sveta krajevne skupnosti\/Consenso alla candidatura a membro del consiglio della comunit\u00e0 locale<\/a><\/li>\n<li><a href=\"https:\/\/www.koper.si\/wp-content\/uploads\/2020\/11\/3.-Obrazec-LV-6-Kandidatura-za-svet-KS-kandidatura-s-podporo-politi\u010dne-stranke.zip\">3. Obrazec LV-6 &#8211; Kandidatura za svet KS &#8211; kandidatura s podporo politi\u010dne stranke<\/a><\/li>\n<\/ul>\n<p>\n<\/div><\/div><\/div><\/div><div class=\"kc-elm kc-css-244544 kc_accordion_section group \"><h3 class=\"kc_accordion_header ui-accordion-header\"><a href=\"#volilni-odbori\" data-prevent=\"scroll\"><div class=\"kc-accordion-inner-wrapper\"><span class=\"ui-accordion-header-icon ui-icon\"><\/span><i class=\"\"><\/i> Volilni odbori<\/div><\/a><\/h3><div class=\"kc_accordion_content ui-accordion-content kc_clearfix\"><div class=\"kc-panel-body\"><div class=\"kc-elm kc-css-975791 kc_text_block\"><\/p>\n<ul>\n<li><a href=\"https:\/\/www.koper.si\/wp-content\/uploads\/2022\/09\/Poziv-k-oddaji-predlogov-kandidatov-za-sestavo-volilnih-odborov.pdf\" target=\"_blank\" rel=\"noopener\">Poziv k oddaji predlogov kandidatov za sestavo volilnih odborov<\/a><\/li>\n<li><a href=\"https:\/\/www.koper.si\/wp-content\/uploads\/2022\/09\/OBRAZEC-predlogi-clanov-volilnih-odborov-PREDLOG-SOGLASJE.pdf\" target=\"_blank\" rel=\"noopener\">OBRAZEC &#8211; predlogi \u010dlanov volilnih odborov &#8211; PREDLOG + SOGLASJE<\/a><\/li>\n<li><a href=\"https:\/\/www.koper.si\/wp-content\/uploads\/2022\/09\/Poziv-k-oddaji-predlogov-kandidatov-za-sestavo-volilnih-odborov-IT.pdf\" target=\"_blank\" rel=\"noopener\">Poziv k oddaji predlogov kandidatov za sestavo volilnih odborov &#8211; IT<\/a><\/li>\n<li><a href=\"https:\/\/www.koper.si\/wp-content\/uploads\/2022\/09\/OBRAZEC-predlogi-clanov-volilnih-odborov-PREDLOG-SOGLASJE-IT.pdf\" target=\"_blank\" rel=\"noopener\">OBRAZEC &#8211; predlogi \u010dlanov volilnih odborov &#8211; PREDLOG + SOGLASJE &#8211; IT<\/a><\/li>\n<\/ul>\n<p>\n<\/div><\/div><\/div><\/div><div class=\"kc-elm kc-css-531825 kc_accordion_section group \"><h3 class=\"kc_accordion_header ui-accordion-header\"><a href=\"#svet-samoupravne-skupnosti-italijanske-narodnosti-koper\" data-prevent=\"scroll\"><div class=\"kc-accordion-inner-wrapper\"><span class=\"ui-accordion-header-icon ui-icon\"><\/span><i class=\"\"><\/i> Svet Samoupravne skupnosti italijanske narodnosti Koper<\/div><\/a><\/h3><div class=\"kc_accordion_content ui-accordion-content kc_clearfix\"><div class=\"kc-panel-body\"><div class=\"kc-elm kc-css-40526 kc_text_block\"><\/p>\n<ul>\n<li><a href=\"https:\/\/www.koper.si\/wp-content\/uploads\/2020\/11\/1.-Obrazec-CAN1-Kandidatura-za-volitve-\u010dlanov-sveta-SSIN-Koper-Candidatura-per-le-elezioni-dei-membri-del-consiglio-della-CAN-Capodistria.pdf\" target=\"_blank\" rel=\"noopener noreferrer\">1. Obrazec CAN1 &#8211; Kandidatura za volitve \u010dlanov sveta SSIN Koper\/Candidatura per le elezioni dei membri del consiglio della CAN Capodistria<\/a><\/li>\n<li><a href=\"https:\/\/www.koper.si\/wp-content\/uploads\/2020\/11\/2.-Obrazec-CAN2-Soglasje-kandidata-za-\u010dlana-sveta-SSIN-Koper-Consenso-del-candidato-a-membro-del-consiglio-della-CAN-Capodistria.pdf\" target=\"_blank\" rel=\"noopener noreferrer\">2. Obrazec CAN2 &#8211; Soglasje kandidata za \u010dlana sveta SSIN Koper\/Consenso del candidato a membro del consiglio della CAN Capodistria<\/a><\/li>\n<\/ul>\n<p>\n<\/div><\/div><\/div><\/div><\/div>\r\n<\/div><\/div><\/div><\/div><\/section><section id=\"obrazci\" class=\"kc-elm kc-css-262619 kc_row\"><div class=\" container\"><div class=\"row\"><div class=\"kc-elm kc-css-177569 col-12 col-sm-12 column col-12 col-sm-12\"><div class=\"kc-col-container\">\n<div class=\"kc-elm kc-css-688811 kc-title-wrap \">\n\n\t<h2 class=\"kc_title\">Moduli<\/h2>\n<\/div>\n<div data-closeall=\"true\" class=\"kc-elm kc-css-741211 kc_accordion_wrapper\">\r\n    <div class=\"kc-elm kc-css-590243 kc_accordion_section group \"><h3 class=\"kc_accordion_header ui-accordion-header\"><a href=\"#sindaco\" data-prevent=\"scroll\"><div class=\"kc-accordion-inner-wrapper\"><span class=\"ui-accordion-header-icon ui-icon\"><\/span><i class=\"\"><\/i> Sindaco<\/div><\/a><\/h3><div class=\"kc_accordion_content ui-accordion-content kc_clearfix\"><div class=\"kc-panel-body\"><div class=\"kc-elm kc-css-109297 kc_text_block\"><\/p>\n<p>Obrazci za kandidaturo za \u017eupana oziroma \u017eupanjo, ki jo vlo\u017ei skupina volivcev\u00a0\/ Moduli per la candidatura a sindaco, inoltrata da parte di un gruppo di elettori:<\/p>\n<ul>\n<li><a href=\"https:\/\/www.koper.si\/wp-content\/uploads\/2022\/09\/1.-Obrazec-LV-1-Podpora-kandidaturi-za-\ufffdupana-SLO.pdf\" target=\"_blank\" rel=\"noopener\">1. Obrazec LV-1 &#8211; Podpora kandidaturi za \u017eupana &#8211; SLO<\/a><\/li>\n<li><a href=\"https:\/\/www.koper.si\/wp-content\/uploads\/2022\/09\/1.1-Obrazec-LV-1-Podpora-kandidaturi-za-\ufffdupana-Sostegno-alla-candidatura-a-sindaco-IT.pdf\" target=\"_blank\" rel=\"noopener\">1.1 Obrazec LV -1 &#8211; Podpora kandidaturi za \u017eupana &#8211; Sostegno alla candidatura a sindaco &#8211; IT<\/a><\/li>\n<li><a href=\"https:\/\/www.koper.si\/wp-content\/uploads\/2022\/09\/2.-Obrazec-LV-4_kandidatura-za-\ufffdupana-s-podporo-volivcev-SLO.pdf\" target=\"_blank\" rel=\"noopener\">2. Obrazec LV-4_kandidatura_\u017eupan-podpisi-volivcev &#8211; SLO<\/a><\/li>\n<li><a href=\"https:\/\/www.koper.si\/wp-content\/uploads\/2022\/09\/2.1-Obrazec-LV-4-Candidatura-a-sindaco-con-il-sostegno-dei-elettori-\u2013-IT.pdf\" target=\"_blank\" rel=\"noopener\">2.1 Obrazec LV-4 \u2013 Kandidatura za \u017eupana s podporo volivcev &#8211; Candidatura a sindaco con il sostegno dei elettori &#8211; IT<\/a><\/li>\n<li><a href=\"https:\/\/www.koper.si\/wp-content\/uploads\/2022\/09\/3.-Obrazec-LV-5-\u2013-Soglasje-h-kandidaturi-za-zupana-SLO.pdf\" target=\"_blank\" rel=\"noopener\">3. Obrazec LV-5 \u2013 Soglasje h kandidaturi za \u017eupana &#8211; SLO<\/a><\/li>\n<li><a href=\"https:\/\/www.koper.si\/wp-content\/uploads\/2022\/09\/3.1-Obrazec-LV-5-\u2013-Soglasje-h-kandidaturi-za-zupana-Consenso-alla-candidatura-a-sindaco-IT.pdf\" target=\"_blank\" rel=\"noopener\">3.1 Obrazec LV-5 \u2013 Soglasje h kandidaturi za \u017eupana &#8211; Consenso alla candidatura a sindaco &#8211; IT<\/a><\/li>\n<li><a href=\"https:\/\/www.koper.si\/wp-content\/uploads\/2022\/09\/4.-Obrazec-LV-16-Obvestilo-o-organizatorju-volilne-kampanje-SLO-3.pdf\" target=\"_blank\" rel=\"noopener\">4. Obrazec LV-16 &#8211; Obvestilo o organizatorju volilne kampanje &#8211; SLO<\/a><\/li>\n<li><a href=\"https:\/\/www.koper.si\/wp-content\/uploads\/2022\/09\/4.1-Obrazec-LV-16-Avviso-sullorganizzatore-della-campagna-elettorale-IT.pdf\" target=\"_blank\" rel=\"noopener\">4.1 Obrazec LV-16 \u2013 Obvestilo o organizatorju volilne kampanje &#8211; Avviso sull\u2019organizzatore della campagna elettorale &#8211; IT<\/a><\/li>\n<\/ul>\n<p>\n<\/div><div class=\"kc-elm kc-css-529863 kc_text_block\"><\/p>\n<p>Obrazci za kandidaturo za \u017eupana oziroma \u017eupanjo, ki jo vlo\u017ei politi\u010dna stranka \/ Moduli per la candidatura a sindaco, inoltrata da parte di un partito politico:<\/p>\n<ul>\n<li><a href=\"https:\/\/www.koper.si\/wp-content\/uploads\/2022\/09\/1.-Obrazec-LV-4-\u2013-Kandidatura-za-zupana-s-podporo-politicne-stranke-1.pdf\" target=\"_blank\" rel=\"noopener\">1. Obrazec LV-4 \u2013 Kandidatura za \u017eupana s podporo politi\u010dne stranke<\/a><\/li>\n<li><a href=\"https:\/\/www.koper.si\/wp-content\/uploads\/2022\/09\/1.1-Obrazec-LV-4-Candidatura-a-sindaco-con-il-sostegno-del-partito-politico-\u2013-IT.pdf\" target=\"_blank\" rel=\"noopener\">1.1 Obrazec LV-4 \u2013 Kandidatura za \u017eupana s podporo politi\u010dne stranke &#8211; Candidatura a sindaco con il sostegno del partito politico &#8211; IT<\/a><\/li>\n<li><a href=\"https:\/\/www.koper.si\/wp-content\/uploads\/2022\/09\/2.-Obrazec-LV-5-\u2013-Soglasje-h-kandidaturi-za-zupana-SLO.pdf\" target=\"_blank\" rel=\"noopener\">2. Obrazec LV-5 \u2013 Soglasje h kandidaturi za \u017eupana &#8211; SLO<\/a><\/li>\n<li><a href=\"https:\/\/www.koper.si\/wp-content\/uploads\/2022\/09\/2.1-Obrazec-LV-5-\u2013-Soglasje-h-kandidaturi-za-zupana-Consenso-alla-candidatura-a-sindaco-IT.pdf\" target=\"_blank\" rel=\"noopener\">2.1 Obrazec LV-5 \u2013 Soglasje h kandidaturi za \u017eupana &#8211; Consenso alla candidatura a sindaco &#8211; IT<\/a><\/li>\n<li><a href=\"https:\/\/www.koper.si\/wp-content\/uploads\/2022\/09\/3.-Obrazec-LV-9-\u2013-Zapisnik-politicne-stranke-o-delu-organa-politicne-stranke-ki-je-dolocil-kandidaturo-za-zupana-zupanjo.pdf\" target=\"_blank\" rel=\"noopener\">3. Obrazec LV-9 \u2013 Zapisnik politi\u010dne stranke o delu organa politi\u010dne stranke, ki je dolo\u010dil kandidaturo za \u017eupana-\u017eupanjo<\/a><\/li>\n<li><a href=\"https:\/\/www.koper.si\/wp-content\/uploads\/2022\/09\/4.-Obrazec-LV-16-Obvestilo-o-organizatorju-volilne-kampanje-SLO-4.pdf\" target=\"_blank\" rel=\"noopener\">4. Obrazec-LV-16 &#8211; Obvestilo o organizatorju volilne kampanje &#8211; SLO<\/a><\/li>\n<li><a href=\"https:\/\/www.koper.si\/wp-content\/uploads\/2022\/09\/4.1-Obrazec-LV-16-Avviso-sullorganizzatore-della-campagna-elettorale-IT-1.pdf\" target=\"_blank\" rel=\"noopener\">4.1 Obrazec LV-16 \u2013 Obvestilo o organizatorju volilne kampanje &#8211; Avviso sull\u2019organizzatore della campagna elettorale &#8211; IT<\/a><\/li>\n<li><a href=\"https:\/\/www.koper.si\/wp-content\/uploads\/2022\/09\/5.-Obrazec-LV-12-\u2013-Seznam-udelezencev-pri-delu-organa-politicne-stranke-ki-je-dolocil-kandidaturo-za-lokalne-volitve.pdf\" target=\"_blank\" rel=\"noopener\">5. Obrazec LV-12 \u2013 Seznam udele\u017eencev pri delu organa politi\u010dne stranke, ki je dolo\u010dil kandidaturo za lokalne volitve<\/a><\/li>\n<\/ul>\n<p>\n<\/div><\/div><\/div><\/div><div class=\"kc-elm kc-css-685603 kc_accordion_section group \"><h3 class=\"kc_accordion_header ui-accordion-header\"><a href=\"#consiglio-comunale\" data-prevent=\"scroll\"><div class=\"kc-accordion-inner-wrapper\"><span class=\"ui-accordion-header-icon ui-icon\"><\/span><i class=\"\"><\/i> Consiglio comunale<\/div><\/a><\/h3><div class=\"kc_accordion_content ui-accordion-content kc_clearfix\"><div class=\"kc-panel-body\"><div class=\"kc-elm kc-css-903988 kc_text_block\"><\/p>\n<p>Kandidatura za ob\u010dinski svet, ki jo vlo\u017ei skupina volivcev \/ Candidatura per il consiglio comunale, inoltrata da parte di un gruppo di elettori:<\/p>\n<ul>\n<li><a href=\"https:\/\/www.koper.si\/wp-content\/uploads\/2022\/09\/1.-Obrazec-LV-2-Podpora-kandidaturi-za-\ufffdlana-ob\ufffdinskega-sveta-oziroma-listi-kandidatov-za-volitve-\ufffdlanov-ob\ufffdinskega-sveta-SLO.pdf\" target=\"_blank\" rel=\"noopener\">1. Obrazec LV-2 &#8211; Podpora kandidaturi za \u010dlana ob\u010dinskega sveta oziroma listi kandidatov za volitve \u010dlanov ob\u010dinskega sveta &#8211; SLO<\/a><\/li>\n<li><a href=\"https:\/\/www.koper.si\/wp-content\/uploads\/2022\/09\/1.1-Obrazec-LV-2-Sostegno-alla-candidatura-a-membro-del-consiglio-comunale-o-alla-lista-di-candidati-per-le-elezioni-dei-membri-del-consiglio-comunale-IT.pdf\" target=\"_blank\" rel=\"noopener\">1.1 Obrazec LV-2 &#8211; Sostegno alla candidatura a membro del consiglio comunale o alla lista di candidati per le elezioni dei membri del consiglio comunale &#8211; IT<\/a><\/li>\n<li><a href=\"https:\/\/www.koper.si\/wp-content\/uploads\/2022\/09\/2.-Obrazec-LV-7-Lista-kandidatov-za-volitve-\ufffdlanov-ob\ufffdinskega-sveta-s-podporo-volivcev-SLO-1.pdf\" target=\"_blank\" rel=\"noopener\">2. Obrazec LV-7 &#8211; Lista kandidatov za volitve \u010dlanov ob\u010dinskega sveta s podporo volivcev &#8211; SLO<\/a><\/li>\n<li><a href=\"https:\/\/www.koper.si\/wp-content\/uploads\/2022\/09\/2.1-Obrazec-LV-7-Lista-dei-candi.-per-le-elezioni-dei-consig.-comunali-con-il-sostegno-degli-eletttori-IT.pdf\" target=\"_blank\" rel=\"noopener\">2.1 Obrazec LV-7 &#8211; Lista kand. za volitve \u010dl. OS s podporo volivcev &#8211; Lista dei candidati per le elezioni dei consiglieri comunali con il sostegno degli elettori-IT<\/a><\/li>\n<li><a href=\"https:\/\/www.koper.si\/wp-content\/uploads\/2022\/09\/3.-Obrazec-LV-8-Soglasje-h-kandidaturi-za-\ufffdlana-\ufffdlanico-ob\ufffdinskega-sveta-SLO.pdf\">3. Obrazec LV-8 &#8211; Soglasje h kandidaturi za \u010dlana, \u010dlanico ob\u010dinskega sveta &#8211; SLO<\/a><\/li>\n<li><a href=\"https:\/\/www.koper.si\/wp-content\/uploads\/2022\/09\/3.1-Obrazec-LV-8-Soglasje-h-kandidaturi-za-\ufffdlana-\ufffdlanico-ob\ufffdinskega-sveta-Consenso-alla-candidatura-a-membro-del-consiglio-comunale-IT.pdf\" target=\"_blank\" rel=\"noopener\">3.1 Obrazec LV-8 &#8211; Soglasje h kandidaturi za \u010dlana, \u010dlanico ob\u010dinskega sveta &#8211; Consenso alla candidatura a membro del consiglio comunale &#8211; IT<\/a><\/li>\n<li><a href=\"https:\/\/www.koper.si\/wp-content\/uploads\/2022\/09\/4.-Obrazec-LV-16-Obvestilo-o-organizatorju-volilne-kampanje-SLO-5.pdf\" target=\"_blank\" rel=\"noopener\">4. Obrazec LV-16 &#8211; Obvestilo o organizatorju volilne kampanje &#8211; SLO<\/a><\/li>\n<li><a href=\"https:\/\/www.koper.si\/wp-content\/uploads\/2022\/09\/4.1-Obrazec-LV-16-Avviso-sullorganizzatore-della-campagna-elettorale-IT-2.pdf\" target=\"_blank\" rel=\"noopener\">4.1 Obrazec LV-16 &#8211; Obvestilo o organizatorju volilne kampanje &#8211; Avviso sull\u2019organizzatore della campagna elettorale &#8211; IT<\/a><\/li>\n<\/ul>\n<p>\n<\/div><div class=\"kc-elm kc-css-523923 kc_text_block\"><\/p>\n<p>Kandidatura za ob\u010dinski svet, ki jo vlo\u017ei politi\u010dna stranka \/ Candidatura per il consiglio comunale, inoltrata da parte di un partito politico:<\/p>\n<ul>\n<li><a href=\"https:\/\/www.koper.si\/wp-content\/uploads\/2022\/09\/1.-Obrazec-LV-7-Lista-kandidatov-za-volitve-\ufffdlanov-ob\ufffdinskega-sveta-s-podporo-politi\ufffdne-stranke-SLO-1.pdf\" target=\"_blank\" rel=\"noopener\">1. Obrazec LV-7 &#8211; Lista kandidatov za volitve \u010dlanov ob\u010dinskega sveta s podporo politi\u010dne stranke &#8211; SLO<\/a><\/li>\n<li><a href=\"https:\/\/www.koper.si\/wp-content\/uploads\/2022\/09\/1.1-Obrazec-LV-7-Lista-dei-candidati-per-le-elezioni-dei-consiglieri-comunali-\u2013-IT.pdf\" target=\"_blank\" rel=\"noopener\">1.1 Obrazec LV-7 \u2013 Lista kandidatov za volitve \u010dlanov OS s podporo politi\u010dne stranke &#8211; Lista dei candidati per le elezioni dei consiglieri comunali &#8211; IT<\/a><\/li>\n<li><a href=\"https:\/\/www.koper.si\/wp-content\/uploads\/2022\/09\/2.-Obrazec-LV-8-Soglasje-h-kandidaturi-za-\ufffdlana-\ufffdlanico-ob\ufffdinskega-sveta-SLO.pdf\" target=\"_blank\" rel=\"noopener\">2. Obrazec LV-8 &#8211; Soglasje h kandidaturi za \u010dlana, \u010dlanico ob\u010dinskega sveta &#8211; SLO<\/a><\/li>\n<li><a href=\"https:\/\/www.koper.si\/wp-content\/uploads\/2022\/09\/2.1-Obrazec-LV-8-\u2013-Soglasje-h-kandidaturi-za-clana-clanico-obcinskega-sveta-Consenso-alla-candidatura-a-membro-del-consiglio-comunale-IT.pdf\" target=\"_blank\" rel=\"noopener\">2.1 Obrazec LV-8 \u2013 Soglasje h kandidaturi za \u010dlana, \u010dlanico ob\u010dinskega sveta &#8211; Consenso alla candidatura a membro del consiglio comunale &#8211; IT<\/a><\/li>\n<li><a href=\"https:\/\/www.koper.si\/wp-content\/uploads\/2022\/09\/3.-Obrazec-LV-11-\u2013-Zapisnik-politicne-stranke-o-delu-organa-politicne-stranke-ki-je-dolocil-listo-kandidatov-za-clane-obcinskega-sveta.pdf\" target=\"_blank\" rel=\"noopener\">3. Obrazec LV-11 \u2013 Zapisnik politi\u010dne stranke o delu organa politi\u010dne stranke, ki je dolo\u010dil listo kandidatov za \u010dlane ob\u010dinskega sveta<\/a><\/li>\n<li><a href=\"https:\/\/www.koper.si\/wp-content\/uploads\/2022\/09\/4.-Obrazec-LV-12-\u2013-Seznam-udelezencev-pri-delu-organa-politicne-stranke-ki-je-dolocil-kandidaturo-za-lokalne-volitve.pdf\" target=\"_blank\" rel=\"noopener\">4. Obrazec LV-12 \u2013 Seznam udele\u017eencev pri delu organa politi\u010dne stranke, ki je dolo\u010dil kandidaturo za lokalne volitve<\/a><\/li>\n<li><a href=\"https:\/\/www.koper.si\/wp-content\/uploads\/2022\/09\/5.-Obrazec-LV-16-Obvestilo-o-organizatorju-volilne-kampanje-SLO-1.pdf\" target=\"_blank\" rel=\"noopener\">5. Obrazec LV-16 &#8211; Obvestilo o organizatorju volilne kampanje &#8211; SLO<\/a><\/li>\n<li><a href=\"https:\/\/www.koper.si\/wp-content\/uploads\/2022\/09\/5.1-Obrazec-LV-16-Avviso-sullorganizzatore-della-campagna-elettorale-IT.pdf\" target=\"_blank\" rel=\"noopener\">5.1 Obrazec LV-16 \u2013 Obvestilo o organizatorju volilne kampanje &#8211; Avviso sull\u2019organizzatore della campagna elettorale &#8211; IT<\/a><\/li>\n<\/ul>\n<p>\n<\/div><div class=\"kc-elm kc-css-365417 kc_text_block\"><\/p>\n<p>Kandidatura za volitve \u010dlanov ob\u010dinskega sveta predstavnikov italijanske narodne skupnosti \/ Candidatura per le elezioni dei consiglieri comunali rappresentanti della comunit\u00e0 nazionale Italiana:<\/p>\n<ul>\n<li><a href=\"https:\/\/www.koper.si\/wp-content\/uploads\/2022\/09\/1.-Obrazec-LV-7-\u2013-Candidatura-per-le-elezioni-dei-consiglieri-comunali-rappresentanti-della-comunita-nazionale-Italiana.pdf\" target=\"_blank\" rel=\"noopener\">1. Obrazec LV-7 \u2013 Kandidatura za volitve \u010dlanov OS predst. ita. narodne skupnosti-Candidatura per le elezioni dei consiglieri comunali rappresentanti della comunit\u00e0 nazionale Italiana<\/a><\/li>\n<li><a href=\"https:\/\/www.koper.si\/wp-content\/uploads\/2022\/09\/2.-Obrazec-LV-8-\u2013-Soglasje-kan.-za-cl.-OS-preds.-ita.-nar.-skupn.-Candidatura-per-le-elezioni-dei-consiglieri-comunali-rappresentanti-della-comunita-nazionale-Italiana.pdf\" target=\"_blank\" rel=\"noopener\">2. Obrazec LV-8 \u2013 Soglasje kan. za \u010dl. OS preds. ita. nar. skupn.-Candidatura per le elezioni dei consiglieri comunali rappresentanti della comunit\u00e0 nazionale Italiana<\/a><\/li>\n<li><a href=\"https:\/\/www.koper.si\/wp-content\/uploads\/2022\/09\/3.-Obrazec-LV-3-\u2013-Podpora-kandidaturi-za-clana-OS-predstavnika-ita.-nar.-sk.-Sostegno-alla-candidatura-a-membro-del-consiglio-comunale-che-rappresenta-la-comunita-nazionale-italiana-IT.pdf\" target=\"_blank\" rel=\"noopener\">3. Obrazec LV-3 \u2013 Podpora kandidaturi za \u010dlana OS predstavnika ita. nar. sk. &#8211; Sostegno alla candidatura a membro del consiglio comunale che rappresenta la comunit\u00e0 nazionale italiana &#8211; IT<\/a><\/li>\n<\/ul>\n<p>\n<\/div><\/div><\/div><\/div><div class=\"kc-elm kc-css-298166 kc_accordion_section group \"><h3 class=\"kc_accordion_header ui-accordion-header\"><a href=\"#comunita-locali\" data-prevent=\"scroll\"><div class=\"kc-accordion-inner-wrapper\"><span class=\"ui-accordion-header-icon ui-icon\"><\/span><i class=\"\"><\/i> Comunit\u00e0 locali<\/div><\/a><\/h3><div class=\"kc_accordion_content ui-accordion-content kc_clearfix\"><div class=\"kc-panel-body\"><div class=\"kc-elm kc-css-595684 kc_text_block\"><\/p>\n<p>Kandidatura za volitve \u010dlanov sveta krajevne skupnosti, ki jo vlo\u017ei skupina volivcev \/ Candidatura per le elezioni dei membri del consiglio della Comunit\u00e0 locale, inoltrata da parte di un gruppo di elettori:<\/p>\n<ul>\n<li><a href=\"https:\/\/www.koper.si\/wp-content\/uploads\/2022\/09\/1.-Obrazec-LV-6-\u2013-Kandidatura-za-svet-KS-\u2013-obrazci-za-posamezne-KS-\u2013-kandidatura-s-podporo-volivcev-2.zip\">1. Obrazec LV-6 \u2013 Kandidatura za svet KS \u2013 obrazci za posamezne KS \u2013 kandidatura s podporo volivcev<\/a><\/li>\n<li><a href=\"https:\/\/www.koper.si\/wp-content\/uploads\/2022\/09\/2.-Obrazec-LV-8-\u2013-Soglasje-h-kandidaturi-za-clana-clanico-sveta-krajevne-skupnosti-SLO.pdf\" target=\"_blank\" rel=\"noopener\">2. Obrazec LV-8 \u2013 Soglasje h kandidaturi za \u010dlana, \u010dlanico sveta krajevne skupnosti &#8211; SLO<\/a><\/li>\n<li><a href=\"https:\/\/www.koper.si\/wp-content\/uploads\/2022\/09\/2.1-Obrazec-LV-8-\u2013-Soglasje-h-kandidaturi-za-clana-clanico-sveta-krajevne-skupnosti-Consenso-alla-candidatura-a-membro-del-consiglio-della-comunita-locale-IT.pdf\" target=\"_blank\" rel=\"noopener\">2.1 Obrazec LV-8 \u2013 Soglasje h kandidaturi za \u010dlana, \u010dlanico sveta krajevne skupnosti &#8211; Consenso alla candidatura a membro del consiglio della comunit\u00e0 locale &#8211; IT<\/a><\/li>\n<\/ul>\n<p>\n<\/div><div class=\"kc-elm kc-css-396702 kc_text_block\"><\/p>\n<p>Kandidatura za volitve \u010dlanov sveta krajevne skupnosti, ki jo vlo\u017ei politi\u010dna strankastranka \/ Candidatura per le elezioni dei membri del consiglio della Comunit\u00e0 locale, inoltrata da parte di un partito politico:<\/p>\n<ul>\n<li><a href=\"https:\/\/www.koper.si\/wp-content\/uploads\/2022\/09\/1.-Obrazec-\u2013-Kandidatura-za-svet-KS-\u2013-kandidatura-s-podporo-politicne-stranke.docx\">1. Obrazec &#8211; Kandidatura za svet KS &#8211; kandidatura s podporo politi\u010dne stranke<\/a><\/li>\n<li><a href=\"https:\/\/www.koper.si\/wp-content\/uploads\/2022\/09\/2.-Obrazec-LV-8-\u2013-Soglasje-h-kandidaturi-za-clana-clanico-sveta-krajevne-skupnosti-SLO-1.pdf\" target=\"_blank\" rel=\"noopener\">2. Obrazec LV-8 \u2013 Soglasje h kandidaturi za \u010dlana, \u010dlanico sveta krajevne skupnosti &#8211; SLO<\/a><\/li>\n<li><a href=\"https:\/\/www.koper.si\/wp-content\/uploads\/2022\/09\/2.1-Obrazec-LV-8-\u2013-Soglasje-h-kandidaturi-za-clana-clanico-sveta-krajevne-skupnosti-Consenso-alla-candidatura-a-membro-del-consiglio-della-comunita-locale-IT-1.pdf\" target=\"_blank\" rel=\"noopener\">2.1 Obrazec LV-8 \u2013 Soglasje h kandidaturi za \u010dlana, \u010dlanico sveta krajevne skupnosti &#8211; Consenso alla candidatura a membro del consiglio della comunit\u00e0 locale &#8211; IT<\/a><\/li>\n<li><a href=\"https:\/\/www.koper.si\/wp-content\/uploads\/2022\/09\/3.-Obrazec-\u2013-Zapisnik-politicne-stranke-o-delu-organa-politicne-stranke-ki-je-dolocil-listo-kandidatov-za-clane-sveta-krajevne-skupnosti.docx\">3. Obrazec \u2013 Zapisnik politi\u010dne stranke o delu organa politi\u010dne stranke, ki je dolo\u010dil listo kandidatov za \u010dlane sveta krajevne skupnosti<\/a><\/li>\n<li><a href=\"https:\/\/www.koper.si\/wp-content\/uploads\/2022\/09\/4.-Obrazec-LV-12-\u2013-Seznam-udelezencev-pri-delu-organa-politic.-stranke-ki-je-dolocil-kandidaturo-za-lokalne-volitve.pdf\" target=\"_blank\" rel=\"noopener\">4. Obrazec LV-12 \u2013 Seznam udele\u017eencev pri delu organa politi\u010d. stranke, ki je dolo\u010dil kandidaturo za lokalne volitve<\/a><\/li>\n<\/ul>\n<p>\n<\/div><\/div><\/div><\/div><div class=\"kc-elm kc-css-562041 kc_accordion_section group \"><h3 class=\"kc_accordion_header ui-accordion-header\"><a href=\"#comitati-elettorali\" data-prevent=\"scroll\"><div class=\"kc-accordion-inner-wrapper\"><span class=\"ui-accordion-header-icon ui-icon\"><\/span><i class=\"\"><\/i> Comitati elettorali<\/div><\/a><\/h3><div class=\"kc_accordion_content ui-accordion-content kc_clearfix\"><div class=\"kc-panel-body\"><div class=\"kc-elm kc-css-701322 kc_text_block\"><\/p>\n<ul>\n<li><a href=\"https:\/\/www.koper.si\/wp-content\/uploads\/2022\/09\/Poziv-k-oddaji-predlogov-kandidatov-za-sestavo-volilnih-odborov.pdf\" target=\"_blank\" rel=\"noopener\">Poziv k oddaji predlogov kandidatov za sestavo volilnih odborov<\/a><\/li>\n<li><a href=\"https:\/\/www.koper.si\/wp-content\/uploads\/2022\/09\/OBRAZEC-predlogi-clanov-volilnih-odborov-PREDLOG-SOGLASJE.pdf\" target=\"_blank\" rel=\"noopener\">OBRAZEC &#8211; predlogi \u010dlanov volilnih odborov &#8211; PREDLOG + SOGLASJE<\/a><\/li>\n<li><a href=\"https:\/\/www.koper.si\/wp-content\/uploads\/2022\/09\/Poziv-k-oddaji-predlogov-kandidatov-za-sestavo-volilnih-odborov-IT.pdf\" target=\"_blank\" rel=\"noopener\">Poziv k oddaji predlogov kandidatov za sestavo volilnih odborov &#8211; IT<\/a><\/li>\n<li><a href=\"https:\/\/www.koper.si\/wp-content\/uploads\/2022\/09\/OBRAZEC-predlogi-clanov-volilnih-odborov-PREDLOG-SOGLASJE-IT.pdf\" target=\"_blank\" rel=\"noopener\">OBRAZEC &#8211; predlogi \u010dlanov volilnih odborov &#8211; PREDLOG + SOGLASJE &#8211; IT<\/a><\/li>\n<\/ul>\n<p>\n<\/div><\/div><\/div><\/div><div class=\"kc-elm kc-css-241144 kc_accordion_section group \"><h3 class=\"kc_accordion_header ui-accordion-header\"><a href=\"#consiglio-della-comunita-autogestita-della-nazionalita-italiana-di-capodistria\" data-prevent=\"scroll\"><div class=\"kc-accordion-inner-wrapper\"><span class=\"ui-accordion-header-icon ui-icon\"><\/span><i class=\"\"><\/i> Consiglio della Comunit\u00e0 autogestita della nazionalit\u00e0 italiana di Capodistria<\/div><\/a><\/h3><div class=\"kc_accordion_content ui-accordion-content kc_clearfix\"><div class=\"kc-panel-body\"><div class=\"kc-elm kc-css-300003 kc_text_block\"><\/p>\n<ul>\n<li><a href=\"https:\/\/www.koper.si\/wp-content\/uploads\/2022\/09\/kandidatura-v-svet-SSIN-Koper_EM\ufffdO.pdf\" target=\"_blank\" rel=\"noopener\">1. Obrazec CAN1 \u2013 Kandidatura za volitve \u010dlanov sveta SSIN Koper &#8211; Candidatura per le elezioni dei membri del consiglio della CAN Capodistria<\/a><\/li>\n<li><a href=\"https:\/\/www.koper.si\/wp-content\/uploads\/2022\/09\/soglasje-kandidata-za-\ufffdlana-sveta-SSIN-Koper_EM\ufffdO.pdf\" target=\"_blank\" rel=\"noopener\">2. Obrazec CAN2 \u2013 Soglasje kandidata za \u010dlana sveta SSIN Koper &#8211; Consenso del candidato a membro del consiglio della CAN Capodistria<\/a><\/li>\n<\/ul>\n<p>\n<\/div><\/div><\/div><\/div><\/div>\r\n<\/div><\/div><\/div><\/div><\/section><section id=\"seje-volilnih-komisij\" class=\"kc-elm kc-css-826477 kc_row\"><div class=\" container\"><div class=\"row\"><div class=\"kc-elm kc-css-268784 col-12 col-sm-12 column col-12 col-sm-12\"><div class=\"kc-col-container\">\n<div class=\"kc-elm kc-css-295032 kc-title-wrap \">\n\n\t<h2 class=\"kc_title\">Sedute delle commissioni elettorali<\/h2>\n<\/div>\n<div data-closeall=\"true\" class=\"kc-elm kc-css-372116 kc_accordion_wrapper\">\r\n    <div class=\"kc-elm kc-css-161909 kc_accordion_section group \"><h3 class=\"kc_accordion_header ui-accordion-header\"><a href=\"#sedute-della-commissione-elettorale-comunale\" data-prevent=\"scroll\"><div class=\"kc-accordion-inner-wrapper\"><span class=\"ui-accordion-header-icon ui-icon\"><\/span><i class=\"\"><\/i> Sedute della Commissione elettorale comunale<\/div><\/a><\/h3><div class=\"kc_accordion_content ui-accordion-content kc_clearfix\"><div class=\"kc-panel-body\"><div class=\"kc-elm kc-css-839916 kc_text_block\"><\/p>\n<p><a href=\"https:\/\/www.koper.si\/wp-content\/uploads\/2026\/09\/1.-seja-Obcinske-volilne-komisije-Mestne-obcine-Koper-16.6.2026.pdf\" target=\"_blank\" rel=\"noopener\"><b>1. Seja Ob\u010dinske volilne komisije Mestne ob\u010dine Koper (16. 6. 2026)<\/b><\/a><\/p>\n<p><a href=\"https:\/\/www.koper.si\/wp-content\/uploads\/2026\/09\/Zapisnik-1.-seje-Obcinske-volilne-komisije-Mestne-obcine-Koper.pdf\" target=\"_blank\" rel=\"noopener\"><b>Zapisnik 1. seje Ob\u010dinske volilne komisije Mestne ob\u010dine Koper<\/b><\/a><\/p>\n<\/p>\n<p>\n<\/div><\/div><\/div><\/div><div class=\"kc-elm kc-css-712521 kc_accordion_section group \"><h3 class=\"kc_accordion_header ui-accordion-header\"><a href=\"#sedute-della-commissione-elettorale-comunale-particolare\" data-prevent=\"scroll\"><div class=\"kc-accordion-inner-wrapper\"><span class=\"ui-accordion-header-icon ui-icon\"><\/span><i class=\"\"><\/i> Sedute della Commissione elettorale comunale particolare<\/div><\/a><\/h3><div class=\"kc_accordion_content ui-accordion-content kc_clearfix\"><div class=\"kc-panel-body\"><div class=\"kc-elm kc-css-361798 kc_text_block\"><\/p>\n<div><\/div>\n<p>\n<\/div><\/div><\/div><\/div><\/div>\r\n<\/div><\/div><\/div><\/div><\/section><section id=\"rokovnik\" class=\"kc-elm kc-css-445539 kc_row\"><div class=\" container\"><div class=\"row\"><div class=\"kc-elm kc-css-449278 col-12 col-sm-12 column col-12 col-sm-12\"><div class=\"kc-col-container\">\n<div class=\"kc-elm kc-css-198537 kc-title-wrap \">\n\n\t<h2 class=\"kc_title\">Scadenziario<\/h2>\n<\/div>\n<div class=\"kc-elm kc-css-880833 kc_text_block\"><\/p>\n<ul>\n<li><a href=\"https:\/\/www.koper.si\/wp-content\/uploads\/2026\/09\/Rokovnik_volilnih_opravil_LV_2026.pdf\" target=\"_blank\" rel=\"noopener\"><span style=\"font-weight: 400;\">Scadenziario delle operazioni elettorali per le elezioni ordinaria ai consigli comunali e per le elezioni ordinario dei sindaci &#8211; SLO<\/span><\/a><\/li>\n<li><a href=\"https:\/\/www.koper.si\/wp-content\/uploads\/2026\/09\/Rokovnik_volilnih_opravil_LV_2026_IT.pdf\" target=\"_blank\" rel=\"noopener\"><span style=\"font-weight: 400;\">Scadenziario delle operazioni elettorali per le elezioni ordinaria ai consigli comunali e per le elezioni ordinario dei sindaci \u2013 ITA<\/span><\/a><\/li>\n<\/ul>\n<p>\n<\/div><\/div><\/div><\/div><\/div><\/section><section id=\"seznam-potrjenih-kandidatur\" class=\"kc-elm kc-css-999197 kc_row\"><div class=\" container\"><div class=\"row\"><div class=\"kc-elm kc-css-534718 col-12 col-sm-12 column col-12 col-sm-12\"><div class=\"kc-col-container\">\n<div class=\"kc-elm kc-css-476844 kc-title-wrap \">\n\n\t<h2 class=\"kc_title\">Seznam potrjenih kandidatur<\/h2>\n<\/div>\n<div class=\"kc-elm kc-css-470123 kc_text_block\"><\/p>\n<p class=\"Podnaslov\"><strong>Seznam potrjenih kandidatur &#8211; objavljeno 30. 10. 2018<br \/><\/strong>Umik podatkov skladno s Splo\u0161no uredbo o varstvu podatkov (GDPR).<\/p>\n<p class=\"Podnaslov\"><strong>Seznam potrjenih kandidatur za naknadne volitve \u010dlanov svetov krajevnih skupnosti &#8211; objavljeno 23. 11. 2018<br \/><\/strong>Umik podatkov skladno s Splo\u0161no uredbo o varstvu podatkov (GDPR).<\/p>\n<p>\n<\/div><\/div><\/div><\/div><\/div><\/section><section id=\"izidi-volitev\" class=\"kc-elm kc-css-10554 kc_row\"><div class=\" container\"><div class=\"row\"><div class=\"kc-elm kc-css-191516 col-12 col-sm-12 column col-12 col-sm-12\"><div class=\"kc-col-container\">\n<div class=\"kc-elm kc-css-607410 kc-title-wrap \">\n\n\t<h2 class=\"kc_title\">Izidi volitev<\/h2>\n<\/div>\n<div data-closeall=\"true\" class=\"kc-elm kc-css-156855 kc_accordion_wrapper\">\r\n    <div class=\"kc-elm kc-css-886170 kc_accordion_section group \"><h3 class=\"kc_accordion_header ui-accordion-header\"><a href=\"#2-krog-volitev-za-zupana\" data-prevent=\"scroll\"><div class=\"kc-accordion-inner-wrapper\"><span class=\"ui-accordion-header-icon ui-icon\"><\/span><i class=\"\"><\/i> 2. krog volitev za \u017eupana<\/div><\/a><\/h3><div class=\"kc_accordion_content ui-accordion-content kc_clearfix\"><div class=\"kc-panel-body\"><div class=\"kc-elm kc-css-325434 kc_text_block\"><\/p>\n<p>\nDrugi krog volitev za \u017eupana bo potekal v nedeljo, 2. decembra 2018. Pred\u010dasno glasovanje bo potekalo v torek, sredo in \u010detrtek (27.-29. november 2018) med 7. in 19. uro, na voli\u0161\u010du na sede\u017eu Mestne ob\u010dine Koper.<\/p>\n<p><a href=\"https:\/\/www.koper.si\/wp-content\/uploads\/2020\/11\/Ugotovitveni-sklep-OVK-MOK-2.-krog-volitev-za-\u017eupana.pdf\">Ugotovitveni sklep OVK MOK &#8211; 2. krog volitev za \u017eupana<\/a><\/p>\n<p>\n<\/div><\/div><\/div><\/div><div class=\"kc-elm kc-css-158973 kc_accordion_section group \"><h3 class=\"kc_accordion_header ui-accordion-header\"><a href=\"#naknadne-in-ponovne-volitve-v-ks\" data-prevent=\"scroll\"><div class=\"kc-accordion-inner-wrapper\"><span class=\"ui-accordion-header-icon ui-icon\"><\/span><i class=\"\"><\/i> Naknadne in ponovne volitve v KS<\/div><\/a><\/h3><div class=\"kc_accordion_content ui-accordion-content kc_clearfix\"><div class=\"kc-panel-body\"><div class=\"kc-elm kc-css-135605 kc_text_block\"><\/p>\n<p>\nRazpi\u0161ejo se\u00a0<strong>naknadne<\/strong>\u00a0volitve za \u010dlane svetov krajevnih skupnosti:<\/p>\n<ul>\n<li>Krajevna skupnost\u00a0<strong>\u010crni Kal<\/strong>, volilna enota\u00a0<strong>9<\/strong>, ki obsega naselje\u00a0<strong>Predloka<\/strong>, prostorski okoli\u0161 (PO-ID) 191,<\/li>\n<li>Krajevna skupnost\u00a0<strong>Olmo-Prisoje<\/strong>, volilna enota\u00a0<strong>4<\/strong>, ki obsega dele naselja Koper in naselja \u0160alara z zaselkom Paderna, prostorski okoli\u0161i (PO-ID) 112, 123, 124, 125, 126, 335, 336,<\/li>\n<li>Krajevna skupnost\u00a0<strong>Pobegi-\u010ce\u017earji<\/strong>, volilna enota\u00a0<strong>4<\/strong>, ki obsega del naselja Pobegi, prostorski okoli\u0161i (PO-ID) 165, 168, 379,<\/li>\n<li>Krajevna skupnost\u00a0<strong>Za Gradom<\/strong>, volilna enota\u00a0<strong>3<\/strong>, ki obsega prostorske okoli\u0161e (PO-ID) 54, 55, 56, 90, 361.<\/li>\n<\/ul>\n<p>V vsaki volilni enoti se voli en \u010dlan sveta krajevne skupnosti.\u00a0<strong>Kandidature<\/strong>\u00a0za naknadne volitve se lahko vlo\u017eijo\u00a0<strong>do petka, 23. 11. 2018, do 14. ure<\/strong>, pri Ob\u010dinski volilni komisiji Mestne ob\u010dine Koper.<\/p>\n<p>Razpi\u0161ejo se\u00a0<strong>ponovne<\/strong>\u00a0volitve za \u010dlane svetov krajevnih skupnosti\u00a0<strong>na podlagi obstoje\u010dih kandidatur<\/strong>\u00a0na naslednjih voli\u0161\u010dih:<\/p>\n<ul>\n<li><strong>409 \u2013 O\u0160 Anton Ukmar<\/strong>\u00a0\u2013 Krajevna skupnost\u00a0<strong>\u017dusterna<\/strong>,<\/li>\n<li><strong>422 \u2013 SEP\u0160 Koper, Martin\u010dev trg<\/strong>\u00a03 \u2013 Krajevna skupnost\u00a0<strong>Koper-center<\/strong>.<\/li>\n<\/ul>\n<p>Naknadne in ponovne volitve se izvedejo skupaj z drugim krogom volitev \u017eupana dne\u00a0<strong>2. 12. 2018<\/strong>. Za dan razpisa volitev, s katerim za\u010dno te\u010di roki za volilna opravila, se \u0161teje torek, 20. 11. 2018.<\/p>\n<p>Razpis naknadnih in ponovnih volitev \u010dlanov svetov krajevnih skupnosti je objavljen v Uradnem listu Republike Slovenije \u0161t. 73\/18.<\/p>\n<p><a href=\"https:\/\/www.koper.si\/wp-content\/uploads\/2020\/11\/Razpis-naknadne-in-ponovne-volitve-MOK-KS-SLO-ITA-podpisan.pdf\" target=\"_blank\" rel=\"noopener noreferrer\">Razpis naknadnih in ponovnih volitev \u010dlanov svetov krajevnih skupnosti v Mestni ob\u010dini Koper<\/a><\/p>\n<p>\n<\/div><div class=\"kc-elm kc-css-849739 kc_text_block\"><\/p>\n<p><strong>Obrazci za naknadne volitve<\/strong><\/p>\n<ul>\n<li><a href=\"https:\/\/www.koper.si\/wp-content\/uploads\/2020\/11\/Obrazec-LV-6-Kandidatura-za-\u010dlana-sveta-KS-Olmo-Prisoje-VE4-SLO-ITA.docx\" target=\"_blank\" rel=\"noopener noreferrer\">Obrazec LV-6 &#8211; Kandidatura za \u010dlana sveta KS Olmo Prisoje VE4 (SLO-ITA)<\/a><\/li>\n<li><a href=\"https:\/\/www.koper.si\/wp-content\/uploads\/2020\/11\/Obrazec-LV-6-Kandidatura-za-\u010dlana-sveta-KS-\u010crni-Kal-VE9.docx\" target=\"_blank\" rel=\"noopener noreferrer\">Obrazec LV-6 &#8211; Kandidatura za \u010dlana sveta KS \u010crni Kal VE9<\/a><\/li>\n<li><a href=\"https:\/\/www.koper.si\/wp-content\/uploads\/2020\/11\/Obrazec-LV-6-Kandidatura-za-\u010dlana-sveta-KS-Pobegi-\u010ce\u017earji-VE4.docx\" target=\"_blank\" rel=\"noopener noreferrer\">Obrazec LV-6 &#8211; Kandidatura za \u010dlana sveta KS Pobegi-\u010ce\u017earji VE4<\/a><\/li>\n<li><a href=\"https:\/\/www.koper.si\/wp-content\/uploads\/2020\/11\/Obrazec-LV-6-Kandidatura-za-\u010dlana-sveta-KS-Za-Gradom-VE3-SLO-ITA.docx\" target=\"_blank\" rel=\"noopener noreferrer\">Obrazec LV-6 &#8211; Kandidatura za \u010dlana sveta KS Za Gradom VE3 (SLO-ITA)<\/a><\/li>\n<li><a href=\"https:\/\/www.koper.si\/wp-content\/uploads\/2020\/11\/Obrazec-LV-8-Soglasje-h-kandidaturi-naknadne-volitve-KS.doc\" target=\"_blank\" rel=\"noopener noreferrer\">Obrazec LV-8 &#8211; Soglasje h kandidaturi &#8211; naknadne volitve KS<\/a><\/li>\n<li><a href=\"https:\/\/www.koper.si\/wp-content\/uploads\/2020\/11\/Obrazec-LV-8-Soglasje-h-kandidaturi-naknadne-volitve-KS-SLO-ITA.doc\" target=\"_blank\" rel=\"noopener noreferrer\">Obrazec LV-8 &#8211; Soglasje h kandidaturi &#8211; naknadne volitve KS (SLO-ITA)<\/a><\/li>\n<li><a href=\"https:\/\/www.koper.si\/wp-content\/uploads\/2020\/11\/Obrazec-LV-10-Zapisnik-o-delu-organa-politi\u010dne-stranke-ki-je-dolo\u010dil-kandidaturoe-za-\u010dlana-sveta-krajevne-skupnosti.doc\" target=\"_blank\" rel=\"noopener noreferrer\">Obrazec LV-10 &#8211; Zapisnik o delu organa politi\u010dne stranke, ki je dolo\u010dil kandidaturo(e) za \u010dlana sveta krajevne skupnosti<\/a><\/li>\n<li><a href=\"https:\/\/www.koper.si\/wp-content\/uploads\/2020\/11\/Obrazec-LV-12-Seznam-udele\u017eencev-pri-delu-organa-politi\u010dne-stranke-ki-je-dolo\u010dil-kandidaturo-za-KS.doc\" target=\"_blank\" rel=\"noopener noreferrer\">Obrazec LV-12 &#8211; Seznam udele\u017eencev pri delu organa politi\u010dne stranke, ki je dolo\u010dil kandidaturo za KS<\/a><\/li>\n<\/ul>\n<p>\n<\/div><\/div><\/div><\/div><div class=\"kc-elm kc-css-962850 kc_accordion_section group \"><h3 class=\"kc_accordion_header ui-accordion-header\"><a href=\"#neuradni-rezultati\" data-prevent=\"scroll\"><div class=\"kc-accordion-inner-wrapper\"><span class=\"ui-accordion-header-icon ui-icon\"><\/span><i class=\"\"><\/i> Neuradni rezultati<\/div><\/a><\/h3><div class=\"kc_accordion_content ui-accordion-content kc_clearfix\"><div class=\"kc-panel-body\"><div class=\"kc-elm kc-css-898210 kc_text_block\"><\/p>\n<p>Neuradni rezultati drugega kroga volitev za \u017eupana Mestne ob\u010dine Koper, na podlagi pre\u0161tetih glasov do 3. 12. 2018 do 14:00.<\/p>\n<ul>\n<li><a href=\"https:\/\/www.koper.si\/wp-content\/uploads\/2020\/11\/1-Skupni-rezultat-glasovanja-za-\u017eupana.pdf\" target=\"_blank\" rel=\"noopener noreferrer\">1 &#8211; Skupni rezultat glasovanja za \u017eupana<\/a><\/li>\n<li><a href=\"https:\/\/www.koper.si\/wp-content\/uploads\/2020\/11\/2-Rezultati-glasovanja-za-\u017eupana-po-voli\u0161\u010dih.pdf\" target=\"_blank\" rel=\"noopener noreferrer\">2 &#8211; Rezultati glasovanja za \u017eupana po voli\u0161\u010dih<\/a><\/li>\n<li><a href=\"https:\/\/www.koper.si\/wp-content\/uploads\/2020\/11\/3-Skupna-udele\u017eba.pdf\" target=\"_blank\" rel=\"noopener noreferrer\">3 &#8211; Skupna udele\u017eba<\/a><\/li>\n<\/ul>\n<p>\n<\/div><div class=\"kc-elm kc-css-896259 kc_text_block\"><\/p>\n<p>Neuradni rezultati volitev za \u017eupana in ob\u010dinski svet Mestne ob\u010dine Koper, na podlagi pre\u0161tetih glasov do 20. 11. 2018 do 11:00.<\/p>\n<ul>\n<li><a href=\"https:\/\/www.koper.si\/wp-content\/uploads\/2020\/11\/1-Udele\u017eba.pdf\" target=\"_blank\" rel=\"noopener noreferrer\">1 &#8211; Udele\u017eba<\/a><\/li>\n<li><a href=\"https:\/\/www.koper.si\/wp-content\/uploads\/2020\/11\/2-Udele\u017eba-po-voli\u0161\u010dih.pdf\" target=\"_blank\" rel=\"noopener noreferrer\">2 &#8211; Udele\u017eba po voli\u0161\u010dih<\/a><\/li>\n<li><a href=\"https:\/\/www.koper.si\/wp-content\/uploads\/2020\/11\/3-\u017dupan-skupni-rezultat.pdf\" target=\"_blank\" rel=\"noopener noreferrer\">3 &#8211; \u017dupan &#8211; skupni rezultat<\/a><\/li>\n<li><a href=\"https:\/\/www.koper.si\/wp-content\/uploads\/2020\/11\/4-\u017dupan-rezultati-po-voli\u0161\u010dih.pdf\" target=\"_blank\" rel=\"noopener noreferrer\">4 &#8211; \u017dupan &#8211; rezultati po voli\u0161\u010dih<\/a><\/li>\n<li><a href=\"https:\/\/www.koper.si\/wp-content\/uploads\/2020\/11\/5-\u017dupan-rezultati-po-kandidatih-po-voli\u0161\u010dih.pdf\" target=\"_blank\" rel=\"noopener noreferrer\">5 &#8211; \u017dupan &#8211; rezultati po kandidatih po voli\u0161\u010dih<\/a><\/li>\n<li><a href=\"https:\/\/www.koper.si\/wp-content\/uploads\/2020\/11\/6-OS-skupni-rezultati.pdf\" target=\"_blank\" rel=\"noopener noreferrer\">6 &#8211; OS &#8211; skupni rezultati<\/a><\/li>\n<li><a href=\"https:\/\/www.koper.si\/wp-content\/uploads\/2020\/11\/7-OS-rezultati-po-voli\u0161\u010dih.pdf\" target=\"_blank\" rel=\"noopener noreferrer\">7 &#8211; OS &#8211; rezultati po voli\u0161\u010dih<\/a><\/li>\n<li><a href=\"https:\/\/www.koper.si\/wp-content\/uploads\/2020\/11\/8-OS-seznam-izvoljenih-kandidatov-po-listah.pdf\" target=\"_blank\" rel=\"noopener noreferrer\">8 &#8211; OS &#8211; seznam izvoljenih kandidatov po listah<\/a><\/li>\n<li><a href=\"https:\/\/www.koper.si\/wp-content\/uploads\/2020\/11\/9-OS-mandati-po-listah.pdf\" target=\"_blank\" rel=\"noopener noreferrer\">9 &#8211; OS &#8211; mandati po listah<\/a><\/li>\n<li><a href=\"https:\/\/www.koper.si\/wp-content\/uploads\/2020\/11\/10-OS-predstavniki-italijanske-narodne-skupnosti.pdf\" target=\"_blank\" rel=\"noopener noreferrer\">10 &#8211; OS &#8211; predstavniki italijanske narodne skupnosti<\/a><\/li>\n<li><a href=\"https:\/\/www.koper.si\/wp-content\/uploads\/2020\/11\/11-OS-preferen\u010dni-glasovi.pdf\" target=\"_blank\" rel=\"noopener noreferrer\">11 &#8211; OS &#8211; preferen\u010dni glasovi<\/a><\/li>\n<\/ul>\n<p>\n<\/div><\/div><\/div><\/div><div class=\"kc-elm kc-css-841 kc_accordion_section group \"><h3 class=\"kc_accordion_header ui-accordion-header\"><a href=\"#uradni-rezultati\" data-prevent=\"scroll\"><div class=\"kc-accordion-inner-wrapper\"><span class=\"ui-accordion-header-icon ui-icon\"><\/span><i class=\"\"><\/i> Uradni rezultati<\/div><\/a><\/h3><div class=\"kc_accordion_content ui-accordion-content kc_clearfix\"><div class=\"kc-panel-body\"><div class=\"kc-elm kc-css-920340 kc_text_block\"><\/p>\n<p>Uradni rezultati drugega kroga volitev za \u017eupana in naknadnih ter ponovnih volitev za \u010dlane svetov krajevnih skupnosti v Mestni ob\u010dini Koper, ki so potekale dne 2. 12. 2018<\/p>\n<ul>\n<li><a href=\"https:\/\/www.koper.si\/wp-content\/uploads\/2020\/11\/Poro\u010dilo-o-izidu-volitev-\u017dupan-2.-krog.pdf\" target=\"_blank\" rel=\"noopener noreferrer\">Poro\u010dilo o izidu volitev &#8211; \u017dupan (2. krog)<\/a><\/li>\n<li><a href=\"https:\/\/www.koper.si\/wp-content\/uploads\/2020\/11\/Poro\u010dilo-o-izidu-volitev-KS-nadomestne-in-ponovne.pdf\" target=\"_blank\" rel=\"noopener noreferrer\">Poro\u010dilo o izidu volitev &#8211; KS (nadomestne in ponovne)<\/a><\/li>\n<\/ul>\n<p>\n<\/div><div class=\"kc-elm kc-css-408706 kc_text_block\"><\/p>\n<p>Uradni rezultati lokalnih volitev 2018 v Mestni ob\u010dini Koper<\/p>\n<ul>\n<li><a style=\"font-style: inherit;\" href=\"https:\/\/www.koper.si\/wp-content\/uploads\/2020\/11\/1.-Poro\u010dilo-o-izidu-rednih-volitev-\u017eupana-in-\u010dlanov-ob\u010dinskega-sveta-MOK.pdf\" target=\"_blank\" rel=\"noopener noreferrer\">1. Poro\u010dilo o izidu rednih volitev \u017eupana in \u010dlanov ob\u010dinskega sveta MOK<\/a><\/li>\n<li><a href=\"https:\/\/www.koper.si\/wp-content\/uploads\/2020\/11\/2.-Poro\u010dilo-o-izidu-volitev-v-svete-krajevnih-skupnosti-na-obmo\u010dju-MOK.pdf\" target=\"_blank\" rel=\"noopener noreferrer\">2. Poro\u010dilo o izidu volitev v svete krajevnih skupnosti na obmo\u010dju MOK<\/a><\/li>\n<li><a href=\"https:\/\/www.koper.si\/wp-content\/uploads\/2020\/11\/3.-Poro\u010dilo-o-izidu-rednih-volitev-\u010dlanov-ob\u010dinskega-sveta-MOK-predstavnikov-italijanske-narodne-skupnosti.pdf\" target=\"_blank\" rel=\"noopener noreferrer\">3. Poro\u010dilo o izidu rednih volitev \u010dlanov ob\u010dinskega sveta MOK &#8211; predstavnikov italijanske narodne skupnosti<\/a><\/li>\n<li><a href=\"https:\/\/www.koper.si\/wp-content\/uploads\/2020\/11\/4.-Poro\u010dilo-o-izidu-rednih-volitev-\u010dlanov-SSINCAN.pdf\" target=\"_blank\" rel=\"noopener noreferrer\">4. Poro\u010dilo o izidu rednih volitev \u010dlanov SSIN\/CAN<\/a><\/li>\n<\/ul>\n<p>\n<\/div><\/div><\/div><\/div><\/div>\r\n<\/div><\/div><\/div><\/div><\/section><section id=\"izidi-volitev\" class=\"kc-elm kc-css-944379 kc_row\"><div class=\" container\"><div class=\"row\"><div class=\"kc-elm kc-css-629722 col-12 col-sm-12 column col-12 col-sm-12\"><div class=\"kc-col-container\">\n<div class=\"kc-elm kc-css-573366 kc-title-wrap \">\n\n\t<h2 class=\"kc_title\">Izidi volitev<\/h2>\n<\/div>\n<div class=\"kc-elm kc-css-317332 kc_text_block\"><\/p>\n<p>Uradni rezultati<\/p>\n<ul>\n<li><a href=\"https:\/\/www.koper.si\/wp-content\/uploads\/2022\/11\/Porocilo-o-izidu-volitev-Zupan-in-OS.pdf\" target=\"_blank\" rel=\"noopener\">1. Poro\u010dilo o izidu rednih volitev \u017eupana in \u010dlanov ob\u010dinskega sveta MOK<\/a><\/li>\n<li><a href=\"https:\/\/www.koper.si\/wp-content\/uploads\/2022\/11\/Porocilo-o-izidu-volitev-OS-ITA.pdf\">2. Poro\u010dilo o izidu rednih volitev \u010dlanov ob\u010dinskega sveta MOK \u2013 predstavnikov italijanske narodne skupnosti<\/a><\/li>\n<li><a href=\"https:\/\/www.koper.si\/wp-content\/uploads\/2022\/11\/Porocilo-o-izidu-volitev-v-svet-KS.pdf\" target=\"_blank\" rel=\"noopener\">3. Poro\u010dilo o izidu volitev v svete krajevnih skupnosti na obmo\u010dju MOK<\/a><\/li>\n<li><a href=\"https:\/\/www.koper.si\/wp-content\/uploads\/2022\/11\/Porocilo-o-izidu-volitev-CAN.pdf\" target=\"_blank\" rel=\"noopener\">4. Poro\u010dilo o izidu rednih volitev \u010dlanov SSIN\/CAN<\/a><\/li>\n<li><a href=\"https:\/\/www.koper.si\/wp-content\/uploads\/2022\/12\/Porocilo-o-izidu-volitev-v-svet-KS-naknadne-in-ponovne.pdf\" target=\"_blank\" rel=\"noopener\">5. Poro\u010dilo o izidu naknadnih in ponovnih volitev v svete krajevnih skupnosti na obmo\u010dju MOK <\/a><\/li>\n<\/ul>\n<p>\n<\/div><\/div><\/div><\/div><\/div><\/section><\/p>\n","protected":false},"excerpt":{"rendered":"","protected":false},"author":25,"featured_media":0,"parent":78724,"menu_order":1,"comment_status":"closed","ping_status":"closed","template":"","meta":{"_acf_changed":false,"inline_featured_image":false,"footnotes":""},"class_list":["post-116624","page","type-page","status-publish","hentry"],"acf":[],"_links":{"self":[{"href":"https:\/\/www.koper.si\/it\/wp-json\/wp\/v2\/pages\/116624","targetHints":{"allow":["GET"]}}],"collection":[{"href":"https:\/\/www.koper.si\/it\/wp-json\/wp\/v2\/pages"}],"about":[{"href":"https:\/\/www.koper.si\/it\/wp-json\/wp\/v2\/types\/page"}],"author":[{"embeddable":true,"href":"https:\/\/www.koper.si\/it\/wp-json\/wp\/v2\/users\/25"}],"replies":[{"embeddable":true,"href":"https:\/\/www.koper.si\/it\/wp-json\/wp\/v2\/comments?post=116624"}],"version-history":[{"count":10,"href":"https:\/\/www.koper.si\/it\/wp-json\/wp\/v2\/pages\/116624\/revisions"}],"predecessor-version":[{"id":116712,"href":"https:\/\/www.koper.si\/it\/wp-json\/wp\/v2\/pages\/116624\/revisions\/116712"}],"up":[{"embeddable":true,"href":"https:\/\/www.koper.si\/it\/wp-json\/wp\/v2\/pages\/78724"}],"wp:attachment":[{"href":"https:\/\/www.koper.si\/it\/wp-json\/wp\/v2\/media?parent=116624"}],"curies":[{"name":"wp","href":"https:\/\/api.w.org\/{rel}","templated":true}]}}