{"id":76038,"date":"2020-06-22T14:37:15","date_gmt":"2020-06-22T12:37:15","guid":{"rendered":"https:\/\/www.koper.si\/comune\/amministrazione-comunale\/ufficio-affari-sociali\/izobrazevanje\/"},"modified":"2020-09-11T10:22:53","modified_gmt":"2020-09-11T08:22:53","slug":"istruzione","status":"publish","type":"page","link":"https:\/\/www.koper.si\/it\/comune\/amministrazione-comunale\/ufficio-affari-sociali\/istruzione\/","title":{"rendered":"Istruzione"},"content":{"rendered":"<h2>Scuole elementari<\/h2>\n<p>Il Comune citt\u00e0 di Capodistria \u00e8 fondatore di dieci scuole elementari e cofondatore di una scuola con lingua d&#8217;insegnamento italiana.<\/p>\n<p><iframe loading=\"lazy\" src=\"https:\/\/www.google.com\/maps\/d\/u\/1\/embed?mid=z19OjMx4jwU0.kpT_46db7Ma0\" width=\"800\" height=\"480\" data-mce-fragment=\"1\"><span data-mce-type=\"bookmark\" style=\"display: inline-block; width: 0px; overflow: hidden; line-height: 0;\" class=\"mce_SELRES_start\">\ufeff<\/span><\/iframe><\/p>\n<p>&nbsp;<\/p>\n<table style=\"height: 679px; width: 99.8929%;\" width=\"859\">\n<tbody>\n<tr style=\"height: 23px;\">\n<td style=\"height: 23px; width: 24.4854%;\" width=\"190\"><strong>Scuola elementare<\/strong><\/td>\n<td style=\"height: 23px; width: 15.5531%;\" width=\"185\"><strong>Indirizzo e-mail<\/strong><\/td>\n<td style=\"height: 23px; width: 8.12312%;\" width=\"133\"><strong>Preside<\/strong><\/td>\n<td style=\"height: 23px; width: 11.0294%;\" width=\"161\"><strong>Indirizzo<\/strong><\/td>\n<td style=\"height: 23px; width: 101.113%;\" width=\"190\"><strong>Telefono<\/strong><\/td>\n<\/tr>\n<tr style=\"height: 71px;\">\n<td style=\"height: 55px; width: 24.4854%;\" width=\"190\"><a href=\"http:\/\/www.os-koper.si\" target=\"_blank\" rel=\"noopener noreferrer\">Scuola elementare Capodistria<\/a><\/td>\n<td style=\"height: 55px; width: 15.5531%;\" width=\"185\"><a href=\"mailto:niti.krota@guest.arnes.si\">niti.krota@guest.arnes.si<\/a><\/td>\n<td style=\"height: 55px; width: 8.12312%;\" width=\"133\">Niti Krota Bagari, preside f.f.<\/td>\n<td style=\"height: 55px; width: 11.0294%;\" width=\"161\">Strada Zora Perello Godina, Koper-Capodistria<\/td>\n<td style=\"height: 55px; width: 101.113%;\" width=\"190\">+386 5 663 81 00<\/td>\n<\/tr>\n<tr style=\"height: 47px;\">\n<td style=\"height: 47px; width: 24.4854%;\" width=\"190\"><a href=\"http:\/\/www.osmarezige.si\/\" target=\"_blank\" rel=\"noopener noreferrer\">Scuola elementare Ivan Babi\u010d \u2013 Jager Marezige<\/a><\/td>\n<td style=\"height: 47px; width: 15.5531%;\" width=\"185\">\u00a0<a href=\"mailto:os.marezige@guest.arnes.si\">os.marezige@guest.arnes.si<\/a><\/td>\n<td style=\"height: 47px; width: 8.12312%;\" width=\"133\">Adelina Pahor<\/td>\n<td style=\"height: 47px; width: 11.0294%;\" width=\"161\">Marezige 33\/a, Marezige<\/td>\n<td style=\"height: 47px; width: 101.113%;\" width=\"190\">+386 5 663 72 50<\/td>\n<\/tr>\n<tr style=\"height: 47px;\">\n<td style=\"height: 47px; width: 24.4854%;\" width=\"190\"><a href=\"http:\/\/www.os-dekani.si\/\" target=\"_blank\" rel=\"noopener noreferrer\">Scuola elementare Dekani<\/a><\/td>\n<td style=\"height: 47px; width: 15.5531%;\" width=\"185\"><a href=\"mailto:o-dekani.kp@guest.arnes.si\">o-dekani.kp@guest.arnes.si<\/a><\/td>\n<td style=\"height: 47px; width: 8.12312%;\" width=\"133\">Eneja Ro\u017eanec<\/td>\n<td style=\"height: 47px; width: 11.0294%;\" width=\"161\">Dekani 32, Dekani<\/td>\n<td style=\"height: 47px; width: 101.113%;\" width=\"190\">+386 5 662 12 46<\/td>\n<\/tr>\n<tr style=\"height: 47px;\">\n<td style=\"height: 47px; width: 24.4854%;\" width=\"190\"><a href=\"http:\/\/www.antonukmar.si\/\" target=\"_blank\" rel=\"noopener noreferrer\">Scuola elementare Anton Ukmar<\/a><\/td>\n<td style=\"height: 47px; width: 15.5531%;\" width=\"185\"><a href=\"mailto:andrej.mlinar@antonukmar.si\">andrej.mlinar@antonukmar.si<\/a><\/td>\n<td style=\"height: 47px; width: 8.12312%;\" width=\"133\">Andrej Mlinar<\/td>\n<td style=\"height: 47px; width: 11.0294%;\" width=\"161\">Vicolo al Boschetto 2, Koper-Capodistria<\/td>\n<td style=\"height: 47px; width: 101.113%;\" width=\"190\">+386 5 663 28 60<\/td>\n<\/tr>\n<tr style=\"height: 95px;\">\n<td style=\"height: 95px; width: 24.4854%;\" width=\"190\"><a href=\"https:\/\/www.os-hrvatini.si\/\" target=\"_blank\" rel=\"noopener noreferrer\">Scuola elementare dr. Ale\u0161 Bebler &#8211; Primo\u017e Crevatini <\/a><\/td>\n<td style=\"height: 95px; width: 15.5531%;\" width=\"185\"><a href=\"mailto:aleksandra.pobega@guest.arnes.si\">aleksandra.pobega@guest.arnes.si<\/a><\/td>\n<td style=\"height: 95px; width: 8.12312%;\" width=\"133\">Aleksandra Pobega<\/td>\n<td style=\"height: 95px; width: 11.0294%;\" width=\"161\">Crevatini 137, Ankaran-Ancarano<\/td>\n<td style=\"height: 95px; width: 101.113%;\" width=\"190\">+386 5 651 46 70<\/td>\n<\/tr>\n<tr style=\"height: 71px;\">\n<td style=\"height: 71px; width: 24.4854%;\" width=\"190\"><a href=\"http:\/\/www.dusanabordona.si\/\" target=\"_blank\" rel=\"noopener noreferrer\">Scuola elementare Du\u0161an Bordon Semedella \u2013 Capodistria <\/a><\/td>\n<td style=\"height: 71px; width: 15.5531%;\" width=\"185\"><a href=\"mailto:os.semedela@guest.arnes.si\">os.semedela@guest.arnes.si<\/a><\/td>\n<td style=\"height: 71px; width: 8.12312%;\" width=\"133\">Vesna Lavri\u0161a<\/td>\n<td style=\"height: 71px; width: 11.0294%;\" width=\"161\">Via Stane Rozman 21\/a, Koper-Capodistria<\/td>\n<td style=\"height: 71px; width: 101.113%;\" width=\"190\">+386 5 627 60 77, +386 5 \u00a0627 82 50<\/td>\n<\/tr>\n<tr style=\"height: 71px;\">\n<td style=\"height: 51px; width: 24.4854%;\" width=\"190\"><a href=\"http:\/\/www.os-ev-prade.si\/\" target=\"_blank\" rel=\"noopener noreferrer\">Scuola elementare Elvira Vatovec Prade <\/a>con succursale a Sv. Anton<\/td>\n<td style=\"height: 51px; width: 15.5531%;\" width=\"185\"><a href=\"mailto:o-prade.kp@guest.arnes.si\">o-prade.kp@guest.arnes.si<\/a><\/td>\n<td style=\"height: 51px; width: 8.12312%;\" width=\"133\">Franka Glavina Pegan<\/td>\n<td style=\"height: 51px; width: 11.0294%;\" width=\"161\">Via Pobegi 52, Koper-Capodistria<\/td>\n<td style=\"height: 51px; width: 101.113%;\" width=\"190\">+386 5 611 50 32<\/td>\n<\/tr>\n<tr style=\"height: 47px;\">\n<td style=\"height: 47px; width: 24.4854%;\" width=\"190\"><a href=\"http:\/\/www.os-gracisce.si\/\" target=\"_blank\" rel=\"noopener noreferrer\">Scuola elementare del Distaccamento istriano Gra\u010di\u0161\u010de<\/a><\/td>\n<td style=\"height: 47px; width: 15.5531%;\" width=\"185\"><a href=\"mailto:tajnistvo.oskpio@guest.arnes.si\">tajnistvo.oskpio@guest.arnes.si<\/a><\/td>\n<td style=\"height: 47px; width: 8.12312%;\" width=\"133\">Vanja Ko\u0161penda<\/td>\n<td style=\"height: 47px; width: 11.0294%;\" width=\"161\">Gra\u010di\u0161\u010de 5, Gra\u010di\u0161\u010de<\/td>\n<td style=\"height: 47px; width: 101.113%;\" width=\"190\">+386 5 657 11 76<\/td>\n<\/tr>\n<tr style=\"height: 95px;\">\n<td style=\"height: 56px; width: 24.4854%;\" width=\"190\"><a href=\"http:\/\/www.sola-skofije.si\/\" target=\"_blank\" rel=\"noopener noreferrer\">Scuola elementare Oskar Kova\u010di\u010d \u0160kofije<\/a><\/td>\n<td style=\"height: 56px; width: 15.5531%;\" width=\"185\"><a href=\"mailto:o-okskofije.kp@guest.arnes.si\">o-okskofije.kp@guest.arnes.si<\/a><\/td>\n<td style=\"height: 56px; width: 8.12312%;\" width=\"133\">Vlasta Baraga<\/td>\n<td style=\"height: 56px; width: 11.0294%;\" width=\"161\">\u0160kofije 44\/d, \u0160kofije<\/td>\n<td style=\"height: 56px; width: 101.113%;\" width=\"190\">+386 5 662 65 80<\/td>\n<\/tr>\n<tr style=\"height: 47px;\">\n<td style=\"height: 47px; width: 24.4854%;\" width=\"190\"><a href=\"https:\/\/www.ossmarje.si\/\" target=\"_blank\" rel=\"noopener noreferrer\">Scuola elementare \u0160marje<\/a><\/td>\n<td style=\"height: 47px; width: 15.5531%;\" width=\"185\"><a href=\"mailto:o-smarje.kp@guest.arnes.si\" target=\"_blank\" rel=\"noopener noreferrer\">o-smarje.kp@guest.arnes.si<\/a><\/td>\n<td style=\"height: 47px; width: 8.12312%;\" width=\"133\">Edi Glavina<\/td>\n<td style=\"height: 47px; width: 11.0294%;\" width=\"161\">\u0160marje 1, \u0160marje<\/td>\n<td style=\"height: 47px; width: 101.113%;\" width=\"190\">+386 5 656 92 90<\/td>\n<\/tr>\n<tr style=\"height: 231px;\">\n<td style=\"height: 93px; width: 24.4854%;\" width=\"190\"><a href=\"http:\/\/www.vergerio.si\/\" target=\"_blank\" rel=\"noopener noreferrer\">Scuola elementare Pier Paolo Vergerio il Vecchio Capodistria con le sedi periferiche di Semedella, Bertocchi e Crevatini<\/a><\/td>\n<td style=\"height: 93px; width: 15.5531%;\" width=\"185\"><a href=\"mailto:os-vergerio@guest.arnes.si\" target=\"_blank\" rel=\"noopener noreferrer\">os-vergerio@guest.arnes.si<\/a><\/td>\n<td style=\"height: 93px; width: 8.12312%;\" width=\"133\">Maglica Helena<\/td>\n<td style=\"height: 93px; width: 11.0294%;\" width=\"161\">Piazzale del Ginnasio 7, Koper-Capodistria<\/td>\n<td style=\"height: 93px; width: 101.113%;\" width=\"190\">+386 5 614 30 00<\/td>\n<\/tr>\n<\/tbody>\n<\/table>\n<p>Il circondario scolastico, le aree coperte dalle succursali e il circondario complessivo sono stabiliti nei <a href=\"https:\/\/www.koper.si\/sl\/obcina\/obcinska-uprava\/urad-za-druzbene-dejavnosti-in-razvoj\/predpisi\/\" target=\"_blank\" rel=\"noopener noreferrer\"> Decreti sulla fondazione dei singoli enti di educazione e istruzione<\/a>, i dati pi\u00f9 dettagliati riguardanti la situazione demografica dei singoli circondari scolastici sono accessibili sull\u2019<a href=\"https:\/\/paka3.mss.edus.si\/RS.MSS.SOKOL-ViewController-context-root\/faces\/DistrictSearch;jsessionid=ZSJ76k-fnirh2S5At6RM-I9Zb2hHOTyfnLtdzf1rgl06unDvIdZh!-167998231\" target=\"_blank\" rel=\"noopener noreferrer\">APP SOKOL<\/a>.<\/p>\n<p>L&#8217;iscrizione nelle prime classi delle scuole del Comune citt\u00e0 di Capodistria si svolge di norma nel mese di febbraio e in base al bando, nel quale le scuole invitano i futuri alunni del proprio circondario scolastico e, a seconda dei posti a disposizione, quelli del circondario complessivo.<\/p>\n<p>Il trasporto scolastico gratuito (pulmino scolastico) viene garantito in base all&#8217;art. 56 della Legge sulla scuola elementare.<\/p>\n<p>Le modalit\u00e0 di trasporto vengono stabilite congiuntamente dalla scuola elementare, i genitori e la comunit\u00e0 locale.<\/p>\n<h2><\/h2>\n<h3>Centro di consulenza per bambini, adolescenti e genitori<\/h3>\n<p><a href=\"http:\/\/www.svet-center-kp.si\/\" target=\"_blank\" rel=\"noopener noreferrer\">Il centro di consulenza per bambini, adolescenti e genitori<\/a> opera nell&#8217;ambito della Scuola elementare Capodistria e svolge l&#8217;attivit\u00e0 di consulenza per l&#8217;intera area del Comune citt\u00e0 di Capodistria e, in base a contratti stipulati, anche per altri utenti.<\/p>\n<h2><\/h2>\n<h3>Scuola di musica Capodistria<\/h3>\n<p>L\u2019ente \u00e8 stato istituito con il fine di fornire l&#8217;educazione musicale nell&#8217;area del Comune citt\u00e0 di Capodistria, del Comune di Isola e del Comune di Pirano. Oltre alla scuola principale, operano anche due sedi succursali a Isola (Via Simon Gregor\u010di\u010d 76) e a Pirano (Via Fran Levstik 8).<\/p>\n<p>Via Jacobus Gallus 2<br \/>\n6000 Koper-Capodistria<br \/>\nT: +386 5 666 36 00<br \/>\nW: <a href=\"https:\/\/www.glasbena-kp.net\/\" target=\"_blank\" rel=\"noopener noreferrer\">www.glasbena-kp.net<\/a><\/p>\n<p>&nbsp;<\/p>\n<h2>Scuole medie superiori<\/h2>\n<p><iframe loading=\"lazy\" src=\"https:\/\/www.google.com\/maps\/d\/u\/1\/embed?mid=z19OjMx4jwU0.kleix5-oK8v8\" width=\"800\" height=\"480\" data-mce-fragment=\"1\"><span data-mce-type=\"bookmark\" style=\"display: inline-block; width: 0px; overflow: hidden; line-height: 0;\" class=\"mce_SELRES_start\">\ufeff<\/span><\/iframe><\/p>\n<table style=\"width: 100.877%;\">\n<tbody>\n<tr>\n<td style=\"width: 21.8115%;\"><strong>Scuola media superiore<\/strong><\/td>\n<td style=\"width: 15.8917%;\"><strong>Indirizzo e-mail<\/strong><\/td>\n<td style=\"width: 8.07183%;\"><strong>Preside<\/strong><\/td>\n<td style=\"width: 23.6032%;\"><strong>Indirizzo<\/strong><\/td>\n<td style=\"width: 40.271%;\"><strong>Telefono<\/strong><\/td>\n<\/tr>\n<tr>\n<td style=\"width: 21.8115%;\"><a href=\"http:\/\/www.gimnazija-koper.si\/\" target=\"_blank\" rel=\"noopener noreferrer\">Ginnasio Capodistria<\/a><\/td>\n<td style=\"width: 15.8917%;\"><a href=\"mailto:info@gimnazija-koper.si\">info@gimnazija-koper.si<\/a><\/td>\n<td style=\"width: 8.07183%;\">Bruno Petri\u010d<\/td>\n<td style=\"width: 23.6032%;\">Via Ivan Cankar 2, Koper-Capodistria<\/td>\n<td style=\"width: 40.271%;\">+386 5 611 72 70<\/td>\n<\/tr>\n<tr>\n<td style=\"width: 21.8115%;\"><a href=\"https:\/\/www.seps.si\/\" target=\"_blank\" rel=\"noopener noreferrer\">Scuola media di economia aziendale<\/a><\/td>\n<td style=\"width: 15.8917%;\"><a href=\"mailto:info@seps.si\">info@seps.si<\/a><\/td>\n<td style=\"width: 8.07183%;\">Branka \u017derjal<\/td>\n<td style=\"width: 23.6032%;\">Piazzale Peter Martinc 3, Koper-Capodistria<\/td>\n<td style=\"width: 40.271%;\">+386 5 663 75 00<\/td>\n<\/tr>\n<tr>\n<td style=\"width: 21.8115%;\"><a href=\"http:\/\/www.sts.si\/\" target=\"_blank\" rel=\"noopener noreferrer\">Scuola media tecnica di Capodistria<\/a><\/td>\n<td style=\"width: 15.8917%;\"><a href=\"mailto:info@sts.si\">info@sts.si<\/a><\/td>\n<td style=\"width: 8.07183%;\">Iztok Dro\u017eina<\/td>\n<td style=\"width: 23.6032%;\">Strada di \u0160marje 4e, Koper-Capodistria<\/td>\n<td style=\"width: 40.271%;\">+386 5 662 52 60<\/td>\n<\/tr>\n<tr>\n<td style=\"width: 21.8115%;\"><a href=\"http:\/\/ginnasio-carli.si\/\" target=\"_blank\" rel=\"noopener noreferrer\">Ginnasio Gian Rinaldo Carli Capodistria<\/a><\/td>\n<td style=\"width: 15.8917%;\"><a href=\"mailto:ginnasio.carli@guest.arnes.si\">ginnasio.carli@guest.arnes.si<\/a><\/td>\n<td style=\"width: 8.07183%;\">Angelini Li\u010den Luisa<\/td>\n<td style=\"width: 23.6032%;\">Piazzale del Ginnasio 7, Koper-Capodistria<\/td>\n<td style=\"width: 40.271%;\">+386 5 620 96 20<\/td>\n<\/tr>\n<\/tbody>\n<\/table>\n<h2><\/h2>\n<h2>Universit\u00e0 del Litorale<\/h2>\n<p>Il decreto che istituisce l&#8217;Universit\u00e0 del Litorale \u00e8 il Decreto di fondazione dell&#8217;Universit\u00e0 del Litorale del 29 gennaio 2003. Attraverso i suoi membri (Facolt\u00e0 e altri enti) svolge attivit\u00e0 nel campo dell&#8217;istruzione e della ricerca nonch\u00e9 altre attivit\u00e0 che sono previste dallo statuto.<\/p>\n<p>Piazza Tito 4<br \/>\n6000 Koper-Capodistria<br \/>\nT: +386 5 611 75 00<br \/>\nE: <a href=\"mailto:info@upr.si\">info@upr.si<\/a><br \/>\nW: <a href=\"https:\/\/www.upr.si\/\" target=\"_blank\" rel=\"noopener noreferrer\">www.upr.si<\/a><\/p>\n<h2><\/h2>\n<h2>Universit\u00e0 popolare di Capodistria<\/h2>\n<p>Istituto pubblico per l&#8217;educazione degli adulti.<\/p>\n<p>Via Ivan Cankar 33<br \/>\n6000 Koper-Capodistria<br \/>\nT: +386 5 612 80 00<br \/>\nE: <a href=\"mailto:tajnistvo@lu-koper.si\">tajnistvo@lu-koper.si<\/a><br \/>\nW: <a href=\"https:\/\/www.lu-koper.si\/\" target=\"_blank\" rel=\"noopener noreferrer\">www.lu-koper.si<\/a><\/p>\n<h2><\/h2>\n<h2>Borse di studio<\/h2>\n<p>In base al Decreto per la concessione delle borse di studio, il Comune citt\u00e0 di Capodistria ogni anno pubblica il bando di concorso pubblico per la concessione delle borse di studio per gli studenti iscritti a programmi universitari in Slovenia e all\u2019estero.<\/p>\n<p>Il decreto prevede l&#8217;assegnazione di borse di studio agli studenti del primo anno che hanno ottenuto durante l&#8217;anno precedente all&#8217;anno accademico per il quale si esercita il diritto alla borsa di studio una votazione media di almeno 4,30, nonch\u00e9 agli studenti degli anni superiori che hanno concluso l&#8217;anno precedente all&#8217;anno accademico per il quale viene richiesta la borsa di studio con una votazione media di almeno 8,50. Inoltre, va preso in considerazione anche il reddito famigliare, pi\u00f9 precisamente, il reddito mensile per ogni singolo membro del nucleo famigliare non deve superare l&#8217;importo stabilito con delibera dal sindaco. Le altre condizioni, le modalit\u00e0 della la concessione, l&#8217;ammontare delle borse di studio e i procedimenti correlati sono regolati dal Decreto sulla concessione di borse di studio.<\/p>\n","protected":false},"excerpt":{"rendered":"<p>Scuole elementari Il Comune citt\u00e0 di Capodistria \u00e8 fondatore di dieci scuole elementari e cofondatore di una scuola con lingua d&#8217;insegnamento italiana. \ufeff &nbsp; Scuola elementare Indirizzo e-mail Preside Indirizzo Telefono Scuola elementare Capodistria niti.krota@guest.arnes.si Niti Krota Bagari, preside f.f. Strada Zora Perello Godina, Koper-Capodistria +386 5 663 81 00 Scuola elementare Ivan Babi\u010d \u2013<\/p>\n","protected":false},"author":5,"featured_media":0,"parent":72126,"menu_order":58,"comment_status":"closed","ping_status":"closed","template":"","meta":{"_acf_changed":false,"inline_featured_image":false,"footnotes":""},"class_list":["post-76038","page","type-page","status-publish","hentry"],"acf":[],"_links":{"self":[{"href":"https:\/\/www.koper.si\/it\/wp-json\/wp\/v2\/pages\/76038","targetHints":{"allow":["GET"]}}],"collection":[{"href":"https:\/\/www.koper.si\/it\/wp-json\/wp\/v2\/pages"}],"about":[{"href":"https:\/\/www.koper.si\/it\/wp-json\/wp\/v2\/types\/page"}],"author":[{"embeddable":true,"href":"https:\/\/www.koper.si\/it\/wp-json\/wp\/v2\/users\/5"}],"replies":[{"embeddable":true,"href":"https:\/\/www.koper.si\/it\/wp-json\/wp\/v2\/comments?post=76038"}],"version-history":[{"count":2,"href":"https:\/\/www.koper.si\/it\/wp-json\/wp\/v2\/pages\/76038\/revisions"}],"predecessor-version":[{"id":76040,"href":"https:\/\/www.koper.si\/it\/wp-json\/wp\/v2\/pages\/76038\/revisions\/76040"}],"up":[{"embeddable":true,"href":"https:\/\/www.koper.si\/it\/wp-json\/wp\/v2\/pages\/72126"}],"wp:attachment":[{"href":"https:\/\/www.koper.si\/it\/wp-json\/wp\/v2\/media?parent=76038"}],"curies":[{"name":"wp","href":"https:\/\/api.w.org\/{rel}","templated":true}]}}