{"id":76469,"date":"2019-12-19T14:45:01","date_gmt":"2019-12-19T13:45:01","guid":{"rendered":"https:\/\/www.koper.si\/comune\/comunita-locali\/krajevna-skupnost-marezige\/"},"modified":"2024-06-26T08:46:12","modified_gmt":"2024-06-26T06:46:12","slug":"comunita-locale-di-marezige","status":"publish","type":"page","link":"https:\/\/www.koper.si\/it\/comune\/comunita-locali\/comunita-locale-di-marezige\/","title":{"rendered":"Comunit\u00e0 locale di Marezige"},"content":{"rendered":"<p>La comunit\u00e0 locale comprende gli abitati: Babi\u010di (circondario territoriale \u00a00302), Bo\u010daji (circondario territoriale \u00a00213), Kozlovi\u010di (circondario territoriale \u00a00214), Lopar (circondario territoriale \u00a00313), Marezige (circondari territoriali 0306, 0307, 0308), Montinjan (circondario territoriale \u00a00309), Trsek (circondario territoriale \u00a00215) e Tru\u0161ke (circondario territoriale \u00a00314).<\/p>\n<p><iframe loading=\"lazy\" src=\"https:\/\/www.google.com\/maps\/d\/u\/1\/embed?mid=1oNxKySF5hDQZ89opwnzVYsTSZgU\" width=\"640\" height=\"480\"><\/iframe><\/p>\n<p><strong>Comunit\u00e0 locale di Marezige<br \/>\n<\/strong>Marezige 24<br \/>\n6273 Marezige<\/p>\n<p>&nbsp;<\/p>\n<p><strong>Superficie:<\/strong> 18.82 km2<\/p>\n<p>&nbsp;<\/p>\n<p><strong>Presidente del Consiglio della comunit\u00e0 locale:<\/strong> Alen Babi\u010d<br \/>\n<strong>Segreteria della CL:<\/strong> Marica Babi\u010d<\/p>\n<p>&nbsp;<\/p>\n<p><strong>Contatto:<br \/>\n<\/strong>E: <a href=\"mailto:ksmarezige@siol.net\">ksmarezige@siol.net<\/a><br \/>\nT: +386 (0)5 655 12 40<br \/>\nM: +386 (0) 30 708 673<\/p>\n<p>&nbsp;<\/p>\n<p><strong>Orario d&#8217;ufficio:<br \/>\n<\/strong>Mer: dalle 13.00 alle 15.00<\/p>\n<p>&nbsp;<\/p>\n<p><strong>Responsabile per le informazioni di carattere pubblico:<br \/>\n<\/strong>Alen Babi\u010d, presidente del Consiglio della Cl di Marezige, +386 (0)5 655 12 40, <a href=\"mailto:ksmarezige@siol.net\">ksmarezige@siol.net<\/a><\/p>\n<p>&nbsp;<\/p>\n<p><strong>Il Consiglio della CL di Marezige<\/strong> \u00e8 composto da 9 membri:<br \/>\nMandato 2022 \u2013 2026<\/p>\n<table width=\"558\">\n<tbody>\n<tr>\n<td style=\"width: 150px;\" width=\"132\"><strong>Seggio elettorale n.<\/strong><\/td>\n<td style=\"width: 254px;\" width=\"283\"><strong>Membri eletti<\/strong><\/td>\n<td style=\"width: 145px;\" width=\"142\"><strong>Funzione<\/strong><\/td>\n<\/tr>\n<tr>\n<td style=\"width: 150px;\" width=\"132\">1<\/td>\n<td style=\"width: 254px;\" width=\"283\">ROBERT BELI\u010c<\/td>\n<td style=\"width: 145px;\" width=\"142\">membro<\/td>\n<\/tr>\n<tr>\n<td style=\"width: 150px;\" width=\"132\">1<\/td>\n<td style=\"width: 254px;\" width=\"283\">MAVRICIJO KO\u0160ANC<\/td>\n<td style=\"width: 145px;\" width=\"142\"><strong>vicepresidente<\/strong><\/td>\n<\/tr>\n<tr>\n<td style=\"width: 150px;\" width=\"132\">2<\/td>\n<td style=\"width: 254px;\" width=\"283\">ALEN BABI\u010c<\/td>\n<td style=\"width: 145px;\" width=\"142\"><strong>presidente<\/strong><\/td>\n<\/tr>\n<tr>\n<td style=\"width: 150px;\" width=\"132\">2<\/td>\n<td style=\"width: 254px;\" width=\"283\">BORIS BABI\u010c<\/td>\n<td style=\"width: 145px;\" width=\"142\">membro<\/td>\n<\/tr>\n<tr>\n<td style=\"width: 150px;\" width=\"132\">2<\/td>\n<td style=\"width: 254px;\" width=\"283\">DAVID LAKO\u0160ELJAC<\/td>\n<td style=\"width: 145px;\" width=\"142\">membro<\/td>\n<\/tr>\n<tr>\n<td style=\"width: 150px;\" width=\"132\">3<\/td>\n<td style=\"width: 254px;\" width=\"283\">MIROSLAV HRVATIN<\/td>\n<td style=\"width: 145px;\" width=\"142\">membro<\/td>\n<\/tr>\n<tr>\n<td style=\"width: 150px;\" width=\"132\">4<\/td>\n<td style=\"width: 254px;\" width=\"283\">BO\u0160TJAN \u010cOK<\/td>\n<td style=\"width: 145px;\" width=\"142\">membro<\/td>\n<\/tr>\n<tr>\n<td style=\"width: 150px;\" width=\"132\">5<\/td>\n<td style=\"width: 254px;\" width=\"283\">IRVIN KOCJAN\u010cI\u010c<\/td>\n<td style=\"width: 145px;\" width=\"142\">membro<\/td>\n<\/tr>\n<tr>\n<td style=\"width: 150px;\" width=\"132\">6<\/td>\n<td style=\"width: 254px;\" width=\"283\">FABIJO JERMAN<\/td>\n<td style=\"width: 145px;\" width=\"142\">membro<\/td>\n<\/tr>\n<\/tbody>\n<\/table>\n","protected":false},"excerpt":{"rendered":"<p>La comunit\u00e0 locale comprende gli abitati: Babi\u010di (circondario territoriale \u00a00302), Bo\u010daji (circondario territoriale \u00a00213), Kozlovi\u010di (circondario territoriale \u00a00214), Lopar (circondario territoriale \u00a00313), Marezige (circondari territoriali 0306, 0307, 0308), Montinjan (circondario territoriale \u00a00309), Trsek (circondario territoriale \u00a00215) e Tru\u0161ke (circondario territoriale \u00a00314). Comunit\u00e0 locale di Marezige Marezige 24 6273 Marezige &nbsp; Superficie: 18.82 km2 &nbsp; Presidente<\/p>\n","protected":false},"author":6,"featured_media":0,"parent":20271,"menu_order":137,"comment_status":"closed","ping_status":"closed","template":"","meta":{"_acf_changed":false,"inline_featured_image":false,"footnotes":""},"class_list":["post-76469","page","type-page","status-publish","hentry"],"acf":[],"_links":{"self":[{"href":"https:\/\/www.koper.si\/it\/wp-json\/wp\/v2\/pages\/76469","targetHints":{"allow":["GET"]}}],"collection":[{"href":"https:\/\/www.koper.si\/it\/wp-json\/wp\/v2\/pages"}],"about":[{"href":"https:\/\/www.koper.si\/it\/wp-json\/wp\/v2\/types\/page"}],"author":[{"embeddable":true,"href":"https:\/\/www.koper.si\/it\/wp-json\/wp\/v2\/users\/6"}],"replies":[{"embeddable":true,"href":"https:\/\/www.koper.si\/it\/wp-json\/wp\/v2\/comments?post=76469"}],"version-history":[{"count":6,"href":"https:\/\/www.koper.si\/it\/wp-json\/wp\/v2\/pages\/76469\/revisions"}],"predecessor-version":[{"id":106422,"href":"https:\/\/www.koper.si\/it\/wp-json\/wp\/v2\/pages\/76469\/revisions\/106422"}],"up":[{"embeddable":true,"href":"https:\/\/www.koper.si\/it\/wp-json\/wp\/v2\/pages\/20271"}],"wp:attachment":[{"href":"https:\/\/www.koper.si\/it\/wp-json\/wp\/v2\/media?parent=76469"}],"curies":[{"name":"wp","href":"https:\/\/api.w.org\/{rel}","templated":true}]}}