{"id":76472,"date":"2019-12-19T14:44:37","date_gmt":"2019-12-19T13:44:37","guid":{"rendered":"https:\/\/www.koper.si\/comune\/comunita-locali\/krajevna-skupnost-podgorje\/"},"modified":"2024-06-26T08:47:18","modified_gmt":"2024-06-26T06:47:18","slug":"comunita-locale-di-podgorje","status":"publish","type":"page","link":"https:\/\/www.koper.si\/it\/comune\/comunita-locali\/comunita-locale-di-podgorje\/","title":{"rendered":"Comunit\u00e0 locale di Podgorje"},"content":{"rendered":"<p>La comunit\u00e0 locale comprende l\u2019abitato: Podgorje (circondario territoriale 0227).<\/p>\n<p><iframe loading=\"lazy\" src=\"https:\/\/www.google.com\/maps\/d\/u\/1\/embed?mid=1JvdgmF6d2gWWoif12TeC9KntV_s\" width=\"640\" height=\"480\"><\/iframe><\/p>\n<p><strong>Comunit\u00e0 locale di Podgorje<br \/>\n<\/strong>Podgorje NN<br \/>\n6216 Podgorje<\/p>\n<p>&nbsp;<\/p>\n<p><strong>Superficie:<\/strong> 18.19 km2<\/p>\n<p>&nbsp;<\/p>\n<p><strong>Presidente del Consiglio della comunit\u00e0 locale:<\/strong> Jo\u017eef Rojc<br \/>\n<strong>Segreteria della CL:<\/strong> Robert Bo\u017ei\u010d<\/p>\n<p>&nbsp;<\/p>\n<p><strong>Contatto:<br \/>\n<\/strong>E: <a href=\"mailto:ks.podgorje@gmail.com\">ks.podgorje@gmail.com<\/a><br \/>\nT: +386 (0)5 687 01 88<br \/>\nM:+386 (0)30 487 768<\/p>\n<p>&nbsp;<\/p>\n<p><strong>Orario d&#8217;ufficio:<br \/>\n<\/strong>Lun: dalle 08.00 alle 10.00<\/p>\n<p>&nbsp;<\/p>\n<p><strong>Responsabile per le informazioni di carattere pubblico:<br \/>\n<\/strong>Jo\u017eef Rojc, presidente del Consiglio della CL di Podgorje, +386 (0)5 687 01 88, <a href=\"mailto:ks.podgorje@gmail.com\">ks.podgorje@gmail.com<\/a><\/p>\n<p>&nbsp;<\/p>\n<p><strong>Il Consiglio della CL di Podgorje<\/strong> \u00e8 composto da 7 membri:<br \/>\nMandato 2022 \u2013 2026<\/p>\n<table width=\"558\">\n<tbody>\n<tr>\n<td style=\"width: 149px;\" width=\"132\"><strong>Seggio elettorale n.<\/strong><\/td>\n<td style=\"width: 255px;\" width=\"283\"><strong>Membri eletti<\/strong><\/td>\n<td style=\"width: 145px;\" width=\"142\"><strong>Funzione<\/strong><\/td>\n<\/tr>\n<tr>\n<td style=\"width: 149px;\" width=\"132\">1<\/td>\n<td style=\"width: 255px;\" width=\"283\">JO\u017dEF ROJC<\/td>\n<td style=\"width: 145px;\" width=\"142\"><strong>presidente<\/strong><\/td>\n<\/tr>\n<tr>\n<td style=\"width: 149px;\" width=\"132\">1<\/td>\n<td style=\"width: 255px;\" width=\"283\">ZDENKA ANDREJA\u0160I\u010c<\/td>\n<td style=\"width: 145px;\" width=\"142\">membro<\/td>\n<\/tr>\n<tr>\n<td style=\"width: 149px;\" width=\"132\">1<\/td>\n<td style=\"width: 255px;\" width=\"283\">ALE\u0160 KOZMELJ<\/td>\n<td style=\"width: 145px;\" width=\"142\">membro<\/td>\n<\/tr>\n<tr>\n<td style=\"width: 149px;\" width=\"132\">1<\/td>\n<td style=\"width: 255px;\" width=\"283\">ANJA \u0160KERJANC<\/td>\n<td style=\"width: 145px;\" width=\"142\">membro<\/td>\n<\/tr>\n<tr>\n<td style=\"width: 149px;\" width=\"132\">1<\/td>\n<td style=\"width: 255px;\" width=\"283\">ANGELCA BAN<\/td>\n<td style=\"width: 145px;\" width=\"142\">membro<\/td>\n<\/tr>\n<tr>\n<td style=\"width: 149px;\" width=\"132\">1<\/td>\n<td style=\"width: 255px;\" width=\"283\">EDVIN NAGY<\/td>\n<td style=\"width: 145px;\" width=\"142\">membro<\/td>\n<\/tr>\n<tr>\n<td style=\"width: 149px;\" width=\"132\">1<\/td>\n<td style=\"width: 255px;\" width=\"283\">JOSIP SEKULOSKI<\/td>\n<td style=\"width: 145px;\" width=\"142\"><strong>vicepresidente<\/strong><\/td>\n<\/tr>\n<\/tbody>\n<\/table>\n","protected":false},"excerpt":{"rendered":"<p>La comunit\u00e0 locale comprende l\u2019abitato: Podgorje (circondario territoriale 0227). Comunit\u00e0 locale di Podgorje Podgorje NN 6216 Podgorje &nbsp; Superficie: 18.19 km2 &nbsp; Presidente del Consiglio della comunit\u00e0 locale: Jo\u017eef Rojc Segreteria della CL: Robert Bo\u017ei\u010d &nbsp; Contatto: E: ks.podgorje@gmail.com T: +386 (0)5 687 01 88 M:+386 (0)30 487 768 &nbsp; Orario d&#8217;ufficio: Lun: dalle 08.00<\/p>\n","protected":false},"author":6,"featured_media":0,"parent":20271,"menu_order":142,"comment_status":"closed","ping_status":"closed","template":"","meta":{"_acf_changed":false,"inline_featured_image":false,"footnotes":""},"class_list":["post-76472","page","type-page","status-publish","hentry"],"acf":[],"_links":{"self":[{"href":"https:\/\/www.koper.si\/it\/wp-json\/wp\/v2\/pages\/76472","targetHints":{"allow":["GET"]}}],"collection":[{"href":"https:\/\/www.koper.si\/it\/wp-json\/wp\/v2\/pages"}],"about":[{"href":"https:\/\/www.koper.si\/it\/wp-json\/wp\/v2\/types\/page"}],"author":[{"embeddable":true,"href":"https:\/\/www.koper.si\/it\/wp-json\/wp\/v2\/users\/6"}],"replies":[{"embeddable":true,"href":"https:\/\/www.koper.si\/it\/wp-json\/wp\/v2\/comments?post=76472"}],"version-history":[{"count":6,"href":"https:\/\/www.koper.si\/it\/wp-json\/wp\/v2\/pages\/76472\/revisions"}],"predecessor-version":[{"id":106425,"href":"https:\/\/www.koper.si\/it\/wp-json\/wp\/v2\/pages\/76472\/revisions\/106425"}],"up":[{"embeddable":true,"href":"https:\/\/www.koper.si\/it\/wp-json\/wp\/v2\/pages\/20271"}],"wp:attachment":[{"href":"https:\/\/www.koper.si\/it\/wp-json\/wp\/v2\/media?parent=76472"}],"curies":[{"name":"wp","href":"https:\/\/api.w.org\/{rel}","templated":true}]}}