{"id":76477,"date":"2019-12-19T14:44:14","date_gmt":"2019-12-19T13:44:14","guid":{"rendered":"https:\/\/www.koper.si\/comune\/comunita-locali\/krajevna-skupnost-smarje\/"},"modified":"2024-06-26T08:48:56","modified_gmt":"2024-06-26T06:48:56","slug":"comunita-locale-di-smarje","status":"publish","type":"page","link":"https:\/\/www.koper.si\/it\/comune\/comunita-locali\/comunita-locale-di-smarje\/","title":{"rendered":"Comunit\u00e0 locale di \u0160marje"},"content":{"rendered":"<p>La comunit\u00e0 locale comprende gli abitati: Bri\u010d (circondario territoriale \u00a00324), Dilici (circondario territoriale \u00a00315), Fijeroga (circondario territoriale \u00a00316), Ga\u017eon circondario territoriale \u00a0(0333, 0334), Grinjan (circondario territoriale \u00a00337), Grintovec (circondario territoriale \u00a00343), Ko\u0161tabona (circondario territoriale \u00a00318), Krkav\u010de (circondari territoriali 0321, 0322, 0323), Pomjan (circondario territoriale \u00a00326), Pu\u010de (circondari territoriali 0319, 0320), Srga\u0161i (circondari territoriali 0331, 0332), \u0160marje (circondari territoriali da 0327 a 0330) e \u017dupan\u010di\u010di (circondario territoriale \u00a00317).<\/p>\n<p><iframe loading=\"lazy\" src=\"https:\/\/www.google.com\/maps\/d\/u\/1\/embed?mid=1KizAc29QQ_mZowv6JtK0qgp-mPc\" width=\"640\" height=\"480\"><\/iframe><\/p>\n<p><strong>Comunit\u00e0 locale di \u0160marje<br \/>\n<\/strong>\u0160marje 89<br \/>\n6274 \u0160marje<\/p>\n<p>&nbsp;<\/p>\n<p><strong>Superficie:<\/strong> 34.75 km2<\/p>\n<p>&nbsp;<\/p>\n<p><strong>Presidente del Consiglio della comunit\u00e0 locale:<\/strong> Andrej Medved<br \/>\n<strong>Segreteria della CL:<\/strong> Mateja Koren Medved<\/p>\n<p>&nbsp;<\/p>\n<p><strong>Contatto:<br \/>\n<\/strong>E: <a href=\"mailto:ks.smarje@siol.net\">ks.smarje@siol.net<\/a><br \/>\nT: +386 (0)5 656 96 00<br \/>\nM: +386 (0)70 732 342<br \/>\nF: +386 (0)5 656 96 06<\/p>\n<p>&nbsp;<\/p>\n<p><strong>Orario d&#8217;ufficio:<br \/>\n<\/strong>Lun: dalle 08.00 alle 12.00<br \/>\nMer: dalle 15.00 alle 17.00<br \/>\nVen: dalle 08.00 alle 12.00<\/p>\n<p>&nbsp;<\/p>\n<p><strong>Responsabile per le informazioni di carattere pubblico:<br \/>\n<\/strong>Andrej Medved, presidente del Consiglio della CL di \u0160marje, +386 (0)5 656 96 00, <a href=\"mailto:ks.smarje@siol.net\">ks.smarje@siol.net<\/a><\/p>\n<p>&nbsp;<\/p>\n<p><strong>Il Consiglio della CL di \u0160marje<\/strong> \u00e8 composto da 13 membri:<br \/>\nMandato 2022\u20132026<\/p>\n<table style=\"height: 294px;\" width=\"558\">\n<tbody>\n<tr style=\"height: 21px;\">\n<td style=\"width: 149px; height: 21px;\" width=\"132\"><strong>Seggio elettorale n.<\/strong><\/td>\n<td style=\"width: 255px; height: 21px;\" width=\"283\"><strong>Membri eletti<\/strong><\/td>\n<td style=\"width: 145px; height: 21px;\" width=\"142\"><strong>Funzione<\/strong><\/td>\n<\/tr>\n<tr style=\"height: 21px;\">\n<td style=\"width: 149px; height: 21px;\" width=\"132\">1<\/td>\n<td style=\"width: 255px; height: 21px;\" width=\"283\">ELEN KODARIN<\/td>\n<td style=\"width: 145px; height: 21px;\" width=\"142\">membro<\/td>\n<\/tr>\n<tr style=\"height: 21px;\">\n<td style=\"width: 149px; height: 21px;\" width=\"132\">1<\/td>\n<td style=\"width: 255px; height: 21px;\" width=\"283\">JADRAN MIKA\u0160INOVI\u010c<\/td>\n<td style=\"width: 145px; height: 21px;\" width=\"142\">membro<\/td>\n<\/tr>\n<tr style=\"height: 21px;\">\n<td style=\"width: 149px; height: 21px;\" width=\"132\">1<\/td>\n<td style=\"width: 255px; height: 21px;\" width=\"283\">DAVID BABUDER<\/td>\n<td style=\"width: 145px; height: 21px;\" width=\"142\">membro<\/td>\n<\/tr>\n<tr style=\"height: 21px;\">\n<td style=\"width: 149px; height: 21px;\" width=\"132\">2<\/td>\n<td style=\"width: 255px; height: 21px;\" width=\"283\">DEBORA FAJDIGA<\/td>\n<td style=\"width: 145px; height: 21px;\" width=\"142\">membro<\/td>\n<\/tr>\n<tr style=\"height: 21px;\">\n<td style=\"width: 149px; height: 21px;\" width=\"132\">2<\/td>\n<td style=\"width: 255px; height: 21px;\" width=\"283\">ANDREJ MEDVED<\/td>\n<td style=\"width: 145px; height: 21px;\" width=\"142\"><strong>presidente<\/strong><\/td>\n<\/tr>\n<tr style=\"height: 21px;\">\n<td style=\"width: 149px; height: 21px;\" width=\"132\">3<\/td>\n<td style=\"width: 255px; height: 21px;\" width=\"283\">MARKO NEDVED<\/td>\n<td style=\"width: 145px; height: 21px;\" width=\"142\">membro<\/td>\n<\/tr>\n<tr style=\"height: 21px;\">\n<td style=\"width: 149px; height: 21px;\" width=\"132\">4<\/td>\n<td style=\"width: 255px; height: 21px;\" width=\"283\">KRISTJAN KOTERLE<\/td>\n<td style=\"width: 145px; height: 21px;\" width=\"142\">membro<\/td>\n<\/tr>\n<tr style=\"height: 21px;\">\n<td style=\"width: 149px; height: 21px;\" width=\"132\">5<\/td>\n<td style=\"width: 255px; height: 21px;\" width=\"283\">PETER VILER<\/td>\n<td style=\"width: 145px; height: 21px;\" width=\"142\">membro<\/td>\n<\/tr>\n<tr style=\"height: 21px;\">\n<td style=\"width: 149px; height: 21px;\" width=\"132\">6<\/td>\n<td style=\"width: 255px; height: 21px;\" width=\"283\">PATRICIJA PIRNAT<\/td>\n<td style=\"width: 145px; height: 21px;\" width=\"142\">membro<\/td>\n<\/tr>\n<tr style=\"height: 21px;\">\n<td style=\"width: 149px; height: 21px;\" width=\"132\">7<\/td>\n<td style=\"width: 255px; height: 21px;\" width=\"283\">JENNY MORGAN<\/td>\n<td style=\"width: 145px; height: 21px;\" width=\"142\"><strong>vicepresidente<\/strong><\/td>\n<\/tr>\n<tr style=\"height: 21px;\">\n<td style=\"width: 149px; height: 21px;\" width=\"132\">7<\/td>\n<td style=\"width: 255px; height: 21px;\" width=\"283\">IGOR POKLAR<\/td>\n<td style=\"width: 145px; height: 21px;\" width=\"142\"><strong>vicepresidente<\/strong><\/td>\n<\/tr>\n<tr style=\"height: 21px;\">\n<td style=\"width: 149px; height: 21px;\" width=\"132\">8<\/td>\n<td style=\"width: 255px; height: 21px;\" width=\"283\">ALEKSANDER PERO\u0160A<\/td>\n<td style=\"width: 145px; height: 21px;\" width=\"142\">membro<\/td>\n<\/tr>\n<tr style=\"height: 21px;\">\n<td style=\"width: 149px; height: 21px;\" width=\"132\">9<\/td>\n<td style=\"width: 255px; height: 21px;\" width=\"283\">EMANUEL JURI\u0160EVI\u010c<\/td>\n<td style=\"width: 145px; height: 21px;\" width=\"142\">membro<\/td>\n<\/tr>\n<\/tbody>\n<\/table>\n","protected":false},"excerpt":{"rendered":"<p>La comunit\u00e0 locale comprende gli abitati: Bri\u010d (circondario territoriale \u00a00324), Dilici (circondario territoriale \u00a00315), Fijeroga (circondario territoriale \u00a00316), Ga\u017eon circondario territoriale \u00a0(0333, 0334), Grinjan (circondario territoriale \u00a00337), Grintovec (circondario territoriale \u00a00343), Ko\u0161tabona (circondario territoriale \u00a00318), Krkav\u010de (circondari territoriali 0321, 0322, 0323), Pomjan (circondario territoriale \u00a00326), Pu\u010de (circondari territoriali 0319, 0320), Srga\u0161i (circondari territoriali 0331, 0332),<\/p>\n","protected":false},"author":6,"featured_media":0,"parent":20271,"menu_order":152,"comment_status":"closed","ping_status":"closed","template":"","meta":{"_acf_changed":false,"inline_featured_image":false,"footnotes":""},"class_list":["post-76477","page","type-page","status-publish","hentry"],"acf":[],"_links":{"self":[{"href":"https:\/\/www.koper.si\/it\/wp-json\/wp\/v2\/pages\/76477","targetHints":{"allow":["GET"]}}],"collection":[{"href":"https:\/\/www.koper.si\/it\/wp-json\/wp\/v2\/pages"}],"about":[{"href":"https:\/\/www.koper.si\/it\/wp-json\/wp\/v2\/types\/page"}],"author":[{"embeddable":true,"href":"https:\/\/www.koper.si\/it\/wp-json\/wp\/v2\/users\/6"}],"replies":[{"embeddable":true,"href":"https:\/\/www.koper.si\/it\/wp-json\/wp\/v2\/comments?post=76477"}],"version-history":[{"count":6,"href":"https:\/\/www.koper.si\/it\/wp-json\/wp\/v2\/pages\/76477\/revisions"}],"predecessor-version":[{"id":106430,"href":"https:\/\/www.koper.si\/it\/wp-json\/wp\/v2\/pages\/76477\/revisions\/106430"}],"up":[{"embeddable":true,"href":"https:\/\/www.koper.si\/it\/wp-json\/wp\/v2\/pages\/20271"}],"wp:attachment":[{"href":"https:\/\/www.koper.si\/it\/wp-json\/wp\/v2\/media?parent=76477"}],"curies":[{"name":"wp","href":"https:\/\/api.w.org\/{rel}","templated":true}]}}