{"id":76478,"date":"2019-12-19T14:44:09","date_gmt":"2019-12-19T13:44:09","guid":{"rendered":"https:\/\/www.koper.si\/comune\/comunita-locali\/krajevna-skupnost-sv-anton\/"},"modified":"2024-07-19T12:51:30","modified_gmt":"2024-07-19T10:51:30","slug":"comunita-locale-di-sv-anton","status":"publish","type":"page","link":"https:\/\/www.koper.si\/it\/comune\/comunita-locali\/comunita-locale-di-sv-anton\/","title":{"rendered":"Comunit\u00e0 locale di Sv. Anton"},"content":{"rendered":"<p>La comunit\u00e0 locale comprende l\u2019abitato: Sv. Anton (circondari territoriali da 0176 a 0184).<\/p>\n<p><iframe loading=\"lazy\" src=\"https:\/\/www.google.com\/maps\/d\/u\/1\/embed?mid=1kPzVVcdOfLOuaiOVAuZXqyRoIQw\" width=\"640\" height=\"480\"><\/iframe><\/p>\n<p><strong>Comunit\u00e0 locale di Sv. Anton<br \/>\n<\/strong>Sveti Anton 1<br \/>\n6276 Pobegi<\/p>\n<p>&nbsp;<\/p>\n<p><strong>Superficie:<\/strong> 7.06 km2<\/p>\n<p>&nbsp;<\/p>\n<p><strong>Presidente del Consiglio della comunit\u00e0 locale:<\/strong> Erli \u0160korja<br \/>\n<strong>Segreteria della CL:<\/strong> Katja Funa Stramaglia<\/p>\n<p>&nbsp;<\/p>\n<p><strong>Contatto:<br \/>\n<\/strong>E: <a href=\"mailto:kssvanton@gmail.com\">kssvanton@gmail.com<\/a><br \/>\nT: +386 (0)5 653 30 45<br \/>\nM: +386 (0)70 614 982<br \/>\nF: +386 (0)5 653 30 45<br \/>\nAffitto della sala: n. cellulare:\u00a0+386 (0)41 323 297<\/p>\n<p>&nbsp;<\/p>\n<p><strong>Orario d&#8217;ufficio:<br \/>\n<\/strong>Luned\u00ec: dalle 14.00 alle 16.00<\/p>\n<p>&nbsp;<\/p>\n<p><strong>Responsabile per le informazioni di carattere pubblico:<br \/>\n<\/strong>Erli \u0160korja, presidente del Consiglio della CL Sv. Anton, +386 (0)5 653 30 45, <a href=\"mailto:kssvanton@gmail.com\">kssvanton@gmail.com<\/a><\/p>\n<p>&nbsp;<\/p>\n<p><strong>Il Consiglio della CL di Sv. Anton<\/strong> \u00e8 composto da 11 membri:<br \/>\nMandato 2022\u20132026<\/p>\n<table width=\"558\">\n<tbody>\n<tr>\n<td style=\"width: 150px;\" width=\"132\"><strong>Seggio elettorale n.<\/strong><\/td>\n<td style=\"width: 254px;\" width=\"283\"><strong>Membri eletti<\/strong><\/td>\n<td style=\"width: 145px;\" width=\"142\"><strong>Funzione<\/strong><\/td>\n<\/tr>\n<tr>\n<td style=\"width: 150px;\" width=\"132\">1<\/td>\n<td style=\"width: 254px;\" width=\"283\">DU\u0160AN OSOJNIK<\/td>\n<td style=\"width: 145px;\" width=\"142\">membro<\/td>\n<\/tr>\n<tr>\n<td style=\"width: 150px;\" width=\"132\">2<\/td>\n<td style=\"width: 254px;\" width=\"283\">ERLI \u0160KORJA<\/td>\n<td style=\"width: 145px;\" width=\"142\"><strong>vicepresidente<\/strong><\/td>\n<\/tr>\n<tr>\n<td style=\"width: 150px;\" width=\"132\">3<\/td>\n<td style=\"width: 254px;\" width=\"283\">VLADO HRVATIN<\/td>\n<td style=\"width: 145px;\" width=\"142\">membro<\/td>\n<\/tr>\n<tr>\n<td style=\"width: 150px;\" width=\"132\">3<\/td>\n<td style=\"width: 254px;\" width=\"283\">DRAGAN PR\u0160A<\/td>\n<td style=\"width: 145px;\" width=\"142\">membro<\/td>\n<\/tr>\n<tr>\n<td style=\"width: 150px;\" width=\"132\">4<\/td>\n<td style=\"width: 254px;\" width=\"283\">MITJA CUNJA<\/td>\n<td style=\"width: 145px;\" width=\"142\">membro<\/td>\n<\/tr>\n<tr>\n<td style=\"width: 150px;\" width=\"132\">4<\/td>\n<td style=\"width: 254px;\" width=\"283\">VELIBOR KEREZOVI\u0106<\/td>\n<td style=\"width: 145px;\" width=\"142\">membro<\/td>\n<\/tr>\n<tr>\n<td style=\"width: 150px;\" width=\"132\">5<\/td>\n<td style=\"width: 254px;\" width=\"283\">ALE\u0160 CEPAK<\/td>\n<td style=\"width: 145px;\" width=\"142\">membro<\/td>\n<\/tr>\n<tr>\n<td style=\"width: 150px;\" width=\"132\">5<\/td>\n<td style=\"width: 254px;\" width=\"283\">BOJAN KO\u0160PENDA<\/td>\n<td style=\"width: 145px;\" width=\"142\">membro<\/td>\n<\/tr>\n<tr>\n<td style=\"width: 150px;\" width=\"132\">6<\/td>\n<td style=\"width: 254px;\" width=\"283\">IVO \u0160TOKOVI\u010c<\/td>\n<td style=\"width: 145px;\" width=\"142\">membro<\/td>\n<\/tr>\n<tr>\n<td style=\"width: 150px;\" width=\"132\">6<\/td>\n<td style=\"width: 254px;\" width=\"283\">IGOR TURK<\/td>\n<td style=\"width: 145px;\" width=\"142\"><strong>presidente<\/strong><\/td>\n<\/tr>\n<tr>\n<td style=\"width: 150px;\">6<\/td>\n<td style=\"width: 254px;\">BRANIMIR GASPARINI<\/td>\n<td style=\"width: 145px;\"><strong>membro<\/strong><\/td>\n<\/tr>\n<\/tbody>\n<\/table>\n","protected":false},"excerpt":{"rendered":"<p>La comunit\u00e0 locale comprende l\u2019abitato: Sv. Anton (circondari territoriali da 0176 a 0184). Comunit\u00e0 locale di Sv. Anton Sveti Anton 1 6276 Pobegi &nbsp; Superficie: 7.06 km2 &nbsp; Presidente del Consiglio della comunit\u00e0 locale: Erli \u0160korja Segreteria della CL: Katja Funa Stramaglia &nbsp; Contatto: E: kssvanton@gmail.com T: +386 (0)5 653 30 45 M: +386 (0)70<\/p>\n","protected":false},"author":6,"featured_media":0,"parent":20271,"menu_order":154,"comment_status":"closed","ping_status":"closed","template":"","meta":{"_acf_changed":false,"inline_featured_image":false,"footnotes":""},"class_list":["post-76478","page","type-page","status-publish","hentry"],"acf":[],"_links":{"self":[{"href":"https:\/\/www.koper.si\/it\/wp-json\/wp\/v2\/pages\/76478","targetHints":{"allow":["GET"]}}],"collection":[{"href":"https:\/\/www.koper.si\/it\/wp-json\/wp\/v2\/pages"}],"about":[{"href":"https:\/\/www.koper.si\/it\/wp-json\/wp\/v2\/types\/page"}],"author":[{"embeddable":true,"href":"https:\/\/www.koper.si\/it\/wp-json\/wp\/v2\/users\/6"}],"replies":[{"embeddable":true,"href":"https:\/\/www.koper.si\/it\/wp-json\/wp\/v2\/comments?post=76478"}],"version-history":[{"count":8,"href":"https:\/\/www.koper.si\/it\/wp-json\/wp\/v2\/pages\/76478\/revisions"}],"predecessor-version":[{"id":106745,"href":"https:\/\/www.koper.si\/it\/wp-json\/wp\/v2\/pages\/76478\/revisions\/106745"}],"up":[{"embeddable":true,"href":"https:\/\/www.koper.si\/it\/wp-json\/wp\/v2\/pages\/20271"}],"wp:attachment":[{"href":"https:\/\/www.koper.si\/it\/wp-json\/wp\/v2\/media?parent=76478"}],"curies":[{"name":"wp","href":"https:\/\/api.w.org\/{rel}","templated":true}]}}