{"id":80675,"date":"2019-08-05T19:44:02","date_gmt":"2019-08-05T17:44:02","guid":{"rendered":"https:\/\/www.koper.si\/comune\/elezioni\/predcasne-volitve-ks-hrvatini-crevatini\/"},"modified":"2021-06-22T11:39:58","modified_gmt":"2021-06-22T09:39:58","slug":"elezioni-anticipate-cl-crevatini-2016","status":"publish","type":"page","link":"https:\/\/www.koper.si\/it\/comune\/elezioni\/elezioni-anticipate-cl-crevatini-2016\/","title":{"rendered":"Elezioni anticipate \u2013 CL Crevatini 2016"},"content":{"rendered":"<p><section class=\"kc-elm kc-css-151695 kc_row\"><div class=\" container\"><div class=\"row\"><div class=\"kc-elm kc-css-895021 col-12 col-sm-12 column col-12 col-sm-12\"><div class=\"kc-col-container\"><div class=\"kc-elm kc-css-486436 kc_text_block\"><\/p>\n<p>In data 8 luglio 2016 si sono dimessi nove dei dieci membri del Consiglio della Comunit\u00e0 locale Crevatini, per questo motivo il Sindaco del Comune citt\u00e0 di Capodistria ha indetto le elezioni anticipate a membro del Consiglio della Comunit\u00e0 locale Crevatini ai sensi della Legge sulle elezioni amministrative (Gazzetta Ufficiale della RS nn. 94\/07 \u2013 ZLV \u2013 TCU3, 45\/08 e 83\/12) e dello Statuto del Comune citt\u00e0 di Capodistria (Bollettino Ufficiale nn. 40\/00, 30\/01, 29\/03 e Gazzetta Ufficiale della RS nn. 90\/05, 67\/06 e 39\/08), che si sono tenute <strong>domenica, 25 settembre 2016<\/strong>.<\/p>\n<p>\n<\/div><\/div><\/div><\/div><\/div><\/section><section class=\"kc-elm kc-css-428298 kc_row\"><div class=\" container\"><div class=\"row\"><div class=\"kc-elm kc-css-423289 col-12 col-sm-12 column col-12 col-sm-12\"><div class=\"kc-col-container\">\n<div class=\"kc-elm kc-css-317349 kc-title-wrap \">\n\n\t<h2 class=\"kc_title\">Delibera sulla determinazione dei seggi elettorali e delle rispettive sedi<\/h2>\n<\/div>\n<div class=\"kc-elm kc-css-569497 kc_text_block\"><\/p>\n<p><a href=\"https:\/\/www.koper.si\/wp-content\/uploads\/2020\/11\/Sklep-o-dolo\u010ditvi-voli\u0161\u010d.pdf\" target=\"_blank\" rel=\"noopener noreferrer\">Delibera sulla determinazione dei seggi elettorali<\/a><br \/><a href=\"https:\/\/www.koper.si\/wp-content\/uploads\/2020\/11\/Delibera-sulla-determinazione-dei-seggi-elettorali-e-delle-rispettive-sedi.pdf\" target=\"_blank\" rel=\"noopener noreferrer\">Delibera sulla determinazione dei seggi elettorali e delle rispettive sedi<\/a><\/p>\n<p>\n<\/div><\/div><\/div><\/div><\/div><\/section><section class=\"kc-elm kc-css-74157 kc_row\"><div class=\" container\"><div class=\"row\"><div class=\"kc-elm kc-css-895558 col-12 col-sm-12 column col-12 col-sm-12\"><div class=\"kc-col-container\">\n<div class=\"kc-elm kc-css-237909 kc-title-wrap \">\n\n\t<h2 class=\"kc_title\">Predpisi<\/h2>\n<\/div>\n<div class=\"kc-elm kc-css-634289 kc_text_block\"><\/p>\n<p><a href=\"https:\/\/www.koper.si\/wp-content\/uploads\/2020\/11\/Zakon-o-evidenci-volilne-pravice.pdf\" target=\"_blank\" rel=\"noopener noreferrer\">Zakon o evidenci volilne pravice<\/a><br \/><a href=\"https:\/\/www.koper.si\/wp-content\/uploads\/2020\/11\/Zakon-o-lokalnih-volitvah.pdf\" target=\"_blank\" rel=\"noopener noreferrer\">Zakon o lokalnih volitvah<\/a><br \/><a href=\"https:\/\/www.koper.si\/wp-content\/uploads\/2020\/11\/Sklep-o-dolo\u010ditvi-\u0161tevila-\u010dlanov-svetov-krajevnih-skupnosti-in-o-dolo\u010ditvi-volilnih-enot-v-krajevnih-skupnostih-na-obmo\u010dju-Mestne-ob\u010dine-Koper.pdf\" target=\"_blank\" rel=\"noopener noreferrer\">Sklep o dolo\u010ditvi \u0161tevila \u010dlanov svetov krajevnih skupnosti in o dolo\u010ditvi volilnih enot v krajevnih skupnostih na obmo\u010dju Mestne ob\u010dine Koper<\/a><br \/><a href=\"https:\/\/www.koper.si\/wp-content\/uploads\/2020\/11\/Razpis-pred\u010dasnih-volitev-\u010dlanov-sveta-Krajevne-skupnosti-Hrvatini-Crevatini.pdf\" target=\"_blank\" rel=\"noopener noreferrer\">Razpis pred\u010dasnih volitev \u010dlanov sveta Krajevne skupnosti Hrvatini &#8211; Crevatini<\/a><\/p>\n<p>\n<\/div><\/div><\/div><\/div><\/div><\/section><section class=\"kc-elm kc-css-595673 kc_row\"><div class=\" container\"><div class=\"row\"><div class=\"kc-elm kc-css-901160 col-12 col-sm-12 column col-12 col-sm-12\"><div class=\"kc-col-container\">\n<div class=\"kc-elm kc-css-548749 kc-title-wrap \">\n\n\t<h2 class=\"kc_title\">Obrazci<\/h2>\n<\/div>\n<div data-closeall=\"true\" class=\"kc-elm kc-css-143614 kc_accordion_wrapper\">\r\n    <div class=\"kc-elm kc-css-9462 kc_accordion_section group \"><h3 class=\"kc_accordion_header ui-accordion-header\"><a href=\"#kandidature\" data-prevent=\"scroll\"><div class=\"kc-accordion-inner-wrapper\"><span class=\"ui-accordion-header-icon ui-icon\"><\/span><i class=\"\"><\/i> Kandidature<\/div><\/a><\/h3><div class=\"kc_accordion_content ui-accordion-content kc_clearfix\"><div class=\"kc-panel-body\"><div class=\"kc-elm kc-css-495535 kc_text_block\"><\/p>\n<p><a href=\"https:\/\/www.koper.si\/wp-content\/uploads\/2020\/11\/Navodila-v-zvezi-z-izvedbo-pred\u010dasnih-volitev.pdf\" target=\"_blank\" rel=\"noopener noreferrer\">Navodila v zvezi z izvedbo pred\u010dasnih volitev<\/a><br \/><a href=\"https:\/\/www.koper.si\/wp-content\/uploads\/2020\/11\/Kandidatura-za-volitve-\u010dlanov-sveta-ki-jo-je-dolo\u010dila-politi\u010dna-stranka.pdf\" target=\"_blank\" rel=\"noopener noreferrer\">Kandidatura za volitve \u010dlanov sveta, ki jo je dolo\u010dila politi\u010dna stranka<\/a><br \/><a href=\"https:\/\/www.koper.si\/wp-content\/uploads\/2020\/11\/Kandidatura-za-volitve-\u010dlanov-sveta-ki-so-jo-dolo\u010dili-volivci-s-podpisovanjem.pdf\" target=\"_blank\" rel=\"noopener noreferrer\">Kandidatura za volitve \u010dlanov sveta, ki so jo dolo\u010dili volivci s podpisovanjem<\/a><br \/><a href=\"https:\/\/www.koper.si\/wp-content\/uploads\/2020\/11\/Soglasje-kandidata-za-\u010dlana-sveta.pdf\" target=\"_blank\" rel=\"noopener noreferrer\">Soglasje kandidata za \u010dlana sveta<\/a><br \/><a href=\"https:\/\/www.koper.si\/wp-content\/uploads\/2020\/11\/Zapisnik-o-delu-politi\u010dne-stranke-ki-je-dolo\u010dil-kandidaturoe-za-\u010dlane-sveta-krajevne-skupnosti.pdf\" target=\"_blank\" rel=\"noopener noreferrer\">Zapisnik o delu politi\u010dne stranke, ki je dolo\u010dil kandidaturo(e) za \u010dlane sveta krajevne skupnosti<\/a><br \/><a href=\"https:\/\/www.koper.si\/wp-content\/uploads\/2020\/11\/Pojasnilo-o-spolnih-kvotah.pdf\" target=\"_blank\" rel=\"noopener noreferrer\">Pojasnilo o spolnih kvotah<\/a><\/p>\n<p>\n<\/div><\/div><\/div><\/div><div class=\"kc-elm kc-css-542425 kc_accordion_section group \"><h3 class=\"kc_accordion_header ui-accordion-header\"><a href=\"#volilni-odbori\" data-prevent=\"scroll\"><div class=\"kc-accordion-inner-wrapper\"><span class=\"ui-accordion-header-icon ui-icon\"><\/span><i class=\"\"><\/i> Volilni odbori<\/div><\/a><\/h3><div class=\"kc_accordion_content ui-accordion-content kc_clearfix\"><div class=\"kc-panel-body\"><div class=\"kc-elm kc-css-469994 kc_text_block\"><\/p>\n<p><a href=\"https:\/\/www.koper.si\/wp-content\/uploads\/2020\/11\/Poziv-k-predlaganju-kandidatov-za-sestavo-volilnih-odborov.pdf\" target=\"_blank\" rel=\"noopener noreferrer\">Poziv k predlaganju kandidatov za sestavo volilnih odborov<\/a><br \/><a href=\"https:\/\/www.koper.si\/wp-content\/uploads\/2020\/11\/Proposta-per-i-candidati-per-i-comitati-elettorali.pdf\" target=\"_blank\" rel=\"noopener noreferrer\">Proposta per i candidati per i comitati elettorali<\/a><br \/><a href=\"https:\/\/www.koper.si\/wp-content\/uploads\/2020\/11\/Obrazec-predlog-za-\u010dlana-volilnega-odbora-in-izjava-kandidata.pdf\" target=\"_blank\" rel=\"noopener noreferrer\">Obrazec &#8211; predlog za \u010dlana volilnega odbora in izjava kandidata<\/a><br \/><a href=\"https:\/\/www.koper.si\/wp-content\/uploads\/2020\/11\/Formulario-proposta-per-la-candidatura-a-membro-del-comitato-elettorale.pdf\" target=\"_blank\" rel=\"noopener noreferrer\">Formulario &#8211; proposta per la candidatura a membro del comitato elettorale<\/a><\/p>\n<p>\n<\/div><\/div><\/div><\/div><\/div>\r\n<\/div><\/div><\/div><\/div><\/section><section class=\"kc-elm kc-css-816725 kc_row\"><div class=\" container\"><div class=\"row\"><div class=\"kc-elm kc-css-274188 col-12 col-sm-12 column col-12 col-sm-12\"><div class=\"kc-col-container\">\n<div class=\"kc-elm kc-css-355365 kc-title-wrap \">\n\n\t<h2 class=\"kc_title\">Seje volilnih komisij<\/h2>\n<\/div>\n<div data-closeall=\"true\" class=\"kc-elm kc-css-424429 kc_accordion_wrapper\">\r\n    <div class=\"kc-elm kc-css-784818 kc_accordion_section group \"><h3 class=\"kc_accordion_header ui-accordion-header\"><a href=\"#seje-obcinske-volilne-komisije\" data-prevent=\"scroll\"><div class=\"kc-accordion-inner-wrapper\"><span class=\"ui-accordion-header-icon ui-icon\"><\/span><i class=\"\"><\/i> Seje Ob\u010dinske volilne komisije<\/div><\/a><\/h3><div class=\"kc_accordion_content ui-accordion-content kc_clearfix\"><div class=\"kc-panel-body\"><div class=\"kc-elm kc-css-960846 kc_text_block\"><\/p>\n<p><a href=\"https:\/\/www.koper.si\/wp-content\/uploads\/2020\/11\/00-Vabilo-OVK-10.-seja.pdf\" target=\"_blank\" rel=\"noopener noreferrer\">10. seja Ob\u010dinske volilne komisije Mestne ob\u010dine Koper<\/a><br \/><a href=\"https:\/\/www.koper.si\/wp-content\/uploads\/2020\/11\/00-Vabilo-OVK-11.-seja.pdf\" target=\"_blank\" rel=\"noopener noreferrer\">11. seja Ob\u010dinske volilne komisije Mestne ob\u010dine Koper<\/a><br \/><a href=\"https:\/\/www.koper.si\/wp-content\/uploads\/2020\/11\/2016_09_02_10_25_26.pdf\" target=\"_blank\" rel=\"noopener noreferrer\">11. seja Ob\u010dinske volilne komisije Mestne ob\u010dine Koper &#8211; Zapisnik o \u017erebanju kandidatov<\/a><\/p>\n<p>\n<\/div><\/div><\/div><\/div><div class=\"kc-elm kc-css-555909 kc_accordion_section group \"><h3 class=\"kc_accordion_header ui-accordion-header\"><a href=\"#seje-posebne-obcinske-volilne-komisije\" data-prevent=\"scroll\"><div class=\"kc-accordion-inner-wrapper\"><span class=\"ui-accordion-header-icon ui-icon\"><\/span><i class=\"\"><\/i> Seje Posebne ob\u010dinske volilne komisije<\/div><\/a><\/h3><div class=\"kc_accordion_content ui-accordion-content kc_clearfix\"><div class=\"kc-panel-body\"><div class=\"kc-elm kc-css-705753 kc_text_block\"><\/p>\n<p><a href=\"https:\/\/www.koper.si\/wp-content\/uploads\/2020\/11\/4.-seja-Posebne-ob\u010dinske-volilne-komisije-Mestne-ob\u010dine-Koper.pdf\" target=\"_blank\" rel=\"noopener noreferrer\">4. seja Posebne ob\u010dinske volilne komisije Mestne ob\u010dine Koper<\/a><br \/><a href=\"https:\/\/www.koper.si\/wp-content\/uploads\/2020\/11\/4.-seja-Posebne-ob\u010dinske-volilne-komisije-Mestne-ob\u010dine-Koper-ITA.pdf\" target=\"_blank\" rel=\"noopener noreferrer\">4. seja Posebne ob\u010dinske volilne komisije Mestne ob\u010dine Koper-ITA<\/a><br \/><a href=\"https:\/\/www.koper.si\/wp-content\/uploads\/2020\/11\/5.-seja-Posebne-ob\u010dinske-volilne-komisije-Mestne-ob\u010dine-Koper.pdf\" target=\"_blank\" rel=\"noopener noreferrer\">5. seja Posebne ob\u010dinske volilne komisije Mestne ob\u010dine Koper<\/a><\/p>\n<p>\n<\/div><\/div><\/div><\/div><\/div>\r\n<\/div><\/div><\/div><\/div><\/section><section class=\"kc-elm kc-css-320407 kc_row\"><div class=\" container\"><div class=\"row\"><div class=\"kc-elm kc-css-559776 col-12 col-sm-12 column col-12 col-sm-12\"><div class=\"kc-col-container\">\n<div class=\"kc-elm kc-css-194717 kc-title-wrap \">\n\n\t<h2 class=\"kc_title\">Calendario<\/h2>\n<\/div>\n<div class=\"kc-elm kc-css-975355 kc_text_block\"><\/p>\n<p><a href=\"https:\/\/www.koper.si\/wp-content\/uploads\/2020\/11\/Rokovnik-ITA.pdf\" target=\"_blank\" rel=\"noopener noreferrer\">Calendario<\/a><\/p>\n<p>\n<\/div><\/div><\/div><\/div><\/div><\/section><section class=\"kc-elm kc-css-515129 kc_row\"><div class=\" container\"><div class=\"row\"><div class=\"kc-elm kc-css-951694 col-12 col-sm-12 column col-12 col-sm-12\"><div class=\"kc-col-container\">\n<div class=\"kc-elm kc-css-860353 kc-title-wrap \">\n\n\t<h2 class=\"kc_title\">Seznam potrjenih kandidatur<\/h2>\n<\/div>\n<div class=\"kc-elm kc-css-413870 kc_text_block\"><\/p>\n<p><a href=\"https:\/\/www.koper.si\/wp-content\/uploads\/2020\/11\/Javna-objava-kandidatur-pred\u010dasne-volitve-KS-Hrvatini-Crevatini.pdf\" target=\"_blank\" rel=\"noopener noreferrer\">Javna objava kandidatur &#8211; pred\u010dasne volitve KS Hrvatini &#8211; Crevatini<\/a><\/p>\n<p>\n<\/div><\/div><\/div><\/div><\/div><\/section><section class=\"kc-elm kc-css-281529 kc_row\"><div class=\" container\"><div class=\"row\"><div class=\"kc-elm kc-css-734881 col-12 col-sm-12 column col-12 col-sm-12\"><div class=\"kc-col-container\">\n<div class=\"kc-elm kc-css-368522 kc-title-wrap \">\n\n\t<h2 class=\"kc_title\">Izidi volitev<\/h2>\n<\/div>\n<div data-closeall=\"true\" class=\"kc-elm kc-css-266814 kc_accordion_wrapper\">\r\n    <div class=\"kc-elm kc-css-255690 kc_accordion_section group \"><h3 class=\"kc_accordion_header ui-accordion-header\"><a href=\"#uradni-rezultati\" data-prevent=\"scroll\"><div class=\"kc-accordion-inner-wrapper\"><span class=\"ui-accordion-header-icon ui-icon\"><\/span><i class=\"\"><\/i> Uradni rezultati<\/div><\/a><\/h3><div class=\"kc_accordion_content ui-accordion-content kc_clearfix\"><div class=\"kc-panel-body\"><div class=\"kc-elm kc-css-551897 kc_text_block\"><\/p>\n<div>Poro\u010dilo o izidu pred\u010dasnih volitev<br \/><a href=\"https:\/\/www.koper.si\/wp-content\/uploads\/2020\/11\/Porocilo-Relazione.pdf\" target=\"_blank\" rel=\"noopener noreferrer\">Porocilo &#8211; Relazione<\/a><\/div>\n<p>\n<\/div><\/div><\/div><\/div><\/div>\r\n<\/div><\/div><\/div><\/div><\/section><\/p>\n","protected":false},"excerpt":{"rendered":"","protected":false},"author":2,"featured_media":0,"parent":78724,"menu_order":175,"comment_status":"closed","ping_status":"closed","template":"","meta":{"_acf_changed":false,"inline_featured_image":false,"footnotes":""},"class_list":["post-80675","page","type-page","status-publish","hentry"],"acf":[],"_links":{"self":[{"href":"https:\/\/www.koper.si\/it\/wp-json\/wp\/v2\/pages\/80675","targetHints":{"allow":["GET"]}}],"collection":[{"href":"https:\/\/www.koper.si\/it\/wp-json\/wp\/v2\/pages"}],"about":[{"href":"https:\/\/www.koper.si\/it\/wp-json\/wp\/v2\/types\/page"}],"author":[{"embeddable":true,"href":"https:\/\/www.koper.si\/it\/wp-json\/wp\/v2\/users\/2"}],"replies":[{"embeddable":true,"href":"https:\/\/www.koper.si\/it\/wp-json\/wp\/v2\/comments?post=80675"}],"version-history":[{"count":3,"href":"https:\/\/www.koper.si\/it\/wp-json\/wp\/v2\/pages\/80675\/revisions"}],"predecessor-version":[{"id":86778,"href":"https:\/\/www.koper.si\/it\/wp-json\/wp\/v2\/pages\/80675\/revisions\/86778"}],"up":[{"embeddable":true,"href":"https:\/\/www.koper.si\/it\/wp-json\/wp\/v2\/pages\/78724"}],"wp:attachment":[{"href":"https:\/\/www.koper.si\/it\/wp-json\/wp\/v2\/media?parent=80675"}],"curies":[{"name":"wp","href":"https:\/\/api.w.org\/{rel}","templated":true}]}}