{"id":80684,"date":"2019-08-05T19:43:45","date_gmt":"2019-08-05T17:43:45","guid":{"rendered":"https:\/\/www.koper.si\/comune\/elezioni\/lokalne-volitve-2011\/"},"modified":"2020-12-10T11:26:52","modified_gmt":"2020-12-10T10:26:52","slug":"elezioni-amministrative-2011","status":"publish","type":"page","link":"https:\/\/www.koper.si\/it\/comune\/elezioni\/elezioni-amministrative-2011\/","title":{"rendered":"Elezioni amministrative 2011"},"content":{"rendered":"<p><section class=\"kc-elm kc_row\"><div class=\" container\"><div class=\"row\"><div class=\"kc-elm column col-12 col-sm-12\"><div class=\"kc-col-container\"><div class=\"kc-elm kc_text_block\"><\/p>\n<p>Ai sensi del secondo alinea del primo comma dell\u2019articolo 107 e del primo comma dell\u2019articolo 91 della Costituzione della Repubblica di Slovenia rilascio<\/p>\n<p style=\\\"text-align: center;\\\" align=\\\"center\\\"><b>O R D I N E<\/b><\/p>\n<p style=\\\"text-align: center;\\\" align=\\\"center\\\"><b>sulla proclamazione della Legge sull\u2019indizione delle elezioni amministrative ordinarie nel Comune citt\u00e0 di Capodistria (Sigla: ZRRLVKP)<\/b><\/p>\n<p style=\\\"text-align: left;\\\">Promulgo la Legge sull\u2019indizione delle elezioni amministrative ordinarie nel Comune citt\u00e0 di Capodistria (Sigla: ZRRLVKP), approvata dall\u2019Assemblea nazionale della Repubblica di Slovenia, in seno alla seduta, tenutasi il 17 maggio 2011.<\/p>\n<p style=\\\"text-align: left;\\\">Prot. n. 003-02-5\/2011-14<br \/>Lubiana, 25 maggio 2011<\/p>\n<p style=\\\"text-align: right;\\\" align=\\\"right\\\">dr. Danilo T\u00fcrk m.p.<br \/>Presidente della<br \/>Repubblica di Slovenia<\/p>\n<p style=\\\"text-align: center;\\\" align=\\\"center\\\"><b>L E G G E<\/b><\/p>\n<p style=\\\"text-align: center;\\\" align=\\\"center\\\"><b>SULL\u2019INDIZIONE DELLE ELEZIONI AMMINISTRATIVE ORDINARIE NEL COMUNE CITT\u00c0 DI CAPODISTRIA (Sigla: ZRRLVKP)<\/b><\/p>\n<p style=\\\"text-align: center;\\\">Articolo 1<\/p>\n<p>Per garantire il diritto costituzionale delle cittadine e dei cittadini all\u2019elezione degli organi della comunit\u00e0 locale si indice le elezioni amministrative regolari degli organi del Comune citt\u00e0 di Capodistria.<\/p>\n<p style=\\\"text-align: center;\\\">Articolo 2<\/p>\n<p>(1) Il presidente dell\u2019Assemblea nazionale indice le elezioni amministrative rodinarie il giorno successivo all\u2019entrata in vigore della legge.<\/p>\n<p>(2) Le elezioni si svolgono in conformit\u00e0 alla normativa che regola le elezioni anticipate.<\/p>\n<p style=\\\"text-align: center;\\\">Articolo 3<\/p>\n<p>Agli organi del Comune citt\u00e0 di Capodistria, eletti in seno alle ultime elezioni amministrative, si proroga il mandato fino alla prima seduta del Consiglio comunale, eletto in seno alle elezioni di cui all\u2019articolo 1 della presente legge.<\/p>\n<p style=\\\"text-align: center;\\\">Articolo 4<\/p>\n<p>Il periodo di mandato dei membri del Consiglio comunale e del Sindaco del Comune citt\u00e0 di Capodistria, eletti in base alla presente legge, ha la durata fino alla prima seduta del Consiglio comunale, eletto in seno alle elezioni amministrative ordinarie nell\u2019anno 2014.<\/p>\n<p style=\\\"text-align: center;\\\">Articolo 5<\/p>\n<p>La presente legge entra in vigore il giorno successivo alla pubblicazione nella Gazzetta Ufficiale della Repubblica di Slovenia.<\/p>\n<p>Prot. n. 004-03\/11-4\/22<br \/>Lubiana, 17 maggio 2011<br \/>EPA 1675-V<\/p>\n<p style=\\\"text-align: right;\\\">Assemblea nazionale della<br \/>Repubblica di Slovenia<br \/>dr. Pavel Gantar m.p.<br \/>Presidente<\/p>\n<p>\n<\/div><\/div><\/div><\/div><\/div><\/section><section class=\"kc-elm kc_row\"><div class=\" container\"><div class=\"row\"><div class=\"kc-elm column col-12 col-sm-12\"><div class=\"kc-col-container\">\n<div class=\"kc-elm kc-title-wrap \">\n\n\t<h1 class=\"kc_title\">The Title<\/h1>\n<\/div>\n<div class=\"kc-elm kc_text_block\"><\/p>\n<p>\n<a href=\\\"https:\/\/www.koper.si\/wp-content\/uploads\/2020\/11\/Sklep-o-dolo\u010ditvi-voli\u0161\u010d-1.pdf\\\" target=\\\"_blank\\\" rel=\\\"noopener noreferrer\\\">Sklep o dolo\u010ditvi voli\u0161\u010d in njihovih sede\u017eev<\/a><br \/><a href=\\\"https:\/\/www.koper.si\/wp-content\/uploads\/2020\/11\/Sklep-o-dolo\u010ditvi-posebnih-voli\u0161\u010d.doc\\\" target=\\\"_blank\\\" rel=\\\"noopener noreferrer\\\">Sklep o dolo\u010ditvi posebnih voli\u0161\u010d<\/a><\/p>\n<p>\n<\/div><\/div><\/div><\/div><\/div><\/section><section class=\"kc-elm kc_row\"><div class=\" container\"><div class=\"row\"><div class=\"kc-elm column col-12 col-sm-12\"><div class=\"kc-col-container\">\n<div class=\"kc-elm kc-title-wrap \">\n\n\t<h1 class=\"kc_title\">The Title<\/h1>\n<\/div>\n<div class=\"kc-elm kc_text_block\"><\/p>\n<p><a href=\\\"http:\/\/www.uradni-list.si\/1\/content?id=103813\\\" target=\\\"_blank\\\" rel=\\\"noopener noreferrer\\\">Zakon o razipisu\u00a0rednih lokalnih volitev v Mestni ob\u010dini Koper(ZRRLVKP &#8211; Uradni list RS, \u0161t 39\/11)<\/a><br \/><a href=\\\"http:\/\/www.uradni-list.si\/1\/pdfpages?id=103823&#038;part=U\\\" target=\\\"_blank\\\" rel=\\\"noopener noreferrer\\\">Razpis rednih volitev v ob\u010dinski svet in redne volitve \u017eupana v Mestni ob\u010dini Koper (Uradni list RS, \u0161t. 40\/11)<\/a><br \/><a href=\\\"http:\/\/www.uradni-list.si\/1\/pdfpages?id=103898&#038;part=U\\\" target=\\\"_blank\\\" rel=\\\"noopener noreferrer\\\">Razpis rednih voilitev \u010dlanov svetov Krajevnih skupnosti na obmo\u010dju Mestne ob\u010dine Koper (Uradni list RS, \u0161t. 41\/11)<\/a><br \/><a href=\\\"http:\/\/www.uradni-list.si\/1\/pdfpages?id=103899&#038;part=U\\\" target=\\\"_blank\\\" rel=\\\"noopener noreferrer\\\">Sklep o razpisu rednih volitev v Svetu Samoupravne skupnosti italijanske narodnosti Koper (Uradni list RS, \u0161t. 41\/11)<\/a><a href=\\\"http:\/\/www.dz-rs.si\/index.php?id=101&#038;sm=k&#038;q=zakon+o+lokalnih+volitvah&#038;mandate=-1&#038;unid=UPB|7BCDD42D0B30F122C1257443002793CE&#038;showdoc=1\\\" target=\\\"_blank\\\" rel=\\\"noopener noreferrer\\\"><br \/>ZLV =\u00a0Zakon o lokalnih volitvah (Uradni list RS, \u0161t. 94\/07 \u2013 ZLV\u2013UPB3 in 45\/08 \u2013 ZLV-H)<\/a><br \/><a href=\\\"http:\/\/www.dz-rs.si\/index.php?id=101&#038;sm=k&#038;q=zakon+o+volitvah+v+dr%C5%BEavni+zbor&#038;mandate=-1&#038;unid=UPB|34BAE06413BC02E6C12571DB00455026&#038;showdoc=1\\\" target=\\\"_blank\\\" rel=\\\"noopener noreferrer\\\">ZVDZ = Zakon o volitvah v dr\u017eavni zbor (Uradni list RS, \u0161t. 109\/06 \u2013 ZVDZ \u2013 UPB1 in 54\/07 \u2013 odlo\u010dba US)<\/a><br \/><a href=\\\"http:\/\/www.dz-rs.si\/index.php?id=101&#038;sm=k&#038;q=zakon+o+evidenci+volilne&#038;mandate=-1&#038;unid=UPB|C25C3BA5630D7C1BC12572210031AAB1&#038;showdoc=1\\\" target=\\\"_blank\\\" rel=\\\"noopener noreferrer\\\">ZEVP = Zakon o evidenci volilne pravice (Uradni list RS, \u0161t. 1\/07 \u2013 ZEVP1 \u2013 UPB1)<\/a><br \/><a href=\\\"http:\/\/www.dz-rs.si\/index.php?id=101&#038;sm=k&#038;q=zakon+o+volilni+in+referendumski+kampanji&#038;mandate=-1&#038;unid=UPB|6B85012E8F0D0738C125738D003BD592&#038;showdoc=1\\\" target=\\\"_blank\\\" rel=\\\"noopener noreferrer\\\">ZVRK =\u00a0Zakon o volilni in referendumski kampanji (Uradni list RS, \u0161t. 41\/07 \u2013 ZVRK, 103\/07 \u2013 ZPolS-D in 105\/08 \u2013 odlo\u010dba US)<\/a><br \/><a href=\\\"https:\/\/www.koper.si\/regulation\/sklep-dolocitev-stevila-clanov-svetov-ks-in-volilnih-enot\/\\\" target=\\\"_blank\\\" rel=\\\"noopener noreferrer\\\">Sklep \u2013 dolo\u010ditev \u0161tevila \u010dlanov svetov KS in volilnih enot<\/a><\/p>\n<p>\n<\/div><\/div><\/div><\/div><\/div><\/section><section class=\"kc-elm kc_row\"><div class=\" container\"><div class=\"row\"><div class=\"kc-elm column col-12 col-sm-12\"><div class=\"kc-col-container\">\n<div class=\"kc-elm kc-title-wrap \">\n\n\t<h1 class=\"kc_title\">The Title<\/h1>\n<\/div>\n<div class=\"kc-elm kc_accordion_wrapper\">\r\n    <div class=\"kc-elm kc_accordion_section group \"><h3 class=\"kc_accordion_header ui-accordion-header\"><a href=\"#new-accordion-tab\" data-prevent=\"scroll\"><div class=\"kc-accordion-inner-wrapper\"><span class=\"ui-accordion-header-icon ui-icon\"><\/span><i class=\"\"><\/i>  New Accordion Tab<\/div><\/a><\/h3><div class=\"kc_accordion_content ui-accordion-content kc_clearfix\"><div class=\"kc-panel-body\"><div class=\"kc-elm kc_text_block\"><\/p>\n<p>Volivci, ki se zaradi bolezni ne morejo zglasiti na voli\u0161\u010du vlo\u017eijo najkasneje do 7. 7. 2011 zahtevo, da \u017eelijo glasovati na svojem domu. Zahtevo dostavijo Ob\u010dinski volilni komisiji, Verdijeva 10, Koper.<\/p>\n<p><a href=\\\"https:\/\/www.koper.si\/wp-content\/uploads\/2020\/11\/Glasovanje-na-domu-obrazec.pdf\\\" target=\\\"_blank\\\" rel=\\\"noopener noreferrer\\\">Glasovanje na domu &#8211; obrazec<\/a><br \/><a href=\\\"https:\/\/www.koper.si\/wp-content\/uploads\/2020\/11\/Glasovanje-na-domu-formulario.pdf\\\" target=\\\"_blank\\\" rel=\\\"noopener noreferrer\\\">Glasovanje na domu &#8211; formulario<\/a><br \/><a href=\\\"https:\/\/www.koper.si\/wp-content\/uploads\/2020\/11\/Predlogi-za-\u010dlane-volilnih-odborov-obrazci.zip\\\" target=\\\"_blank\\\" rel=\\\"noopener noreferrer\\\">Predlogi za \u010dlane volilnih odborov &#8211; obrazci<\/a><br \/><a href=\\\"https:\/\/www.koper.si\/wp-content\/uploads\/2020\/11\/Sporo\u010dilo-o-organizatorju-volilne-kampanje-17.-\u010dlen-ZVRK-obrazec.doc\\\" target=\\\"_blank\\\" rel=\\\"noopener noreferrer\\\">Sporo\u010dilo o organizatorju volilne kampanje (17. \u010dlen ZVRK) &#8211; obrazec<\/a><\/p>\n<p>\n<\/div><\/div><\/div><\/div><div class=\"kc-elm kc_accordion_section group \"><h3 class=\"kc_accordion_header ui-accordion-header\"><a href=\"#new-accordion-tab\" data-prevent=\"scroll\"><div class=\"kc-accordion-inner-wrapper\"><span class=\"ui-accordion-header-icon ui-icon\"><\/span><i class=\"\"><\/i>  New Accordion Tab<\/div><\/a><\/h3><div class=\"kc_accordion_content ui-accordion-content kc_clearfix\"><div class=\"kc-panel-body\"><div class=\"kc-elm kc_text_block\"><\/p>\n<p>\n<a href=\\\"https:\/\/www.koper.si\/wp-content\/uploads\/2020\/11\/Kandidatura-za-\u017eupana-MOK-ki-jo-je-dolo\u010dila-politi\u010dna-stranka-obrazec.doc\\\">Kandidatura za \u017eupana MOK, ki jo je dolo\u010dila politi\u010dna stranka &#8211; obrazec<\/a><br \/><a href=\\\"https:\/\/www.koper.si\/wp-content\/uploads\/2020\/11\/Kandidatura-za-\u017eupana-MOK-ki-jo-je-dolo\u010dila-politi\u010dna-stranka-obrazec-dvojezi\u010dni.doc\\\">Kandidatura za \u017eupana MOK, ki jo je dolo\u010dila politi\u010dna stranka &#8211; obrazec dvojezi\u010dni<\/a><br \/><a href=\\\"https:\/\/www.koper.si\/wp-content\/uploads\/2020\/11\/Kandidatura-za-\u017eupana-MOK-s-podpisi-volilcev.doc\\\">Kandidatura za \u017eupana MOK s podpisi volilcev<\/a><br \/><a href=\\\"https:\/\/www.koper.si\/wp-content\/uploads\/2020\/11\/Kandidatura-za-\u017eupana-MOK-s-podpisi-volilcev-dvojezi\u010dno.doc\\\">Kandidatura za \u017eupana MOK s podpisi volilcev &#8211; dvojezi\u010dno<\/a><br \/><a href=\\\"https:\/\/www.koper.si\/wp-content\/uploads\/2020\/11\/Podpora-kandidaturi-za-\u017eupana.doc\\\">Podpora kandidaturi za \u017eupana<\/a><br \/><a href=\\\"https:\/\/www.koper.si\/wp-content\/uploads\/2020\/11\/Podpora-kandidaturi-za-\u017eupana-dvojezi\u010dno.doc\\\">Podpora kandidaturi za \u017eupana &#8211; dvojezi\u010dno<\/a><br \/><a href=\\\"https:\/\/www.koper.si\/wp-content\/uploads\/2020\/11\/Soglasje-kandidata-za-\u017eupana-obrazec.doc\\\">Soglasje kandidata za \u017eupana &#8211; obrazec<\/a><br \/><a href=\\\"https:\/\/www.koper.si\/wp-content\/uploads\/2020\/11\/Soglasje-kandidata-za-\u017eupana-obrazec-dvojezi\u010dni.doc\\\">Soglasje kandidata za \u017eupana &#8211; obrazec dvojezi\u010dni<\/a><br \/><a href=\\\"https:\/\/www.koper.si\/wp-content\/uploads\/2020\/11\/Zapisnik-o-delu-organa-politi\u010dne-stranke-ki-je-dolo\u010dil-kandidaturo-za-\u017eupana-MOK-obrazec.doc\\\">Zapisnik o delu organa politi\u010dne stranke, ki je dolo\u010dil kandidaturo za \u017eupana MOK &#8211; obrazec<\/a><br \/><a href=\\\"https:\/\/www.koper.si\/wp-content\/uploads\/2020\/11\/Obrazec-za-glasovanje-po-po\u0161ti.dotx\\\">Obrazec za glasovanje po po\u0161ti<\/a><\/p>\n<p>\n<\/div><\/div><\/div><\/div><div class=\"kc-elm kc_accordion_section group \"><h3 class=\"kc_accordion_header ui-accordion-header\"><a href=\"#new-accordion-tab\" data-prevent=\"scroll\"><div class=\"kc-accordion-inner-wrapper\"><span class=\"ui-accordion-header-icon ui-icon\"><\/span><i class=\"\"><\/i>  New Accordion Tab<\/div><\/a><\/h3><div class=\"kc_accordion_content ui-accordion-content kc_clearfix\"><div class=\"kc-panel-body\"><div class=\"kc-elm kc_text_block\"><\/p>\n<p>\n<a href=\\\"https:\/\/www.koper.si\/wp-content\/uploads\/2020\/11\/Kandidatura-za-\u010dlana-OS-predstavnika-italijanske-narodne-skupnosti.doc\\\">Kandidatura za \u010dlana OS predstavnika italijanske narodne skupnosti<\/a><br \/><a href=\\\"https:\/\/www.koper.si\/wp-content\/uploads\/2020\/11\/Lista-kandidatov-za-volitve-\u010dlanov-OS-politi\u010dne-stranke-SLO.doc\\\">Lista kandidatov za volitve \u010dlanov OS &#8211; politi\u010dne stranke &#8211; SLO<\/a><br \/><a href=\\\"https:\/\/www.koper.si\/wp-content\/uploads\/2020\/11\/Lista-kandidatov-za-volitve-\u010dlanov-OS-polit.-stranka-dvojezi\u010dno-.doc\\\">Lista kandidatov za volitve \u010dlanov OS &#8211; polit. stranka &#8211; dvojezi\u010dno<\/a><br \/><a href=\\\"https:\/\/www.koper.si\/wp-content\/uploads\/2020\/11\/Lista-kandidatov-za-volitve-\u010dlanov-OS-s-podpisovanjem-SLO.doc\\\">Lista kandidatov za volitve \u010dlanov OS s podpisovanjem &#8211; SLO<\/a><br \/><a href=\\\"https:\/\/www.koper.si\/wp-content\/uploads\/2020\/11\/Lista-kandidatov-za-volitve-\u010dlanov-OS-s-podpisovanjem-dvojezi\u010dni.doc\\\">Lista kandidatov za volitve \u010dlanov OS s podpisovanjem &#8211; dvojezi\u010dni<\/a><br \/><a href=\\\"https:\/\/www.koper.si\/wp-content\/uploads\/2020\/11\/Podpora-kandidaturi-za-\u010dlana-OS-oziroma-listi-kandidatov-za-volitve-\u010dlanov-OS-SLO.doc\\\">Podpora kandidaturi za \u010dlana OS oziroma listi kandidatov za volitve \u010dlanov OS -SLO<\/a><br \/><a href=\\\"https:\/\/www.koper.si\/wp-content\/uploads\/2020\/11\/Podpora-kandidaturi-za-\u010dlana-OS-oziroma-listi-kandidatov-za-volitve-\u010dlanov-OS-dvojezi\u010dni.doc\\\">Podpora kandidaturi za \u010dlana OS oziroma listi kandidatov za volitve \u010dlanov OS &#8211; dvojezi\u010dni<\/a><br \/><a href=\\\"https:\/\/www.koper.si\/wp-content\/uploads\/2020\/11\/Podpora-kandidaturi-za-\u010dlana-OS-INS-SLO.doc\\\">Podpora kandidaturi za \u010dlana OS INS &#8211; SLO<\/a><br \/><a href=\\\"https:\/\/www.koper.si\/wp-content\/uploads\/2020\/11\/Podpora-kandidaturi-za-\u010dlana-OS-INS-dvojezi\u010dni.doc\\\">Podpora kandidaturi za \u010dlana OS INS &#8211; dvojezi\u010dni<\/a><br \/><a href=\\\"https:\/\/www.koper.si\/wp-content\/uploads\/2020\/11\/Soglasje-kandidata-za-\u010dlana-OS-INS-dvojezi\u010dno.doc\\\">Soglasje kandidata za \u010dlana OS, INS &#8211; dvojezi\u010dno<\/a><br \/><a href=\\\"https:\/\/www.koper.si\/wp-content\/uploads\/2020\/11\/Soglasje-kandidata-za-ob\u010dinskega-svetnika-SLO.doc\\\">Soglasje kandidata za ob\u010dinskega svetnika &#8211; SLO<\/a><br \/><a href=\\\"https:\/\/www.koper.si\/wp-content\/uploads\/2020\/11\/Soglasje-kandidata-za-ob\u010dinskega-svetnika-dvojezi\u010dno.doc\\\">Soglasje kandidata za ob\u010dinskega svetnika &#8211; dvojezi\u010dno<\/a><br \/><a href=\\\"https:\/\/www.koper.si\/wp-content\/uploads\/2020\/11\/Zapisnik-polit.stranka-OS.doc\\\">Zapisnik polit.stranka &#8211; OS<\/a><\/p>\n<p>\n<\/div><\/div><\/div><\/div><div class=\"kc-elm kc_accordion_section group \"><h3 class=\"kc_accordion_header ui-accordion-header\"><a href=\"#new-accordion-tab\" data-prevent=\"scroll\"><div class=\"kc-accordion-inner-wrapper\"><span class=\"ui-accordion-header-icon ui-icon\"><\/span><i class=\"\"><\/i>  New Accordion Tab<\/div><\/a><\/h3><div class=\"kc_accordion_content ui-accordion-content kc_clearfix\"><div class=\"kc-panel-body\"><div class=\"kc-elm kc_text_block\"><\/p>\n<p>\n<a href=\\\"https:\/\/www.koper.si\/wp-content\/uploads\/2020\/11\/Kandidatura-za-\u010dlana-sveta-KS-obrazci.zip\\\" target=\\\"_blank\\\" rel=\\\"noopener noreferrer\\\">Kandidatura za \u010dlana sveta KS &#8211; obrazci<\/a><br \/><a href=\\\"https:\/\/www.koper.si\/wp-content\/uploads\/2020\/11\/Lista-kandidatov-za-volitve-\u010dlanov-sveta-KS-politi\u010dna-stranka-obrazec.doc\\\">Lista kandidatov za volitve \u010dlanov sveta KS &#8211; politi\u010dna stranka &#8211; obrazec<\/a><br \/><a href=\\\"https:\/\/www.koper.si\/wp-content\/uploads\/2020\/11\/Soglasje-kandidata-za-\u010dlana-sveta-KS-obrazec.doc\\\">Soglasje kandidata za \u010dlana sveta KS &#8211; obrazec<\/a><br \/><a href=\\\"https:\/\/www.koper.si\/wp-content\/uploads\/2020\/11\/Soglasje-kandidata-za-\u010dlana-sveta-KS-obrazec-dvojezi\u010dni.doc\\\">Soglasje kandidata za \u010dlana sveta KS &#8211; obrazec dvojezi\u010dni<\/a><br \/><a href=\\\"https:\/\/www.koper.si\/wp-content\/uploads\/2020\/11\/Zapisnik-o-delu-organa-politi\u010dne-stranke-ki-je-dolo\u010dil-kandidature-za-\u010dlane-sveta-KS.doc\\\">Zapisnik o delu organa politi\u010dne stranke, ki je dolo\u010dil kandidature za \u010dlane sveta KS<\/a><\/p>\n<p>\n<\/div><\/div><\/div><\/div><div class=\"kc-elm kc_accordion_section group \"><h3 class=\"kc_accordion_header ui-accordion-header\"><a href=\"#new-accordion-tab\" data-prevent=\"scroll\"><div class=\"kc-accordion-inner-wrapper\"><span class=\"ui-accordion-header-icon ui-icon\"><\/span><i class=\"\"><\/i>  New Accordion Tab<\/div><\/a><\/h3><div class=\"kc_accordion_content ui-accordion-content kc_clearfix\"><div class=\"kc-panel-body\"><div class=\"kc-elm kc_text_block\"><\/p>\n<p>\n<a href=\\\"https:\/\/www.koper.si\/wp-content\/uploads\/2020\/11\/Kandidatura-v-svet-SSIN-dvojezi\u010dno-.doc\\\">Kandidatura v svet SSIN &#8211; dvojezi\u010dno<\/a><br \/><a href=\\\"https:\/\/www.koper.si\/wp-content\/uploads\/2020\/11\/Soglasje-kandidata-svet-SSIN-dvojezi\u010dno-.doc\\\">Soglasje kandidata &#8211; svet SSIN &#8211; dvojezi\u010dno<\/a><\/p>\n<p>\n<\/div><\/div><\/div><\/div><\/div>\r\n<\/div><\/div><\/div><\/div><\/section><section class=\"kc-elm kc_row\"><div class=\" container\"><div class=\"row\"><div class=\"kc-elm column col-12 col-sm-12\"><div class=\"kc-col-container\">\n<div class=\"kc-elm kc-title-wrap \">\n\n\t<h1 class=\"kc_title\">The Title<\/h1>\n<\/div>\n<div class=\"kc-elm kc_accordion_wrapper\">\r\n    <div class=\"kc-elm kc_accordion_section group \"><h3 class=\"kc_accordion_header ui-accordion-header\"><a href=\"#new-accordion-tab\" data-prevent=\"scroll\"><div class=\"kc-accordion-inner-wrapper\"><span class=\"ui-accordion-header-icon ui-icon\"><\/span><i class=\"\"><\/i>  New Accordion Tab<\/div><\/a><\/h3><div class=\"kc_accordion_content ui-accordion-content kc_clearfix\"><div class=\"kc-panel-body\"><div class=\"kc-elm kc_text_block\"><\/p>\n<p>\n<a href=\\\"https:\/\/www.koper.si\/wp-content\/uploads\/2020\/11\/Ob\u010dinska-volilna-komisija-sklep.pdf\\\" target=\\\"_blank\\\" rel=\\\"noopener noreferrer\\\">Ob\u010dinska volilna komisija &#8211; sklep<\/a><\/p>\n<p>\n<\/div><\/div><\/div><\/div><div class=\"kc-elm kc_accordion_section group \"><h3 class=\"kc_accordion_header ui-accordion-header\"><a href=\"#new-accordion-tab\" data-prevent=\"scroll\"><div class=\"kc-accordion-inner-wrapper\"><span class=\"ui-accordion-header-icon ui-icon\"><\/span><i class=\"\"><\/i>  New Accordion Tab<\/div><\/a><\/h3><div class=\"kc_accordion_content ui-accordion-content kc_clearfix\"><div class=\"kc-panel-body\"><div class=\"kc-elm kc_text_block\"><\/p>\n<p>\n<a href=\\\"https:\/\/www.koper.si\/wp-content\/uploads\/2020\/11\/Posebna-ob\u010dinska-volilna-komisija-sklep.pdf\\\" target=\\\"_blank\\\" rel=\\\"noopener noreferrer\\\">Posebna ob\u010dinska volilna komisija &#8211; sklep\/delibera<\/a><\/p>\n<p>\n<\/div><\/div><\/div><\/div><\/div>\r\n<\/div><\/div><\/div><\/div><\/section><section class=\"kc-elm kc_row\"><div class=\" container\"><div class=\"row\"><div class=\"kc-elm column col-12 col-sm-12\"><div class=\"kc-col-container\">\n<div class=\"kc-elm kc-title-wrap \">\n\n\t<h1 class=\"kc_title\">The Title<\/h1>\n<\/div>\n<div class=\"kc-elm kc_text_block\"><\/p>\n<p><a href=\\\"https:\/\/www.koper.si\/wp-content\/uploads\/2020\/11\/Rokovnik-za-izvedbo-volitev_popravljena-verzija.pdf\\\" target=\\\"_blank\\\" rel=\\\"noopener noreferrer\\\">Rokovnik &#8211; POPRAVLJENA VERZIJA*<\/a><br \/><a href=\\\"https:\/\/www.koper.si\/wp-content\/uploads\/2020\/11\/Sklep-OVK.pdf\\\" target=\\\"_blank\\\" rel=\\\"noopener noreferrer\\\">Sklep (OVK)<\/a><br \/><a href=\\\"https:\/\/www.koper.si\/wp-content\/uploads\/2020\/11\/Sklep-POVK.pdf\\\" target=\\\"_blank\\\" rel=\\\"noopener noreferrer\\\">Sklep (POVK)<\/a><br \/>* Spremenjeni datum pri\u010detka volilne kampanje<\/p>\n<p>\n<\/div><\/div><\/div><\/div><\/div><\/section><section class=\"kc-elm kc_row\"><div class=\" container\"><div class=\"row\"><div class=\"kc-elm column col-12 col-sm-12\"><div class=\"kc-col-container\">\n<div class=\"kc-elm kc-title-wrap \">\n\n\t<h1 class=\"kc_title\">The Title<\/h1>\n<\/div>\n<div class=\"kc-elm kc_text_block\"><\/p>\n<p>\nV skladu z zahtevo informacijske poobla\u0161\u010denke, ki je opozorila, da v \u010dasu po volitvah ne obstaja pravna podlaga za objavo list kandidatov in kandidatur z vsemi osebnimi podatki kandidatov, smo sezname odstranili.<\/p>\n<p>\n<\/div><\/div><\/div><\/div><\/div><\/section><section class=\"kc-elm kc_row\"><div class=\" container\"><div class=\"row\"><div class=\"kc-elm column col-12 col-sm-12\"><div class=\"kc-col-container\">\n<div class=\"kc-elm kc-title-wrap \">\n\n\t<h1 class=\"kc_title\">The Title<\/h1>\n<\/div>\n<div class=\"kc-elm kc_accordion_wrapper\">\r\n    <div class=\"kc-elm kc_accordion_section group \"><h3 class=\"kc_accordion_header ui-accordion-header\"><a href=\"#new-accordion-tab\" data-prevent=\"scroll\"><div class=\"kc-accordion-inner-wrapper\"><span class=\"ui-accordion-header-icon ui-icon\"><\/span><i class=\"\"><\/i>  New Accordion Tab<\/div><\/a><\/h3><div class=\"kc_accordion_content ui-accordion-content kc_clearfix\"><div class=\"kc-panel-body\"><div class=\"kc-elm kc_text_block\"><\/p>\n<p>\n<a href=\\\"https:\/\/www.koper.si\/wp-content\/uploads\/2020\/11\/Poro\u010dilo-o-izidu-rednih-volitev-\u010dlanov-Ob\u010dinskega-sveta-Mestne-ob\u010dine-Koper-\u2013-predstavnikov-italijanske-narodne-skupnosti.doc\\\">Poro\u010dilo o izidu rednih volitev \u010dlanov Ob\u010dinskega sveta MOK \u2013 predstavnikov italijanske narodne skupnosti<\/a><br \/><a href=\\\"https:\/\/www.koper.si\/wp-content\/uploads\/2020\/11\/Poro\u010dilo-o-izidu-rednih-volitev-\u010dlanov-sveta-Samoupravne-skupnosti-italijanske-narodnosti-Kope.doc\\\">Poro\u010dilo o izidu rednih volitev \u010dlanov sveta Samoupravne skupnosti italijanske narodnosti Koper<\/a><br \/><a href=\\\"https:\/\/www.koper.si\/wp-content\/uploads\/2020\/11\/Poro\u010dilo-o-izidu-volitev-v-Svete-Krajevnih-skupnosti-na-obmo\u010dju-Mestne-ob\u010dine-Koper.doc\\\">Poro\u010dilo o izidu volitev v Svete Krajevnih skupnosti na obmo\u010dju MOK<\/a><br \/><a href=\\\"https:\/\/www.koper.si\/wp-content\/uploads\/2020\/11\/Poro\u010dilo-o-izidu-rednih-volitev-\u017eupana-in-\u010dlanov-Ob\u010dinskega-sveta-Mestne-ob\u010dine-Koper.doc\\\">Poro\u010dilo o izidu rednih volitev \u017eupana in \u010dlanov Ob\u010dinskega sveta MOK<\/a><\/p>\n<p>\n<\/div><\/div><\/div><\/div><div class=\"kc-elm kc_accordion_section group \"><h3 class=\"kc_accordion_header ui-accordion-header\"><a href=\"#new-accordion-tab\" data-prevent=\"scroll\"><div class=\"kc-accordion-inner-wrapper\"><span class=\"ui-accordion-header-icon ui-icon\"><\/span><i class=\"\"><\/i>  New Accordion Tab<\/div><\/a><\/h3><div class=\"kc_accordion_content ui-accordion-content kc_clearfix\"><div class=\"kc-panel-body\"><div class=\"kc-elm kc_text_block\"><\/p>\n<p>\n<a href=\\\"https:\/\/www.koper.si\/wp-content\/uploads\/2020\/11\/Poro\u010dilo-o-izidu-rednih-volitev-\u017eupana-in-\u010dlanov-Ob\u010dinskega-sveta-MOK-v-letu-2011.pdf\\\" target=\\\"_blank\\\" rel=\\\"noopener noreferrer\\\">Poro\u010dilo o izidu rednih volitev \u017eupana in \u010dlanov Ob\u010dinskega sveta MOK \u2013 2011<\/a><br \/><a href=\\\"https:\/\/www.koper.si\/wp-content\/uploads\/2020\/11\/Poro\u010dilo-o-izidu-rednih-volitev-\u010dlanov-Ob\u010dinskega-sveta-MOK-\u2013-predstavnikov-italijanske-narodne-skupnosti-v-letu-2011.pdf\\\" target=\\\"_blank\\\" rel=\\\"noopener noreferrer\\\">Poro\u010dilo o izidu rednih volitev \u010dlanov Ob\u010dinskega sveta MOK \u2013 predstavnikov italijanske narodne skupnosti \u2013 2011<\/a><br \/><a href=\\\"https:\/\/www.koper.si\/wp-content\/uploads\/2020\/11\/Poro\u010dilo-o-izidu-volitev-v-sveta-krajevnih-skupnosti-na-obmo\u010dju-MOK-v-letu-2011.doc\\\">Poro\u010dilo o izidu volitev v sveta krajevnih skupnosti na obmo\u010dju MOK \u2013 2011<\/a><\/p>\n<p>\n<\/div><\/div><\/div><\/div><\/div>\r\n<\/div><\/div><\/div><\/div><\/section><\/p>\n","protected":false},"excerpt":{"rendered":"","protected":false},"author":2,"featured_media":0,"parent":78724,"menu_order":189,"comment_status":"closed","ping_status":"closed","template":"","meta":{"_acf_changed":false,"inline_featured_image":false,"footnotes":""},"class_list":["post-80684","page","type-page","status-publish","hentry"],"acf":[],"_links":{"self":[{"href":"https:\/\/www.koper.si\/it\/wp-json\/wp\/v2\/pages\/80684","targetHints":{"allow":["GET"]}}],"collection":[{"href":"https:\/\/www.koper.si\/it\/wp-json\/wp\/v2\/pages"}],"about":[{"href":"https:\/\/www.koper.si\/it\/wp-json\/wp\/v2\/types\/page"}],"author":[{"embeddable":true,"href":"https:\/\/www.koper.si\/it\/wp-json\/wp\/v2\/users\/2"}],"replies":[{"embeddable":true,"href":"https:\/\/www.koper.si\/it\/wp-json\/wp\/v2\/comments?post=80684"}],"version-history":[{"count":2,"href":"https:\/\/www.koper.si\/it\/wp-json\/wp\/v2\/pages\/80684\/revisions"}],"predecessor-version":[{"id":80685,"href":"https:\/\/www.koper.si\/it\/wp-json\/wp\/v2\/pages\/80684\/revisions\/80685"}],"up":[{"embeddable":true,"href":"https:\/\/www.koper.si\/it\/wp-json\/wp\/v2\/pages\/78724"}],"wp:attachment":[{"href":"https:\/\/www.koper.si\/it\/wp-json\/wp\/v2\/media?parent=80684"}],"curies":[{"name":"wp","href":"https:\/\/api.w.org\/{rel}","templated":true}]}}