{"id":80688,"date":"2019-08-05T19:43:40","date_gmt":"2019-08-05T17:43:40","guid":{"rendered":"https:\/\/www.koper.si\/comune\/elezioni\/lokalne-volitve-2010\/"},"modified":"2020-12-10T11:40:40","modified_gmt":"2020-12-10T10:40:40","slug":"elezioni-amministrative-2010","status":"publish","type":"page","link":"https:\/\/www.koper.si\/it\/comune\/elezioni\/elezioni-amministrative-2010\/","title":{"rendered":"Elezioni amministrative 2010"},"content":{"rendered":"<p><section class=\"kc-elm kc-css-813089 kc_row\"><div class=\" container\"><div class=\"row\"><div class=\"kc-elm kc-css-698620 col-12 col-sm-12 column col-12 col-sm-12\"><div class=\"kc-col-container\"><div class=\"kc-elm kc-css-995510 kc_text_block\"><\/p>\n<p>Sospensione temporanea dell\u2019attuazione dell\u2019Atto del Presidente dell\u2019Assemblea nazionale della Repubblica di Slovenia sull\u2019indizione delle elezioni ordinarie ai Consigli comunali e delle elezioni ordinarie a Sindaco (U-I-137\/10)<\/p>\n<p>Prot. n.: U-I-137\/10<br \/>Data: 3\/9\/2010<\/p>\n<p style=\"text-align: center;\">DELIBERA<\/p>\n<p>In seno alla seduta, tenutasi il 3 settembre 2010, nel procedimento di intento di mozione della Comunit\u00e0 locale di Ancarano, della Comunit\u00e0 locale di Miren e altre, rappresentate da mag. Miha \u0160ipec, avvocato a Lubiana, la Corte costituzionale<\/p>\n<p>delibera:<\/p>\n<p>1. La mozione per l\u2019avvio del procedimento di valutazione della costituzionalit\u00e0 della Legge sull\u2019istituzione di comuni e sulla determinazione delle loro aree (Gazzetta Ufficiale della RS n. 108\/06 \u2013 testo unico ufficiale) si accoglie.<\/p>\n<p>2. L\u2019attuazione dell\u2019Atto del Presidente dell\u2019Assemblea nazionale della Repubblica di Slovenia sull\u2019indizione delle elezioni ordinarie ai Consigli comunali e delle elezioni ordinarie a Sindaco (Gazzetta Ufficiale della RS n. 60\/10) si sospende nella parte relativa alle elezioni nel Comune citt\u00e0 di Capodistria e nel Comune di Trebnje. Gli organi del Comune citt\u00e0 di Capodistria e del Comune di Trebnje mantengono il mandato nel periodo di sospensione.<\/p>\n<p>3. La sospensione di cui al punto precedente entra in vigore il giorno del recapito del presente atto di Delibera al Presidente dell\u2019Assemblea nazionale.<\/p>\n<p>&#8230;<\/p>\n<p>\n<\/div><\/div><\/div><\/div><\/div><\/section><section class=\"kc-elm kc-css-712863 kc_row\"><div class=\" container\"><div class=\"row\"><div class=\"kc-elm kc-css-531647 col-12 col-sm-12 column col-12 col-sm-12\"><div class=\"kc-col-container\">\n<div class=\"kc-elm kc-css-559840 kc-title-wrap \">\n\n\t<h2 class=\"kc_title\">Sklep o dolo\u010ditvi voli\u0161\u010d in njihovih sede\u017eev<\/h2>\n<\/div>\n<div class=\"kc-elm kc-css-572889 kc_text_block\"><\/p>\n<p>\n<\/div><\/div><\/div><\/div><\/div><\/section><section class=\"kc-elm kc-css-520941 kc_row\"><div class=\" container\"><div class=\"row\"><div class=\"kc-elm kc-css-978994 col-12 col-sm-12 column col-12 col-sm-12\"><div class=\"kc-col-container\">\n<div class=\"kc-elm kc-css-72375 kc-title-wrap \">\n\n\t<h2 class=\"kc_title\">Predpisi<\/h2>\n<\/div>\n<div class=\"kc-elm kc-css-590136 kc_text_block\"><\/p>\n<p>\n<a href=\"http:\/\/www.uradni-list.si\/1\/content?id=99188\" target=\"_blank\" rel=\"noopener noreferrer\">Akt o razpisu rednih volitev v ob\u010dinske svete in rednih volitev \u017eupanov (Uradni list RS, \u0161t. 60\/2010)<\/a><br \/>ZLV = Zakon o lokalnih volitvah (Uradni list RS, \u0161t. 94\/07 \u2013 ZLV\u2013UPB3 in 45\/08 \u2013 ZLV-H)<br \/><a href=\"http:\/\/www.dz-rs.si\/index.php?id=101&#038;sm=k&#038;q=zakon+o+volitvah+v+dr%C5%BEavni+zbor&#038;mandate=-1&#038;unid=UPB|34BAE06413BC02E6C12571DB00455026&#038;showdoc=1\" target=\"_blank\" rel=\"noopener noreferrer\">ZVDZ = Zakon o volitvah v dr\u017eavni zbor (Uradni list RS, \u0161t. 109\/06 \u2013 ZVDZ \u2013 UPB1 in 54\/07 \u2013 odlo\u010dba US)<\/a><br \/><a href=\"http:\/\/www.dz-rs.si\/index.php?id=101&#038;sm=k&#038;q=zakon+o+evidenci+volilne&#038;mandate=-1&#038;unid=UPB|C25C3BA5630D7C1BC12572210031AAB1&#038;showdoc=1\" target=\"_blank\" rel=\"noopener noreferrer\">ZEVP = Zakon o evidenci volilne pravice (Uradni list RS, \u0161t. 1\/07 \u2013 ZEVP1 \u2013 UPB1)<\/a><br \/><a href=\"http:\/\/www.dz-rs.si\/index.php?id=101&#038;sm=k&#038;q=zakon+o+volilni+in+referendumski+kampanji&#038;mandate=-1&#038;unid=UPB|6B85012E8F0D0738C125738D003BD592&#038;showdoc=1\" target=\"_blank\" rel=\"noopener noreferrer\">ZVRK = Zakon o volilni in referendumski kampanji (Uradni list RS, \u0161t. 41\/07 \u2013 ZVRK, 103\/07 \u2013 ZPolS-D in 105\/08 \u2013 odlo\u010dba US)<\/a><br \/><a href=\"http:\/\/www.uradni-list.si\/1\/content?id=99272\" target=\"_blank\" rel=\"noopener noreferrer\">Razpis rednih volitev \u010dlanov svetov krajevnih skupnosti na obmo\u010dju Mestne ob\u010dine Koper (Uradni list RS, \u0161t. 62\/2010)<\/a><br \/><a href=\"http:\/\/www.uradni-list.si\/1\/content?id=99273\" target=\"_blank\" rel=\"noopener noreferrer\">Razpis volitev Samoupravne skupnosti italijanske narodnosti Koper (Uradni list RS, \u0161t. 62\/2010)<\/a><br \/><a href=\"https:\/\/www.koper.si\/regulation\/sklep-dolocitev-stevila-clanov-svetov-ks-in-volilnih-enot\/\" target=\"_blank\" rel=\"noopener noreferrer\">Sklep \u2013 dolo\u010ditev \u0161tevila \u010dlanov svetov KS in volilnih enot<\/a><br \/><a href=\"http:\/\/www.uradni-list.si\/1\/content?id=99546\" target=\"_blank\" rel=\"noopener noreferrer\">Sklep o delnem povra\u010dilu stro\u0161kov volilne kampanje za lokalne volitve v Mestni ob\u010dini Koper v letu 2010 (Uradni list RS, \u0161t. 65\/2010)<\/a><br \/><a href=\"https:\/\/www.koper.si\/wp-content\/uploads\/2020\/12\/Sklep-o-zadr\u017eanju-izvr\u0161evanja-akta-o-razpisu-rednih-volitev-\u010dlanov-svetov-KS.doc\">Sklep o zadr\u017eanju izvr\u0161evanja akta o razpisu rednih volitev \u010dlanov svetov KS<\/a><br \/><a href=\"https:\/\/www.koper.si\/wp-content\/uploads\/2020\/12\/Sklep-o-prekinitvi-postopka-volitev.doc\">Sklep o prekinitvi postopka volitev<\/a><\/p>\n<p>\n<\/div><\/div><\/div><\/div><\/div><\/section><section class=\"kc-elm kc-css-953832 kc_row\"><div class=\" container\"><div class=\"row\"><div class=\"kc-elm kc-css-718500 col-12 col-sm-12 column col-12 col-sm-12\"><div class=\"kc-col-container\">\n<div class=\"kc-elm kc-css-142284 kc-title-wrap \">\n\n\t<h2 class=\"kc_title\">Obrazci<\/h2>\n<\/div>\n<div data-closeall=\"true\" class=\"kc-elm kc-css-348455 kc_accordion_wrapper\">\r\n    <div class=\"kc-elm kc-css-343384 kc_accordion_section group \"><h3 class=\"kc_accordion_header ui-accordion-header\"><a href=\"#splosni-obrazci\" data-prevent=\"scroll\"><div class=\"kc-accordion-inner-wrapper\"><span class=\"ui-accordion-header-icon ui-icon\"><\/span><i class=\"\"><\/i> Splo\u0161ni obrazci<\/div><\/a><\/h3><div class=\"kc_accordion_content ui-accordion-content kc_clearfix\"><div class=\"kc-panel-body\"><div class=\"kc-elm kc-css-428446 kc_text_block\"><\/p>\n<p>\n<a href=\"https:\/\/www.koper.si\/wp-content\/uploads\/2020\/12\/Predlog-za-\u010dlana-volilnega-odbora-in-Izjava-predlaganega-\u010dlana-volilnega-odbora.doc\">Predlog za \u010dlana volilnega odbora in Izjava predlaganega \u010dlana volilnega odbora<\/a><\/p>\n<p>\n<\/div><\/div><\/div><\/div><div class=\"kc-elm kc-css-220989 kc_accordion_section group \"><h3 class=\"kc_accordion_header ui-accordion-header\"><a href=\"#zupan\" data-prevent=\"scroll\"><div class=\"kc-accordion-inner-wrapper\"><span class=\"ui-accordion-header-icon ui-icon\"><\/span><i class=\"\"><\/i> \u017dupan<\/div><\/a><\/h3><div class=\"kc_accordion_content ui-accordion-content kc_clearfix\"><div class=\"kc-panel-body\"><div class=\"kc-elm kc-css-603444 kc_text_block\"><\/p>\n<p>\n<a href=\"https:\/\/www.koper.si\/wp-content\/uploads\/2020\/12\/Kandidatura-za-\u017eupana-MOK-ki-jo-je-dolo\u010dila-politi\u010dna-stranka-obrazec.doc\">Kandidatura za \u017eupana MOK, ki jo je dolo\u010dila politi\u010dna stranka &#8211; obrazec<\/a><br \/><a href=\"https:\/\/www.koper.si\/wp-content\/uploads\/2020\/12\/Kandidatura-za-\u017eupana-MOK-ki-jo-je-dolo\u010dila-politi\u010dna-stranka-dvojezi\u010dno.doc\">Kandidatura za \u017eupana MOK, ki jo je dolo\u010dila politi\u010dna stranka &#8211; dvojezi\u010dno<\/a><br \/><a href=\"https:\/\/www.koper.si\/wp-content\/uploads\/2020\/12\/Kandidatura-za-\u017eupana-MOK-s-podpisi-volilcev.doc\">Kandidatura za \u017eupana MOK s podpisi volilcev<\/a><br \/><a href=\"https:\/\/www.koper.si\/wp-content\/uploads\/2020\/12\/Kandidatura-za-\u017eupana-MOK-s-podpisi-volilcev-dvojezi\u010dno.doc\">Kandidatura za \u017eupana MOK s podpisi volilcev &#8211; dvojezi\u010dno<\/a><br \/><a href=\"https:\/\/www.koper.si\/wp-content\/uploads\/2020\/12\/Podpora-kandidaturi-za-\u017eupana.doc\">Podpora kandidaturi za \u017eupana<\/a><br \/><a href=\"https:\/\/www.koper.si\/wp-content\/uploads\/2020\/12\/Podpora-kandidaturi-za-\u017eupana-dvojezi\u010dno.doc\">Podpora kandidaturi za \u017eupana &#8211; dvojezi\u010dno<\/a><br \/><a href=\"https:\/\/www.koper.si\/wp-content\/uploads\/2020\/12\/Soglasje-kandidata-za-\u017eupana.doc\">Soglasje kandidata za \u017eupana<\/a><br \/><a href=\"https:\/\/www.koper.si\/wp-content\/uploads\/2020\/12\/Soglasje-kandidata-za-\u017eupana-dvojezi\u010dno.doc\">Soglasje kandidata za \u017eupana &#8211; dvojezi\u010dno<\/a><br \/><a href=\"https:\/\/www.koper.si\/wp-content\/uploads\/2020\/12\/Zapisnik-o-delu-organa-politi\u010dne-stranke-ki-je-dolo\u010dil-kandidaturo-za-\u017eupana-MOK-obrazec.doc\">Zapisnik o delu organa politi\u010dne stranke, ki je dolo\u010dil kandidaturo za \u017eupana MOK &#8211; obrazec<\/a><\/p>\n<p>\n<\/div><\/div><\/div><\/div><div class=\"kc-elm kc-css-869310 kc_accordion_section group \"><h3 class=\"kc_accordion_header ui-accordion-header\"><a href=\"#obcinski-svet\" data-prevent=\"scroll\"><div class=\"kc-accordion-inner-wrapper\"><span class=\"ui-accordion-header-icon ui-icon\"><\/span><i class=\"\"><\/i> Ob\u010dinski svet<\/div><\/a><\/h3><div class=\"kc_accordion_content ui-accordion-content kc_clearfix\"><div class=\"kc-panel-body\"><div class=\"kc-elm kc-css-241356 kc_text_block\"><\/p>\n<p>\n<a href=\"https:\/\/www.koper.si\/wp-content\/uploads\/2020\/12\/Kandidatura-za-\u010dlana-OS-predstavnika-italijanske-narodne-skupnosti-1.doc\">Kandidatura za \u010dlana OS predstavnika italijanske narodne skupnosti<\/a><br \/><a href=\"https:\/\/www.koper.si\/wp-content\/uploads\/2020\/12\/Lista-kandidatov-za-volitve-\u010dlanov-OS-politi\u010dne-stranke-SLO-1.doc\">Lista kandidatov za volitve \u010dlanov OS &#8211; politi\u010dne stranke &#8211; SLO<\/a><br \/><a href=\"https:\/\/www.koper.si\/wp-content\/uploads\/2020\/12\/Lista-kandidatov-za-volitve-\u010dlanov-OS-polit.-stranka-dvojezi\u010dno-1.doc\">Lista kandidatov za volitve \u010dlanov OS &#8211; polit. stranka &#8211; dvojezi\u010dno<\/a><br \/><a href=\"https:\/\/www.koper.si\/wp-content\/uploads\/2020\/12\/Lista-kandidatov-za-volitve-\u010dlanov-OS-s-podpisovanjem-SLO-1.doc\">Lista kandidatov za volitve \u010dlanov OS s podpisovanjem &#8211; SLO<\/a><br \/><a href=\"https:\/\/www.koper.si\/wp-content\/uploads\/2020\/12\/Lista-kandidatov-za-volitve-\u010dlanov-OS-s-podpisovanjem-dvojezi\u010dno-1.doc\">Lista kandidatov za volitve \u010dlanov OS s podpisovanjem &#8211; dvojezi\u010dno<\/a><br \/><a href=\"https:\/\/www.koper.si\/wp-content\/uploads\/2020\/12\/Podpora-kandidaturi-za-\u010dlana-OS-oziroma-listi-kandidatov-za-volitve-\u010dlanov-OS-SLO-1.doc\">Podpora kandidaturi za \u010dlana OS oziroma listi kandidatov za volitve \u010dlanov OS -SLO<\/a><br \/><a href=\"https:\/\/www.koper.si\/wp-content\/uploads\/2020\/12\/Podpora-kandidaturi-za-\u010dlana-OS-oziroma-listi-kandidatov-za-volitve-\u010dlanov-OS-dvojezi\u010dni-1.doc\">Podpora kandidaturi za \u010dlana OS oziroma listi kandidatov za volitve \u010dlanov OS &#8211; dvojezi\u010dni<\/a><br \/><a href=\"https:\/\/www.koper.si\/wp-content\/uploads\/2020\/12\/Podpora-kandidaturi-za-\u010dlana-OS-INS-dvojezi\u010dni-1.doc\">Podpora kandidaturi za \u010dlana OS INS &#8211; dvojezi\u010dni<\/a><br \/><a href=\"https:\/\/www.koper.si\/wp-content\/uploads\/2020\/12\/Soglasje-kandidata-za-ob\u010dinskega-svetnika-SLO.doc\">Soglasje kandidata za ob\u010dinskega svetnika &#8211; SLO<\/a><br \/><a href=\"https:\/\/www.koper.si\/wp-content\/uploads\/2020\/12\/Soglasje-kandidata-za-\u010dlana-OS-INS-dvojezi\u010dno.doc\">Soglasje kandidata za \u010dlana OS, INS &#8211; dvojezi\u010dno<\/a><br \/><a href=\"https:\/\/www.koper.si\/wp-content\/uploads\/2020\/12\/Zapisnik-polit.stranka-OS.doc\">Zapisnik polit.stranka &#8211; OS<\/a><\/p>\n<p>\n<\/div><\/div><\/div><\/div><div class=\"kc-elm kc-css-70493 kc_accordion_section group \"><h3 class=\"kc_accordion_header ui-accordion-header\"><a href=\"#krajevne-skupnosti\" data-prevent=\"scroll\"><div class=\"kc-accordion-inner-wrapper\"><span class=\"ui-accordion-header-icon ui-icon\"><\/span><i class=\"\"><\/i> Krajevne skupnosti<\/div><\/a><\/h3><div class=\"kc_accordion_content ui-accordion-content kc_clearfix\"><div class=\"kc-panel-body\"><div class=\"kc-elm kc-css-525945 kc_text_block\"><\/p>\n<p>\n<a href=\"https:\/\/www.koper.si\/wp-content\/uploads\/2020\/12\/Kandidatura-za-\u010dlana-sveta-KS-obrazci.zip\" target=\"_blank\" rel=\"noopener noreferrer\">Kandidatura za \u010dlana sveta KS &#8211; obrazci<\/a><br \/><a href=\"https:\/\/www.koper.si\/wp-content\/uploads\/2020\/12\/Lista-kandidatov-za-volitve-\u010dlanov-sveta-KS-politi\u010dna-stranka-obrazec.doc\">Lista kandidatov za volitve \u010dlanov sveta KS &#8211; politi\u010dna stranka &#8211; obrazec<\/a><br \/><a href=\"https:\/\/www.koper.si\/wp-content\/uploads\/2020\/12\/Soglasje-kandidata-za-\u010dlana-sveta-KS-obrazec.doc\">Soglasje kandidata za \u010dlana sveta KS &#8211; obrazec<\/a><br \/><a href=\"https:\/\/www.koper.si\/wp-content\/uploads\/2020\/12\/Zapisnik-o-delu-organa-politi\u010dne-stranke-ki-je-dolo\u010dil-kandidature-za-\u010dlane-sveta-KS-obrazec.doc\">Zapisnik o delu organa politi\u010dne stranke, ki je dolo\u010dil kandidature za \u010dlane sveta KS &#8211; obrazec<\/a><\/p>\n<p>\n<\/div><\/div><\/div><\/div><div class=\"kc-elm kc-css-117267 kc_accordion_section group \"><h3 class=\"kc_accordion_header ui-accordion-header\"><a href=\"#svet-samoupravne-skupnosti-italijanske-narodnosti-koper\" data-prevent=\"scroll\"><div class=\"kc-accordion-inner-wrapper\"><span class=\"ui-accordion-header-icon ui-icon\"><\/span><i class=\"\"><\/i> Svet Samoupravne skupnosti italijanske narodnosti Koper<\/div><\/a><\/h3><div class=\"kc_accordion_content ui-accordion-content kc_clearfix\"><div class=\"kc-panel-body\"><div class=\"kc-elm kc-css-600653 kc_text_block\"><\/p>\n<p>\n<a href=\"https:\/\/www.koper.si\/wp-content\/uploads\/2020\/12\/Kandidatura-v-svet-SSIN-dvojezi\u010dno.doc\">Kandidatura v svet SSIN &#8211; dvojezi\u010dno<\/a><br \/><a href=\"https:\/\/www.koper.si\/wp-content\/uploads\/2020\/12\/Soglasje-kandidata-svet-SSIN-dvojezi\u010dno.doc\">Soglasje kandidata &#8211; svet SSIN &#8211; dvojezi\u010dno<\/a><\/p>\n<p>\n<\/div><\/div><\/div><\/div><\/div>\r\n<\/div><\/div><\/div><\/div><\/section><section class=\"kc-elm kc-css-819318 kc_row\"><div class=\" container\"><div class=\"row\"><div class=\"kc-elm kc-css-101071 col-12 col-sm-12 column col-12 col-sm-12\"><div class=\"kc-col-container\">\n<div class=\"kc-elm kc-css-720309 kc-title-wrap \">\n\n\t<h2 class=\"kc_title\">Seje volilnih komisij<\/h2>\n<\/div>\n<div data-closeall=\"true\" class=\"kc-elm kc-css-434137 kc_accordion_wrapper\">\r\n    <div class=\"kc-elm kc-css-592879 kc_accordion_section group \"><h3 class=\"kc_accordion_header ui-accordion-header\"><a href=\"#seje-obcinske-volilne-komisije\" data-prevent=\"scroll\"><div class=\"kc-accordion-inner-wrapper\"><span class=\"ui-accordion-header-icon ui-icon\"><\/span><i class=\"\"><\/i> Seje Ob\u010dinske volilne komisije<\/div><\/a><\/h3><div class=\"kc_accordion_content ui-accordion-content kc_clearfix\"><div class=\"kc-panel-body\"><div class=\"kc-elm kc-css-758989 kc_text_block\"><\/p>\n<p>\n<a href=\"https:\/\/www.koper.si\/wp-content\/uploads\/2020\/12\/Ugotovitveni-sklep-o-\u0161tevilu-potrebnih-podpor-volivcev.doc\">Ugotovitveni sklep o \u0161tevilu potrebnih podpor volivcev<\/a><br \/><a href=\"https:\/\/www.koper.si\/wp-content\/uploads\/2020\/12\/Sklep-o-dolo\u010ditvi-voli\u0161\u010d.doc\">Sklep o dolo\u010ditvi voli\u0161\u010d<\/a><br \/><a href=\"https:\/\/www.koper.si\/wp-content\/uploads\/2020\/12\/Sklep-o-dolo\u010ditvi-voli\u0161\u010d-dvojezicno.doc\">Sklep o dolo\u010ditvi voli\u0161\u010d &#8211; dvojezicno<\/a><br \/><a href=\"https:\/\/www.koper.si\/wp-content\/uploads\/2020\/12\/Sklep-o-prekinitvi-postopka-volitev-1.doc\">Sklep o prekinitvi postopka volitev<\/a><br \/><a href=\"https:\/\/www.koper.si\/wp-content\/uploads\/2020\/12\/Sklep-o-prekinitvi-postopka-volitev-v-svete-KS-MOK.doc\">Sklep o prekinitvi postopka volitev v svete KS MOK<\/a><\/p>\n<p>\n<\/div><\/div><\/div><\/div><div class=\"kc-elm kc-css-675441 kc_accordion_section group \"><h3 class=\"kc_accordion_header ui-accordion-header\"><a href=\"#seje-posebne-obcinske-volilne-komisije\" data-prevent=\"scroll\"><div class=\"kc-accordion-inner-wrapper\"><span class=\"ui-accordion-header-icon ui-icon\"><\/span><i class=\"\"><\/i> Seje Posebne ob\u010dinske volilne komisije<\/div><\/a><\/h3><div class=\"kc_accordion_content ui-accordion-content kc_clearfix\"><div class=\"kc-panel-body\"><div class=\"kc-elm kc-css-61290 kc_text_block\"><\/p>\n<p>\n<a href=\"https:\/\/www.koper.si\/wp-content\/uploads\/2020\/12\/Ugotovitveni-sklep-o-\u0161tevilu-potrebnih-podpor-volivcev-za-kandidiranje-predstavnikov-INS.doc\">Ugotovitveni sklep o \u0161tevilu potrebnih podpor volivcev za kandidiranje predstavnikov INS<\/a><\/p>\n<p>\n<\/div><\/div><\/div><\/div><\/div>\r\n<\/div><\/div><\/div><\/div><\/section><section class=\"kc-elm kc-css-691970 kc_row\"><div class=\" container\"><div class=\"row\"><div class=\"kc-elm kc-css-369408 col-12 col-sm-12 column col-12 col-sm-12\"><div class=\"kc-col-container\">\n<div class=\"kc-elm kc-css-515764 kc-title-wrap \">\n\n\t<h2 class=\"kc_title\">Rokovnik<\/h2>\n<\/div>\n<div class=\"kc-elm kc-css-305720 kc_text_block\"><\/p>\n<p>\n<a href=\"https:\/\/www.koper.si\/wp-content\/uploads\/2020\/12\/Rokovnik-lokalne-volitve-2010.doc\">Rokovnik &#8211; lokalne volitve 2010<\/a><\/p>\n<p>\n<\/div><\/div><\/div><\/div><\/div><\/section><section class=\"kc-elm kc-css-843771 kc_row\"><div class=\" container\"><div class=\"row\"><div class=\"kc-elm kc-css-995581 col-12 col-sm-12 column col-12 col-sm-12\"><div class=\"kc-col-container\">\n<div class=\"kc-elm kc-css-295031 kc-title-wrap \">\n\n\t<h2 class=\"kc_title\">Seznam potrjenih kandidatur<\/h2>\n<\/div>\n<div class=\"kc-elm kc-css-733232 kc_text_block\"><\/p>\n<p>\nV skladu z zahtevo informacijske poobla\u0161\u010denke, ki je opozorila, da v \u010dasu po volitvah ne obstaja pravna podlaga za objavo list kandidatov in kandidatur z vsemi osebnimi podatki kandidatov, smo sezname odstranili.<\/p>\n<p>\n<\/div><\/div><\/div><\/div><\/div><\/section><section class=\"kc-elm kc-css-651736 kc_row\"><div class=\" container\"><div class=\"row\"><div class=\"kc-elm kc-css-705592 col-12 col-sm-12 column col-12 col-sm-12\"><div class=\"kc-col-container\">\n<div class=\"kc-elm kc-css-404331 kc-title-wrap \">\n\n\t<h2 class=\"kc_title\">Izidi volitev<\/h2>\n<\/div>\n<div data-closeall=\"true\" class=\"kc-elm kc-css-921964 kc_accordion_wrapper\">\r\n    <div class=\"kc-elm kc-css-594628 kc_accordion_section group \"><h3 class=\"kc_accordion_header ui-accordion-header\"><a href=\"#neuradni-rezultati\" data-prevent=\"scroll\"><div class=\"kc-accordion-inner-wrapper\"><span class=\"ui-accordion-header-icon ui-icon\"><\/span><i class=\"\"><\/i> Neuradni rezultati<\/div><\/a><\/h3><div class=\"kc_accordion_content ui-accordion-content kc_clearfix\"><div class=\"kc-panel-body\"><div class=\"kc-elm kc-css-295853 kc_text_block\"><\/p>\n<p>\n<\/div><\/div><\/div><\/div><div class=\"kc-elm kc-css-143355 kc_accordion_section group \"><h3 class=\"kc_accordion_header ui-accordion-header\"><a href=\"#uradni-rezultati\" data-prevent=\"scroll\"><div class=\"kc-accordion-inner-wrapper\"><span class=\"ui-accordion-header-icon ui-icon\"><\/span><i class=\"\"><\/i> Uradni rezultati<\/div><\/a><\/h3><div class=\"kc_accordion_content ui-accordion-content kc_clearfix\"><div class=\"kc-panel-body\"><div class=\"kc-elm kc-css-666660 kc_text_block\"><\/p>\n<p>\n<\/div><\/div><\/div><\/div><\/div>\r\n<\/div><\/div><\/div><\/div><\/section><\/p>\n","protected":false},"excerpt":{"rendered":"","protected":false},"author":2,"featured_media":0,"parent":78724,"menu_order":191,"comment_status":"closed","ping_status":"closed","template":"","meta":{"_acf_changed":false,"inline_featured_image":false,"footnotes":""},"class_list":["post-80688","page","type-page","status-publish","hentry"],"acf":[],"_links":{"self":[{"href":"https:\/\/www.koper.si\/it\/wp-json\/wp\/v2\/pages\/80688","targetHints":{"allow":["GET"]}}],"collection":[{"href":"https:\/\/www.koper.si\/it\/wp-json\/wp\/v2\/pages"}],"about":[{"href":"https:\/\/www.koper.si\/it\/wp-json\/wp\/v2\/types\/page"}],"author":[{"embeddable":true,"href":"https:\/\/www.koper.si\/it\/wp-json\/wp\/v2\/users\/2"}],"replies":[{"embeddable":true,"href":"https:\/\/www.koper.si\/it\/wp-json\/wp\/v2\/comments?post=80688"}],"version-history":[{"count":3,"href":"https:\/\/www.koper.si\/it\/wp-json\/wp\/v2\/pages\/80688\/revisions"}],"predecessor-version":[{"id":80691,"href":"https:\/\/www.koper.si\/it\/wp-json\/wp\/v2\/pages\/80688\/revisions\/80691"}],"up":[{"embeddable":true,"href":"https:\/\/www.koper.si\/it\/wp-json\/wp\/v2\/pages\/78724"}],"wp:attachment":[{"href":"https:\/\/www.koper.si\/it\/wp-json\/wp\/v2\/media?parent=80688"}],"curies":[{"name":"wp","href":"https:\/\/api.w.org\/{rel}","templated":true}]}}