{"id":81618,"date":"2020-11-02T14:02:56","date_gmt":"2020-11-02T13:02:56","guid":{"rendered":"https:\/\/www.koper.si\/comune\/amministrazione-comunale\/ufficio-attivita-economiche-ambiente-e-traffico\/okolje\/"},"modified":"2025-12-18T10:57:17","modified_gmt":"2025-12-18T09:57:17","slug":"ambiente","status":"publish","type":"page","link":"https:\/\/www.koper.si\/it\/comune\/amministrazione-comunale\/ufficio-attivita-economiche-ambiente-e-traffico\/ambiente\/","title":{"rendered":"Ambiente"},"content":{"rendered":"<p><section class=\"kc-elm kc-css-295908 kc_row\"><div class=\" container\"><div class=\"row\"><div class=\"kc-elm kc-css-739746 col-12 col-sm-12 column col-12 col-sm-12\"><div class=\"kc-col-container\"><div class=\"kc-elm kc-css-292493 kc_text_block\"><\/p>\n<p><a href=\"https:\/\/zdravomesto.org\/meteoroloski-podatki\/\" target=\"_blank\" rel=\"noopener\">Dati relativi al meteo e all\u2019ecologia a Capodistria<\/a><\/p>\n<p>\n<\/div>\n<div class=\"kc-elm kc-css-300721 kc-title-wrap \">\n\n\t<h2 class=\"kc_title\">Relazioni sullo stato dell\u2019ambiente<\/h2>\n<\/div>\n<div data-closeall=\"true\" class=\"kc-elm kc-css-971044 kc_accordion_wrapper\">\r\n    <div class=\"kc-elm kc-css-862945 kc_accordion_section group \"><h3 class=\"kc_accordion_header ui-accordion-header\"><a href=\"#relazione-sullo-stato-dellambiente-2019\" data-prevent=\"scroll\"><div class=\"kc-accordion-inner-wrapper\"><span class=\"ui-accordion-header-icon ui-icon\"><\/span><i class=\"\"><\/i> Relazione sullo stato dell\u2019ambiente 2019<\/div><\/a><\/h3><div class=\"kc_accordion_content ui-accordion-content kc_clearfix\"><div class=\"kc-panel-body\"><div class=\"kc-elm kc-css-239318 kc_text_block\"><\/p>\n<p>La relazione sullo stato dell\u2019ambiente nel Comune citt\u00e0 di Capodistria \u00e8 redatta in base a dati accessibili al pubblico. Si tratta soprattutto di dati dell\u2019Ufficio statistico della Repubblica di Slovenia, del monitoring statale dell\u2019Agenzia della RS per l\u2019ambiente e di varie relazioni dei singoli enti preposti all\u2019assetto del territorio e alla tutela dell\u2019ambiente, nonch\u00e9 di altri agenti. Alcuni dati relativi allo stato dell\u2019ambiente sono stati acquisiti anche direttamente presso le istituzioni competenti in materia. La maggior parte dei dati si riferisce allo stato dell\u2019ambiente nel periodo 2016-2018, alcuni sono pi\u00f9 datati, perch\u00e9 nel periodo intermedio non si sono verificate modifiche sostanziali ovv. determinati indicatori dello stato dell\u2019ambiente non subiscono modifiche ovv. subiscono modifiche in maggiore intervallo di tempo.<\/p>\n<p><strong>Stato dell\u2019ambiente:<\/strong><\/p>\n<ul>\n<li>Nonostante si siano rilevate maggiori pressioni, lo stato generale dell\u2019ambiente nel Comune citt\u00e0 di Capodistria negli ultimi 5 anni non \u00e8 peggiorato.<\/li>\n<li>Le concentrazioni di inquinamento dell\u2019aria con l\u2019ozono nel Comune citt\u00e0 di Capodistria sono ancora tra le pi\u00f9 alte del Paese. La causa non sono le forze motrici e le pressioni dentro il Comune citt\u00e0 di Capodistria, ma soprattutto le condizioni climatiche e l\u2019inquinamento che ha origine fuori dal territorio del comune. Lo dimostra anche la concentrazione relativamente bassa di NOx, precursore dell\u2019ozono, nel comune. La qualit\u00e0 dell\u2019aria legata alla concentrazione delle polveri sottili PM10 sta migliorando leggermente, questo pu\u00f2 essere un segnale della diminuzione di emmissioni da riscaldamento con propellenti solidi e di una migliore combusione di veicoli a diesel (mezzi pi\u00f9 moderni).<\/li>\n<li>Lo stato delle acque negli ultimi anni non \u00e8 cambiato significativamente. Lo stato del Dragogna e del Risano \u00e8 buono. Le valutazioni parziali relative allo stato ecologico delle acque del Cornalunga e del Drnica mostrano una condizione moderata. La qualit\u00e0 delle acque sotterranee \u00e8 buona.<\/li>\n<li>Lo stato del mare \u00e8 buono, ad eccezione della condizione chimica relativa al criterio biota, dove lo stato non \u00e8 buono (mercurio nei molluschi). Il mercurio \u00e8 comunque un agente inquinante sempre presente che si accumula negli organismi. Si accumula anche con il deposito atmosferico ed \u00e8 presente in Europa in genere in tutti gli organismi acquatici. \u00a0L\u2019inquinamento da idrocarburi \u00e8 moderato e sta diminuendo. La qualit\u00e0 microbiologica delle acque di balneazione nel mare \u00e8 molto buona (2018). Nell\u2019estate del 2019 a Giusterna si \u00e8 verificato l\u2019inquinamento dell\u2019acqua marina con rifiuti fecali. Secondo i dati non ufficiali dell\u2019AP Marjetica di Capodistria S.r.l. la causa sono l\u2019obsoleto sistema fognario misto e oltre 20 edifici con fosse biologiche.<\/li>\n<li>Il suolo \u00e8 inquinato con metalli pesanti (nichel, cobalto, cromo, rame) e in parte anche con pesticidi (DDT). Il nichel \u00e8 naturalmente presente nel flysch, gli alti valori di rame e DDT invece sono causati nel Comune citt\u00e0 di Capodistria (Relazione sullo stato dell\u2019ambiente 190\/195) dalla viticoltura ovv. dallo sfruttamento agricolo nel territorio. L\u2019incremento dei valori di metalli pesanti \u00e8 causato dalle emissioni industriali e del traffico (come anche dalle masse d\u2019aria che arrivano da occidente).<\/li>\n<li>L\u2019ambiente naturale \u00e8 in uno stato relativamente buono. Negli ultimi cinque anni non ha subito modifiche significative. La tendenza all\u2019inselvamento dei terreni agricoli si \u00e8 fermata. \u00a0L\u2019intensit\u00e0 dei disturbi nell\u2019ambiente naturale \u00e8 in aumento (turismo, ricreazione, traffico terrestre e marittimo). La pressione sugli organismi marini causata dalla pesca \u00e8 diminuita.<\/li>\n<li>Nel settore della salute degli abitanti, i principali motivi di morte nella regione statistica Costiera-Carsica sono le malattie cardiovascolari (tra le pi\u00f9 frequenti l\u2019infarto cardiaco, l\u2019ictus, l\u2019arresto cardiaco e altro) e le neoplasie (cancro). Rispetto al 2011 e al 2017 il numero delle morti per malattia \u00e8 aumentato leggermente, ma pu\u00f2 essere conseguenza dell\u2019incremento dell\u2019et\u00e0 media della popolazione nel Comune citt\u00e0 di Capodistria. Un\u2019altra caratteristica \u00e8 il numero sopra la media dell\u2019assenza dal lavoro per malattia. La popolazione pi\u00f9 vecchia della media \u00e8 sensibile all\u2019aumento delle temperature e alle ondate di caldo. Sulla popolazione gravano in parte anche l\u2019ozono e l\u2019inquinamento acustico (traffico, attivit\u00e0 economica).<\/li>\n<\/ul>\n<p>Possiamo concludere che lo stato dell\u2019ambiente \u00e8 relativamente buono. Sarebbe comunque sensato intervenire soprattutto nel settore della mobilit\u00e0 sostenibile, dell\u2019aggiornamento delle infrastrutture di smaltimento e depurazione delle acque, della tutela attiva delle aree naturali importanti e di diminuzione della vulnerabilit\u00e0 nel campo dei cambiamenti climatici.<\/p>\n<p><a href=\"https:\/\/www.koper.si\/wp-content\/uploads\/2020\/11\/Poro\u010dilo-o-stanju-okolja-2019.pdf\" target=\"_blank\" rel=\"noopener\">Relazione sullo stato dell\u2019ambiente 2019.pdf<\/a><\/p>\n<p>\n<\/div><\/div><\/div><\/div><div class=\"kc-elm kc-css-24199 kc_accordion_section group \"><h3 class=\"kc_accordion_header ui-accordion-header\"><a href=\"#relazione-sullo-stato-dellambiente-2014\" data-prevent=\"scroll\"><div class=\"kc-accordion-inner-wrapper\"><span class=\"ui-accordion-header-icon ui-icon\"><\/span><i class=\"\"><\/i> Relazione sullo stato dell\u2019ambiente 2014<\/div><\/a><\/h3><div class=\"kc_accordion_content ui-accordion-content kc_clearfix\"><div class=\"kc-panel-body\"><div class=\"kc-elm kc-css-753056 kc_text_block\"><\/p>\n<p>In conformit\u00e0 all\u2019articolo 106 della Legge sulla tutela dell\u2019ambiente (Gazzetta Ufficiale della RS nn. 39\/06 \u2013 testo consolidato ufficiale, 49\/06 \u2013 Sigla: ZMetD, 66\/06 \u2013 Sentenza della CC, 33\/07 \u2013 Sigla: ZPNa\u010drt, 57\/08 \u2013 Sigla: ZFO-1A, 70\/08, 108\/09, 108\/09 \u2013\u00a0 Sigla: ZPNa\u010drt-A, 48\/12, 57\/12 e 92\/13\u00a0nel testo a seguire ZVO-1) il Comune citt\u00e0 \u00e8 tenuto a redigere e pubblicare almeno ogni quattro anni la relazione sullo stato dell\u2019ambiente. La relazione sullo stato dell\u2019ambiente nel Comune citt\u00e0 di Capodistria rappresenta la base per la stesura del programma comunale di tutela dell\u2019ambiente, prescritta dall\u2019articolo 38 della Legge sulla tutela dell\u2019ambiente.<\/p>\n<p>La relazione sullo stato dell\u2019ambiente del Comune citt\u00e0 di Capodistria comprende le caratteristiche geografiche fondamentali dell\u2019area del comune, le forze motorie ovv. gli agenti delle modifiche ambientali e i gravami, nonch\u00e9 lo stato dell\u2019aria, dell\u2019acqua, del suolo e della biodiversit\u00e0. L\u2019obiettivo del documento \u00e8 la visione integrata dello stato dell\u2019ambiente e l\u2019identificazione delle principali problematiche. L\u2019analisi dello stato dell\u2019ambiente rappresenta la base per la progettazione delle attivit\u00e0 volte a migliorare la qualit\u00e0 dell\u2019ambiente.\u00a0La relazione si redige in base agli spunti legislativi e ai documenti e piani operativi, approfondimenti tecnici e registri ufficiali dei dati ambientali.<\/p>\n<p>L\u2019analisi dello stato dell\u2019ambiente del Comune citt\u00e0 di Capodistria si basa su diversi indicatori dello stato, delle caratteristiche e dello sviluppo del singolo fenomeno.\u00a0Numerosi dati si riferiscono maggiormente al periodo passato 2006-2012 (dalla rappresentazione della tendenza temporale sono evidenti gli orientamenti fondamentali del singolo fenomeno)\u00a0ovv. in relazione ai dati reperibili (ad es. i dati climatici e idrologici si riferiscono al periodo 1971-2000, i dati relativi al rifornimento e approvigionamento energetico si basano sul Concetto energetico del Comune citt\u00e0 di Capodistria e rappresentano lo stato dell\u2019anno 2010; i dati relativi allo stato del suolo sono relativi alle ricerche sull\u2019inquinamento del suolo negli anni 1994, 2001, 2004 e 2006).\u00a0 Nel caso in cui siano disponibili dati per un periodo pi\u00f9 ampio e detti dati si ritengono importanti per una migliore comprensione della tendenza di un determinato indicatore, il periodo visualizzato pu\u00f2 anche essere pi\u00f9 lungo. La qualit\u00e0 delle acque per la vita dei pesci d\u2019acqua dolce \u00e8 presentata per il periodo 2005-2012.<\/p>\n<p><a href=\"https:\/\/www.koper.si\/wp-content\/uploads\/2020\/11\/Poro\u010dilo-o-stanju-okolja-2014.pdf\" target=\"_blank\" rel=\"noopener\">Relazione sullo stato dell\u2019ambiente 2014.pdf<\/a><\/p>\n<p>\n<\/div><\/div><\/div><\/div><div class=\"kc-elm kc-css-693921 kc_accordion_section group \"><h3 class=\"kc_accordion_header ui-accordion-header\"><a href=\"#relazione-sullo-stato-dellambiente-2006\" data-prevent=\"scroll\"><div class=\"kc-accordion-inner-wrapper\"><span class=\"ui-accordion-header-icon ui-icon\"><\/span><i class=\"\"><\/i> Relazione sullo stato dell\u2019ambiente 2006<\/div><\/a><\/h3><div class=\"kc_accordion_content ui-accordion-content kc_clearfix\"><div class=\"kc-panel-body\"><div class=\"kc-elm kc-css-384586 kc_text_block\"><\/p>\n<p>Con la sua ubicazione, ma soprattutto con l\u2019importanza che ha per tutta la Slovenia, il Comune citt\u00e0 di Capodistria rappresenta pi\u00f9 che solamente uno dei 210 comuni del nostro Pease. La citt\u00e0 di Capodistria \u00e8 il centro regionale che ha iniziato il suo sviluppo nel 1954, quando \u00e8 diventato territorio dell\u2019ex Jugoslavia e quando il Porto di Capodistria ha ben presto iniziato ad aumentare la propria importanza. Il rapido sviluppo dell\u2019industria e del traffico ha attratto gli immigranti dal resto della Slovenia e della Jugoslavia, causando un veloce incremento della popolazione.<\/p>\n<p>Dopo l\u2019indipendenza della Slovenia, Capodistria \u00e8 diventata il pi\u00f9 importante centro di trasporto della Slovenia, essendo l\u2019unico porto sloveno. Ma l\u2019intenso sviluppo ha portato anche conseguenze negative e difficolt\u00e0 ecologiche. I grandi flussi di trasporto nel Comune citt\u00e0 di Capodistria hanno, oltre agli effetti positivi soprattutto sull\u2019economia, anche un grande effetto sull\u2019ambiente. Anche la densit\u00e0 della popolazione nella fascia costiera ha grande effetto sull\u2019ambiente, soprattutto sulle fonti d\u2019acqua. Un ulteriore effetto sull\u2019ambiente \u00e8 causato dal turismo stagionale, a causa del quale aumentano i flussi di trasporto e il numero della popolazione. Nell\u2019area del Comune citt\u00e0 di Capodistria si trovano anche aree naturali tutelate che rappresentano una maggiore qualit\u00e0 dell\u2019ambiente.<\/p>\n<p>Gli agenti antropatogeni, le cosiddette le forze motrici, hanno effetto sulle parti dell\u2019ambiente che presentano un determinato stato e influenzano la vita. Con l\u2019aiuto di strumenti e misure possiamo reagire e modificare le forze motrici o la pressione o lo stato o gli effetti. In passato sono state effettuate nel territorio del Comune citt\u00e0 di Capodistria, oltre alle misurazioni, monitoring ed osservazioni regolari, prescritte dalla legge, tante ricerche e analisi, per questo motivo lo stato dell\u2019ambiente si basa sull\u2019analisi e sulla valutazione dei dati rilevati e delle sintesi dei materiali e dei rilevamenti finora acquisiti. Le singole parti dell\u2019ambiente sono esaminate per singola componente che forma il paesaggio: l\u2019acqua (a causa delle loro specificit\u00e0 il mare e l\u2019acqua dolce sono esaminati separatamente), l\u2019aria, l\u2019inquinamento acustico e il suolo. \u00c8 evidenziata a parte anche la problematica di trattamento dei rifiuti e la problematica delle aree naturali tutelate.<\/p>\n<p>La relazione sullo stato dell\u2019ambiente contiene i rilevamenti relativi allo stato di diverse componenti dell\u2019ambiente nel Comune citt\u00e0 di Capodistria. La parte integrante della relazione \u00e8 anche il materiale cartografico, grafico e figurativo per l\u2019opuscolo rappresentativo che sar\u00e0 reperibile a tutti i cittadini del Comune citt\u00e0 di Capodistria e che si basa sui rilevamenti tecnici e li spiega in modo comprensibile al pubblico.<\/p>\n<p><a href=\"https:\/\/www.koper.si\/wp-content\/uploads\/2020\/11\/Poro\u010dilo-o-stanju-okolja-2006.doc\" target=\"_blank\" rel=\"noopener\">Relazione sullo stato dell\u2019ambiente 2006.doc<\/a><\/p>\n<p><a href=\"https:\/\/www.koper.si\/wp-content\/uploads\/2020\/11\/Povzetek-poro\u010dila-o-stanju-okolja-2006.doc\" target=\"_blank\" rel=\"noopener\">Relazione sullo stato dell&#8217;ambiente 2006.doc<\/a><\/p>\n<p>\n<\/div><\/div><\/div><\/div><div class=\"kc-elm kc-css-292371 kc_accordion_section group \"><h3 class=\"kc_accordion_header ui-accordion-header\"><a href=\"#relazione-sullo-stato-dellambiente-2002\" data-prevent=\"scroll\"><div class=\"kc-accordion-inner-wrapper\"><span class=\"ui-accordion-header-icon ui-icon\"><\/span><i class=\"\"><\/i> Relazione sullo stato dell\u2019ambiente 2002<\/div><\/a><\/h3><div class=\"kc_accordion_content ui-accordion-content kc_clearfix\"><div class=\"kc-panel-body\"><div class=\"kc-elm kc-css-473672 kc_text_block\"><\/p>\n<p>La relazione sullo stato dell\u2019ambiente \u00e8 la prima relazione del genere nel Comune citt\u00e0 di Capodistria. Nell\u2019anno 1993 l\u2019approvazione della Legge sulla tutela dell\u2019ambiente ha portato la base giuridica e l\u2019obbligo di redigere un documento, da presentare al pubblico tecnico e generale. La relazione sullo stato dell\u2019ambiente diventer\u00e0 un punto di partenza obbligatorio per il lavoro dei servizi professionali e delle amministrazioni locali con l\u2019acquisizione degli obblighi, approvati nell\u2019ambito dell\u2019armonizzazione con le direttive della Comunit\u00e0 europea, come prescritto dalla direttiva 90\/313\/EEC \u2013 Direttiva sull\u2019accessibilit\u00e0 delle informazioni sull\u2019ambiente. Quest\u2019ultima stabilisce l\u2019accesso alle informazioni ambientali e garantisce al pubblico informazioni idonee sull\u2019ambiente, a disposizione degli uffici.<\/p>\n<p>Le informazioni ambientali cos\u00ec raccolte rendono possibile una valutazione integrata sullo stato dell\u2019ambiente. Bisogna identificare e valutare tutti i processi rilevanti, le cause e le conseguenze e rispettare gli effetti sinergetici di diverse attivit\u00e0 nell\u2019ambiente.<\/p>\n<p>Le attivit\u00e0 per la stesura del Programma di tutela dell\u2019ambiente dell\u2019Istria slovena sono state una vera e propria svolta. \u00c8 stato redatto il documento programmatico e terminologico di base che provveder\u00e0 in futuro a orientare allo sviluppo sostenibile.<\/p>\n<p>La problematica della tutela dell\u2019ambiente \u00e8 molto complessa, legata allo studio e alle soluzioni interdisciplinari e con l\u2019inclusione di numerosi fattori, ma anche professionisti di diversi settori.<\/p>\n<p><a href=\"https:\/\/www.koper.si\/wp-content\/uploads\/2020\/11\/Poro\u010dilo-o-stanju-okolja-2002.doc\" target=\"_blank\" rel=\"noopener\">Relazione sullo stato dell\u2019ambiente 2002.doc<\/a><\/p>\n<p><a href=\"https:\/\/www.koper.si\/wp-content\/uploads\/2020\/11\/Povzetek-poro\u010dila-o-stanju-okolja-2002.doc\" target=\"_blank\" rel=\"noopener\">Riassunto della relazione dello stato dell&#8217;ambiente 2002.doc<\/a><\/p>\n<p>\n<\/div><\/div><\/div><\/div><\/div>\r\n<\/div><\/div><\/div><\/div><\/section><section class=\"kc-elm kc-css-583990 kc_row\"><div class=\" container\"><div class=\"row\"><div class=\"kc-elm kc-css-884412 col-12 col-sm-12 column col-12 col-sm-12\"><div class=\"kc-col-container\">\n<div class=\"kc-elm kc-css-417338 kc-title-wrap \">\n\n\t<h2 class=\"kc_title\">Programma di tutela dell\u2019ambiente<\/h2>\n<\/div>\n<div data-closeall=\"true\" class=\"kc-elm kc-css-609038 kc_accordion_wrapper\">\r\n    <div class=\"kc-elm kc-css-820578 kc_accordion_section group \"><h3 class=\"kc_accordion_header ui-accordion-header\"><a href=\"#programma-di-tutela-dellambiente-per-listria-slovena-2001-2006\" data-prevent=\"scroll\"><div class=\"kc-accordion-inner-wrapper\"><span class=\"ui-accordion-header-icon ui-icon\"><\/span><i class=\"\"><\/i> Programma di tutela dell\u2019ambiente per l\u2019Istria slovena 2001-2006<\/div><\/a><\/h3><div class=\"kc_accordion_content ui-accordion-content kc_clearfix\"><div class=\"kc-panel-body\"><div class=\"kc-elm kc-css-577966 kc_text_block\"><\/p>\n<p>Il programma di tutela per l\u2019area dell\u2019Istria slovena \u00e8 un elenco di misure mirate a risolvere i maggiori problemi ambientali nell\u2019area dei comuni di Capodistria, Isola e Pirano.<\/p>\n<p><strong>Le principali caratteristiche del programma sono:<\/strong><\/p>\n<ul>\n<li>nella preparazione del programma sono stati inclusi sia il pubblico professionale che il pubblico laico,<\/li>\n<li>il programma esamina gli elementi ambientali, le attivit\u00e0 e l\u2019organizzazione della tutela dell\u2019ambiente nei comuni,<\/li>\n<li>i contenuti del programma sono stati redatti da un gruppo tecnico ed orientati dal Consiglio progettuale, formato dai rappresentanti delle pi\u00f9 importanti organizzazioni dell\u2019area,<\/li>\n<li>il risultato finale del programma sono le misure proposte per il periodo fino all\u2019anno 2005,<\/li>\n<li>tutte le misure proposte sono state accordate con le organizzazioni e il pubblico, per il quale sono rilevanti.<\/li>\n<\/ul>\n<p><strong>La preparazione del programma <\/strong><strong>ha avuto due<\/strong><strong> principali fasi:<\/strong><\/p>\n<ol>\n<li>controllo dello stato dell\u2019ambiente \u2013 sono stati determinati i problemi prioritari del comune<\/li>\n<li>piano delle misure \u2013 misure per la risoluzione dei problemi, armonizzate con il maggior numero possibile di gruppi d\u2019interesse.<\/li>\n<\/ol>\n<p>La stesura del programma si \u00e8 conclusa il 15 dicembre 2001. A gennaio e febbraio il programma \u00e8 stato anche approvato in seno ai Consigli comunali dei tre comuni partecipanti. Alla conclusione del programma i comuni dell\u2019Istria slovena hanno accordato la futura collaborazione nella tutela dell\u2019ambiente nell\u2019Istria slovena, inoltre hanno accordato con il Ministero per l\u2019ambiente e il territorio l\u2019ulteriore collaborazione regolare tra i comuni e lo Stato nei settori, coperti da competenze e interessi locali e statali.<\/p>\n<p>Su questa pagina web potete vedere lo svolgimento del progetto e collegarvi con i redattori del programma. Saremo contenti delle vostre proposte, vi invitiamo inoltre a controllare i documenti: visto che l\u2019ambiente concerne tutti noi, siamo sicuri che troverete qualcosa di interessante!<\/p>\n<p>L\u2019obiettivo della stesura del Programma di tutela dell\u2019ambiente \u00e8 istituire un programma di graduale miglioramento dell\u2019ambiente nei comuni. Il programma di tutela dell\u2019ambiente (articolo 50 della Legge sulla tutela dell\u2019ambiente, Gazzetta Ufficiale della RS nn. 32\/93, 1\/96) \u00e8 il piano di lavoro dei comuni di Capodistria, Isola e Pirano per i prossimi anni (2002-2005), redatto in base ai rilevamenti relativi alle maggiori problematiche di tutela dell\u2019ambiente nell\u2019area dell\u2019Istria slovenia. I documenti non sono stati redatti da un piccolo gruppo di persone, bens\u00ec in collaborazione con i rappresentanti dei comuni, i direttori di aziende pubbliche, i rappresentanti dell\u2019economia, dei servizi professionali, ispezioni, associazioni e altre organizzazioni e singoli, rilevanti per la tutela dell\u2019ambiente nell\u2019Istria slovena.<\/p>\n<p>Ha coordinato la stesura del programma il Consiglio progettuale, composto da 45 rappresentanti di importanti organizzazioni. Il Consiglio progettuale ha esaminato le relazioni delle singole fasi del progetto e ha presentato le linee guida. \u00c8 stata presentata la proposta che il Consiglio progettuale continui con il proprio lavoro, riunendosi due volte all\u2019anno e discuta lo sviluppo dell\u2019attuazione del programma in base alle relazioni dei rappresentanti delle amministrazioni comunali. I membri del Consiglio progettuale potranno assistere all\u2019attuazione del programma in qualit\u00e0 di membri di collegamento tra le amministrazioni comunale e gli abitanti e altre organizzazioni importanti.<\/p>\n<p>Il presente documento \u00e8 il riassunto del programma, lo stato dell\u2019ambiente \u00e8 presentato in dettaglio nel documento \u201cStato dell\u2019ambiente\u201d, le misure invece sono presentate nel documento \u201cPiano delle misure\u201d. Tutti i documenti sono accessibili sulla pagina web http:\/\/www.oikos.si\/Istra\/index.html<\/p>\n<p><a href=\"https:\/\/www.koper.si\/wp-content\/uploads\/2020\/11\/Program-LPVO-Slov.-Istra-2001-2005.doc\" target=\"_blank\" rel=\"noopener\">Programma di tutela dell\u2019ambiente nell\u2019Istria slovena 2001-2005.doc<\/a><\/p>\n<p>\n<\/div><\/div><\/div><\/div><div class=\"kc-elm kc-css-7932 kc_accordion_section group \"><h3 class=\"kc_accordion_header ui-accordion-header\"><a href=\"#programma-di-tutela-dellambiente-nellistria-slovena-2006-2010\" data-prevent=\"scroll\"><div class=\"kc-accordion-inner-wrapper\"><span class=\"ui-accordion-header-icon ui-icon\"><\/span><i class=\"\"><\/i> Programma di tutela dell\u2019ambiente nell\u2019Istria slovena 2006-2010<\/div><\/a><\/h3><div class=\"kc_accordion_content ui-accordion-content kc_clearfix\"><div class=\"kc-panel-body\"><div class=\"kc-elm kc-css-17806 kc_text_block\"><\/p>\n<p>Il programma di tutela dell\u2019ambiente nell\u2019Istria slovena stabilisce le linee guida strategiche nel settore della tutela dell\u2019ambiente per risolvere le maggiori problematiche dei comuni. Il programma funge ai comuni da aiuto nell\u2019orientamento del lavoro dell\u2019amministrazione e per risolvere pi\u00f9 velocemente le problematiche locali e transfrontaliere, per una migliore collaborazione tra i comuni, la possibilit\u00e0 di acquisizione degli aiuti finanziari e promuovere l\u2019attivit\u00e0 ambientale consapevole die comuni.<\/p>\n<p>L\u2019obiettivo di stesura del programma di tutela dell\u2019ambiente per l\u2019Istria slovena \u00e8 garantire con misure mirate e collaborazione un ambiente di vita di qualit\u00e0 per gli abitanti dell\u2019Istria slovena.<\/p>\n<p>Il punto di partenza del programma erano i rilevamenti relativi alle maggiori problematiche di tutela dell\u2019ambiente nell\u2019area dell\u2019Istria slovena, come evidenziate dal programma di tutela dell\u2019ambiente 2001-2005. La valutazione del programma precedente ha offerto determinate linee guida per il periodo successivo 2006-2010.<\/p>\n<p>Nuovi rilevamenti e tendenze del programma offrono nuovi obiettivi strategici, un nuovo ordine delle problematiche ambientali, le mansioni e strategie prioritarie per il raggiungimento degli obiettivi, il piano delle misure, gli indicatori di raggiungimento degli obiettivi a lungo termine e la realizzazione delle misure, una migliore collaborazione e cooperazione tra i fattori fondamentali nel settore della tutela dell\u2019ambiente e l\u2019inclusione attiva del pubblico.<\/p>\n<p><a href=\"https:\/\/www.koper.si\/wp-content\/uploads\/2020\/11\/Program-LPVO-Slov.-Istra-2006-2010.doc\">Programma di tutela dell\u2019ambiente nell\u2019Istria slovena 2006-2010.doc<\/a><\/p>\n<p>\n<\/div><\/div><\/div><\/div><div class=\"kc-elm kc-css-48883 kc_accordion_section group \"><h3 class=\"kc_accordion_header ui-accordion-header\"><a href=\"#programma-comunale-di-tutela-dellambiente-2015-2020\" data-prevent=\"scroll\"><div class=\"kc-accordion-inner-wrapper\"><span class=\"ui-accordion-header-icon ui-icon\"><\/span><i class=\"\"><\/i> Programma comunale di tutela dell\u2019ambiente 2015-2020<\/div><\/a><\/h3><div class=\"kc_accordion_content ui-accordion-content kc_clearfix\"><div class=\"kc-panel-body\"><div class=\"kc-elm kc-css-792646 kc_text_block\"><\/p>\n<p><a href=\"https:\/\/www.koper.si\/wp-content\/uploads\/2020\/11\/Ob\u010dinski-program-varstva-okolja-2015-2020.pdf\" target=\"_blank\" rel=\"noopener\">Programma comunale di tutela dell&#8217;ambiente (2015-2020).pdf<\/a><\/p>\n<p>\n<\/div><\/div><\/div><\/div><div class=\"kc-elm kc-css-413946 kc_accordion_section group \"><h3 class=\"kc_accordion_header ui-accordion-header\"><a href=\"#programma-comunale-di-tutela-dellambiente-2021-2025\" data-prevent=\"scroll\"><div class=\"kc-accordion-inner-wrapper\"><span class=\"ui-accordion-header-icon ui-icon\"><\/span><i class=\"\"><\/i> Programma comunale di tutela dell\u2019ambiente 2021-2025<\/div><\/a><\/h3><div class=\"kc_accordion_content ui-accordion-content kc_clearfix\"><div class=\"kc-panel-body\"><div class=\"kc-elm kc-css-817927 kc_text_block\"><\/p>\n<p><a href=\"https:\/\/www.koper.si\/wp-content\/uploads\/2020\/11\/Ob\u010dinski-program-varstva-okolja-2021-2025.pdf\" target=\"_blank\" rel=\"noopener\">Programma comunale di tutela dell&#8217;ambiente (2021-2025).pdf<\/a><\/p>\n<p>\n<\/div><\/div><\/div><\/div><\/div>\r\n<\/div><\/div><\/div><\/div><\/section><section class=\"kc-elm kc-css-241250 kc_row\"><div class=\" container\"><div class=\"row\"><div class=\"kc-elm kc-css-347188 col-12 col-sm-12 column col-12 col-sm-12\"><div class=\"kc-col-container\">\n<div class=\"kc-elm kc-css-600758 kc-title-wrap \">\n\n\t<h2 class=\"kc_title\">Stesura degli approfondimenti tecnici per l\u2019istituzione del Sistema verde<\/h2>\n<\/div>\n<div class=\"kc-elm kc-css-228779 kc_text_block\"><\/p>\n<p><strong>Committenti:<\/strong>\u00a0Comune citt\u00e0 di Capodistria, Comune di Pirano e Comune di Isola<\/p>\n<p><strong>Partecipanti al progetto:<\/strong>\u00a0Mojca Hrabar, Matja\u017e Harmel, Roman \u0160imec e Ivo Kej\u017ear<\/p>\n<p>\u201cDi regola la progettazione territoriale si svolge con procedimenti relativamente complicati e cronologicamente esigenti. La zonizzazione dell\u2019Istria slovena garantir\u00e0 una classificazione veloce e armonizzata delle aree con le singole caratteristiche in zone, per le quali verrano progettati gli obiettivi e le misure, in base agli stessi invece anche i regimi, adatti alla loro funzione. Sar\u00e0 in questo modo garantito l\u2019ambito e la base per una progettazione territoriale pi\u00f9 dettagliata. La zonizzazione con i particolari regimi garantir\u00e0 cos\u00ec la progettazione intelligente dello sviluppo e la conservazione della biodiversit\u00e0, degli ecosistemi, dei beni naturali e del patrimonio culturale.\" (fonte: approfondimento tecnico per l\u2019istituzione del Sistema verde)<\/p>\n<p><a href=\"https:\/\/www.koper.si\/wp-content\/uploads\/2020\/11\/Uvodno-poro\u010dilo-zeleni-sistem.doc\" target=\"_blank\" rel=\"noopener\">Relazione introduttiva \u2013 sistema verde.doc<\/a><\/p>\n<p><a href=\"https:\/\/www.koper.si\/wp-content\/uploads\/2020\/11\/Izdelava-strokovnih-podlag-za-oblikovanje-zelenega-sistema.doc\" target=\"_blank\" rel=\"noopener\">Stesura degli approfodimenti tecnici per l&#8217;istituzione del Sistema verde.doc<\/a><\/p>\n<p>\n<\/div><\/div><\/div><\/div><\/div><\/section><section class=\"kc-elm kc-css-98716 kc_row\"><div class=\" container\"><div class=\"row\"><div class=\"kc-elm kc-css-561821 col-12 col-sm-12 column col-12 col-sm-12\"><div class=\"kc-col-container\">\n<div class=\"kc-elm kc-css-491937 kc-title-wrap \">\n\n\t<h2 class=\"kc_title\">Documenti del settore ambientale<\/h2>\n<\/div>\n<div data-closeall=\"true\" class=\"kc-elm kc-css-101250 kc_accordion_wrapper\">\r\n    <div class=\"kc-elm kc-css-648756 kc_accordion_section group \"><h3 class=\"kc_accordion_header ui-accordion-header\"><a href=\"#natura\" data-prevent=\"scroll\"><div class=\"kc-accordion-inner-wrapper\"><span class=\"ui-accordion-header-icon ui-icon\"><\/span><i class=\"\"><\/i> Natura<\/div><\/a><\/h3><div class=\"kc_accordion_content ui-accordion-content kc_clearfix\"><div class=\"kc-panel-body\"><div class=\"kc-elm kc-css-626119 kc_text_block\"><\/p>\n<ul>\n<li><a href=\"https:\/\/www.koper.si\/wp-content\/uploads\/2020\/11\/Conacija-Slovenske-Istre.doc\" target=\"_blank\" rel=\"noopener\">Zonizzazione dell&#8217;Istria slovena.doc<\/a><\/li>\n<li><a href=\"https:\/\/www.koper.si\/wp-content\/uploads\/2020\/11\/Divja-odlagali%C5%A1%C4%8Da-v-na%C4%8Drtovanem-Krajinskem-parku-Dragonja.pdf\" target=\"_blank\" rel=\"noopener\">Discariche abusive nel previsto Parco naturale di Dragogna.pdf<\/a><\/li>\n<li><a href=\"https:\/\/www.koper.si\/wp-content\/uploads\/2020\/11\/Ekoremediacije-reke-Dragonja-I.del_.doc\">Ecorimediazioni del fiume Dragogna (I parte).doc<\/a><\/li>\n<li><a href=\"https:\/\/www.koper.si\/wp-content\/uploads\/2020\/11\/Ekoremediacije-reke-Dragonja-II.del_.doc\">Ecorimediazione del fiume Dragogna (II parte).doc<\/a><\/li>\n<li><a href=\"https:\/\/www.koper.si\/wp-content\/uploads\/2020\/11\/Idejne-re%C5%A1itve-za-ekoremediacije-Mlin%C5%A1%C4%8Dice-na-Ri%C5%BEani.doc\">Soluzioni di massima per l&#8217;ecorimediazione del Mlin\u0161\u010dica na Ri\u017eani.doc<\/a><\/li>\n<li><a href=\"https:\/\/www.koper.si\/wp-content\/uploads\/2020\/11\/Kartiranje-v-predvidenem-KP-Dragonja-I.-del.doc\">Mappatura nel previsto Parco naturale di Dragogna (I parte).doc<\/a><\/li>\n<li><a href=\"https:\/\/www.koper.si\/wp-content\/uploads\/2020\/11\/Kartiranje-v-predvidenem-KP-Dragonja-II.-del.doc\">Mappatura nel previsto Parco naturale di Dragogna (II parte).doc<\/a><\/li>\n<li><a href=\"https:\/\/www.koper.si\/wp-content\/uploads\/2020\/11\/Poslovne-strate%C5%A1ke-usmeritve-v-na%C4%8Drtovanem-KP-Dragonja.pdf\" target=\"_blank\" rel=\"noopener\">Linee guida commerciali strategiche nel previsto Parco naturale di Dragogna.pdf<\/a><\/li>\n<li><a href=\"https:\/\/www.koper.si\/wp-content\/uploads\/2020\/11\/Razvojni-program-za-turizem-in-rekreacijo-na-obmo%C4%8Dju-predvidenega-Krajinskega-parka-Dragonja.doc\">Programma di sviluppo per il turismo e la ricreazione nell&#8217;area del previsto Parco naturale di Dragogna.doc<\/a><\/li>\n<li><a href=\"https:\/\/www.koper.si\/wp-content\/uploads\/2020\/11\/Revitalizacija-reke-Ri%C5%BEane-I.del_.doc\">Rivitalizzazione del fiume Risano (I parte).doc<\/a><\/li>\n<li><a href=\"https:\/\/www.koper.si\/wp-content\/uploads\/2020\/11\/Revitalizacija-reke-Ri%C5%BEane-II.del_.doc\">Rivitalizzazione del fiume Risano (II parte).doc<\/a><\/li>\n<li><a href=\"https:\/\/www.koper.si\/wp-content\/uploads\/2020\/11\/Ureditev-piknik-prostorov-in-parkiranja-v-KP-Dragonja.doc\">Assetto dell\u2019area picnic e del parcheggio nel Parco naturale di Dragogna.doc<\/a><\/li>\n<li><a href=\"https:\/\/www.koper.si\/wp-content\/uploads\/2020\/11\/Zasnove-prometnega-omre%C5%BEja-v-na%C4%8Drtovanem-KP-Dragonja.doc\">Ideazioni della rete del traffico nel previsto Parco naturale di Dragogna.doc<\/a><\/li>\n<\/ul>\n<p>\n<\/div><\/div><\/div><\/div><div class=\"kc-elm kc-css-647616 kc_accordion_section group \"><h3 class=\"kc_accordion_header ui-accordion-header\"><a href=\"#salute\" data-prevent=\"scroll\"><div class=\"kc-accordion-inner-wrapper\"><span class=\"ui-accordion-header-icon ui-icon\"><\/span><i class=\"\"><\/i> Salute<\/div><\/a><\/h3><div class=\"kc_accordion_content ui-accordion-content kc_clearfix\"><div class=\"kc-panel-body\"><div class=\"kc-elm kc-css-678813 kc_text_block\"><\/p>\n<ul>\n<li><a href=\"https:\/\/www.koper.si\/wp-content\/uploads\/2020\/11\/Dru%C5%BEinski-odnosi-stali%C5%A1%C4%8Da-do-dru%C5%BEbenih-norm-in-izraba-prostega-%C4%8Dasa-srednje%C5%A1olcev-v-MOK.pdf\" target=\"_blank\" rel=\"noopener\">Relazioni familiari, prese di posizioni in merito a norme sociali e tempo libero degli studenti delle scuole medie del Comune citt\u00e0 di Capodistria.pdf<\/a><\/li>\n<li><a href=\"https:\/\/www.koper.si\/wp-content\/uploads\/2020\/11\/Epidemiolo%C5%A1ka-%C5%A1tudija-ZZV-Celje-2003.pdf\" target=\"_blank\" rel=\"noopener\">Studio epidemiologico dell\u2019Ente per la tutela della salute di Celje 2003.pdf<\/a><\/li>\n<li><a href=\"https:\/\/www.koper.si\/wp-content\/uploads\/2020\/11\/Lokalni-program-promocije-zdravja-2005-2007.pdf\" target=\"_blank\" rel=\"noopener\">Programma locale di promozione della salute 2005-2007.pdf<\/a><\/li>\n<li><a href=\"https:\/\/www.koper.si\/wp-content\/uploads\/2020\/11\/Prou%C4%8Devanje-zna%C4%8Dilnosti-pojavljanja-kroni%C4%8Dnih-bolezni-dihal-na-obmo%C4%8Dju-MOK.pdf\" target=\"_blank\" rel=\"noopener\">Esame delle caratteristiche dell&#8217;incidenza delle malattie croniche alle vie respiratorie nell&#8217;area del Comune citt\u00e0 di Capodistria.pdf<\/a><\/li>\n<li><a href=\"https:\/\/www.koper.si\/wp-content\/uploads\/2020\/11\/Raziskava-o-uporabi-tobaka-alkohola-in-drog-med-mladino-v-MOK-2003.pdf\" target=\"_blank\" rel=\"noopener\">Ricerca sul consumo di tabacco, alcol e droghe tra i giovani nel Comune citt\u00e0 di Capodistria -2003.pdf<\/a><\/li>\n<li><a href=\"https:\/\/www.koper.si\/wp-content\/uploads\/2020\/11\/Strategija-razvoja-zdravstvene-dejavnosti-na-primarni-ravni-v-MOK.pdf\" target=\"_blank\" rel=\"noopener\">Strategia di sviluppo dell\u2019attivit\u00e0 sanitaria a livello primario nel Comune citt\u00e0 di Capodistria.pdf<\/a><\/li>\n<li><a href=\"https:\/\/www.koper.si\/wp-content\/uploads\/2020\/11\/Zdravstveno-stanje-prebivalcev-MOK-med-leti-1996-2000.pdf\" target=\"_blank\" rel=\"noopener\">Condizione sanitaria degli abitanti del Comune citt\u00e0 di Capodistria nel periodo 1996-2000.pdf<\/a><\/li>\n<\/ul>\n<p>\n<\/div><\/div><\/div><\/div><div class=\"kc-elm kc-css-811012 kc_accordion_section group \"><h3 class=\"kc_accordion_header ui-accordion-header\"><a href=\"#aria\" data-prevent=\"scroll\"><div class=\"kc-accordion-inner-wrapper\"><span class=\"ui-accordion-header-icon ui-icon\"><\/span><i class=\"\"><\/i> Aria<\/div><\/a><\/h3><div class=\"kc_accordion_content ui-accordion-content kc_clearfix\"><div class=\"kc-panel-body\"><div class=\"kc-elm kc-css-398584 kc_text_block\"><\/p>\n<ul>\n<li><a href=\"https:\/\/www.koper.si\/wp-content\/uploads\/2020\/11\/Idejne-zasnove-za-vzpostavitev-ekoloskega-informacijskega-sistema-za-zrak-v-MOK.pdf\" target=\"_blank\" rel=\"noopener\">Ideazione di massima per l\u2019istituzione del sistema informatico ecologico per l\u2019aria nel Comune citt\u00e0 di Capodistria.pdf<\/a><\/li>\n<li><a href=\"https:\/\/www.koper.si\/wp-content\/uploads\/2020\/11\/Kakovost-zraka-v-Sloveniji-v-letu-2006.pdf\" target=\"_blank\" rel=\"noopener\">Qualit\u00e0 dell&#8217;aria in Slovenia nell&#8217;anno 2006.pdf<\/a><\/li>\n<li><a href=\"https:\/\/www.koper.si\/wp-content\/uploads\/2020\/11\/Meritve-onesnazenosti-zraka-v-Kopru-in-Izoli-od-julija-do-septembra-2002.pdf\" target=\"_blank\" rel=\"noopener\">Misurazioni dell\u2019inquinamento dell\u2019aria a Capodistria e a Isola da giugno a settembre 2002.pdf<\/a><\/li>\n<li><a href=\"https:\/\/www.koper.si\/wp-content\/uploads\/2020\/11\/Meritve-onesna%C5%BEenja-zraka-v-Hrvatinih-od-23.-6.-do-21.-9.-2004.pdf\" target=\"_blank\" rel=\"noopener\">Misurazioni dell\u2019inquinamento dell\u2019aria a Crevatini dal 23 giugno al 21 settembre 2004.pdf<\/a><\/li>\n<li><a href=\"https:\/\/www.koper.si\/wp-content\/uploads\/2020\/11\/Onesna%C5%BEenost-zraka-mesta-Koper-z-delci-PM10-v-letu-2005.pdf\" target=\"_blank\" rel=\"noopener\">Inquinamento dell&#8217;aria della citt\u00e0 di Capodistria con le polveri sottili PM10 nell&#8217;anno 2005.pdf<\/a><\/li>\n<li><a href=\"https:\/\/www.koper.si\/wp-content\/uploads\/2020\/11\/Poro%C4%8Dilo-o-rezultatih-meritev-onesna%C5%BEenosti-zraka-2000.pdf\" target=\"_blank\" rel=\"noopener\">Relazione sui risultati delle misurazioni dell&#8217;inquinamento dell&#8217;aria 2000.pdf<\/a><\/li>\n<li><a href=\"https:\/\/www.koper.si\/wp-content\/uploads\/2020\/11\/Rezultati-meritev-onesnazenosti-zraka-z-mobilno-postajo-v-Kopru-2005.pdf\" target=\"_blank\" rel=\"noopener\">Risultati delle misurazioni dell\u2019inquinamento dell\u2019aria con la stazione mobile a Capodistria 2005.pdf<\/a><\/li>\n<li><a href=\"https:\/\/www.koper.si\/wp-content\/uploads\/2020\/11\/%C4%8Clanek-Air-Pollution-and-Lung-Cancer-in-Trieste-Italy.pdf\" target=\"_blank\" rel=\"noopener\">Articolo \u2013 Air Pollution and Lung Cancer in Trieste, Italy.pdf<\/a><\/li>\n<\/ul>\n<p>\n<\/div><\/div><\/div><\/div><div class=\"kc-elm kc-css-954235 kc_accordion_section group \"><h3 class=\"kc_accordion_header ui-accordion-header\"><a href=\"#altro\" data-prevent=\"scroll\"><div class=\"kc-accordion-inner-wrapper\"><span class=\"ui-accordion-header-icon ui-icon\"><\/span><i class=\"\"><\/i> Altro<\/div><\/a><\/h3><div class=\"kc_accordion_content ui-accordion-content kc_clearfix\"><div class=\"kc-panel-body\"><div class=\"kc-elm kc-css-820192 kc_text_block\"><\/p>\n<ul>\n<li><a href=\"https:\/\/www.koper.si\/wp-content\/uploads\/2020\/11\/Bro%C5%A1ura-Stanje-okolja-v-MOK.pdf\" target=\"_blank\" rel=\"noopener\">Opuscolo\u00a0 \u2013 Stato dell\u2019ambiente nel Comune citt\u00e0 di Capodistria.pdf<\/a><\/li>\n<li><a href=\"https:\/\/www.koper.si\/wp-content\/uploads\/2020\/11\/Bro%C5%A1ura-obnovljivi-viri-energije-v-MOK.pdf\" target=\"_blank\" rel=\"noopener\">Opuscolo \u2013 fonti rinnovabili di energia nel Comune citt\u00e0 di Capodistria.pdf<\/a><\/li>\n<li><a href=\"https:\/\/www.koper.si\/wp-content\/uploads\/2020\/11\/Bro%C5%A1ura-U%C4%8Dinkovita-raba-energije-v-MOK.pdf\" target=\"_blank\" rel=\"noopener\">Opuscolo \u2013 Consumo efficace dell\u2019energia nel Comune citt\u00e0 di Capodistria.pdf<\/a><\/li>\n<li><a href=\"https:\/\/www.koper.si\/wp-content\/uploads\/2020\/11\/Kataster-onesnazevalcev-v-MOK.pdf\" target=\"_blank\" rel=\"noopener\">Registro degli agenti inquinanti nel Comune citt\u00e0 di Capodistria.pdf<\/a><\/li>\n<li><a href=\"https:\/\/www.koper.si\/wp-content\/uploads\/2020\/11\/Kazalniki-trajnostnega-razvoja-Koper-2006-2020.pdf\" target=\"_blank\" rel=\"noopener\">Indicatori dello sviluppo sostenibile di Capodistria 2006-2020.pdf<\/a><\/li>\n<li><a href=\"https:\/\/www.koper.si\/wp-content\/uploads\/2020\/11\/Lokalni-energetski-koncept-Mestne-ob%C4%8Dine-Koper-2010-2020.pdf\" target=\"_blank\" rel=\"noopener\">Concetto energetico locale del Comune citt\u00e0 di Capodistria 2010-2020.pdf<\/a><\/li>\n<li><a href=\"https:\/\/www.koper.si\/wp-content\/uploads\/2020\/11\/Lokalni-energetski-koncept-Mestne-ob%C4%8Dine-Koper.pdf\" target=\"_blank\" rel=\"noopener\">Concetto energetico locale del Comune citt\u00e0 di Capodistria.pdf<\/a><\/li>\n<li><a href=\"https:\/\/www.koper.si\/wp-content\/uploads\/2020\/11\/Obmo%C4%8Dja-varstva-pred-hrupom-v-MOK.pdf\" target=\"_blank\" rel=\"noopener\">Aree di tutela dall&#8217;inquinamento acustico nel Comune citt\u00e0 di Capodistria.pdf<\/a><\/li>\n<li><a href=\"https:\/\/www.koper.si\/wp-content\/uploads\/2020\/11\/Ocena-ogro%C5%BEenosti-pred-nesre%C4%8Dami-z-nevarnimi-snovmi-v-MOK.pdf\" target=\"_blank\" rel=\"noopener\">Valutazione del pericolo di infortuni con sostanze pericolorse nel Comune citt\u00e0 di Capodistria.pdf<\/a><\/li>\n<li><a href=\"https:\/\/www.koper.si\/wp-content\/uploads\/2020\/11\/Okoljski-pregled-onesna%C5%BEevalcev.zip\" target=\"_blank\" rel=\"noopener\">Revisione ambientale degli agenti inquinanti.zip<\/a><\/li>\n<li><a href=\"https:\/\/www.koper.si\/wp-content\/uploads\/2020\/11\/Predlog-strategije-kmetijstva-v-Mestni-ob%C4%8Dini-Koper.pdf\" target=\"_blank\" rel=\"noopener\">Proposta della strategia agricola nel Comune citt\u00e0 di Capodistria.pdf<\/a><\/li>\n<\/ul>\n<p>\n<\/div><\/div><\/div><\/div><\/div>\r\n<\/div><\/div><\/div><\/div><\/section><\/p>\n","protected":false},"excerpt":{"rendered":"","protected":false},"author":6,"featured_media":0,"parent":72127,"menu_order":74,"comment_status":"closed","ping_status":"closed","template":"","meta":{"_acf_changed":false,"inline_featured_image":false,"footnotes":""},"class_list":["post-81618","page","type-page","status-publish","hentry"],"acf":[],"_links":{"self":[{"href":"https:\/\/www.koper.si\/it\/wp-json\/wp\/v2\/pages\/81618","targetHints":{"allow":["GET"]}}],"collection":[{"href":"https:\/\/www.koper.si\/it\/wp-json\/wp\/v2\/pages"}],"about":[{"href":"https:\/\/www.koper.si\/it\/wp-json\/wp\/v2\/types\/page"}],"author":[{"embeddable":true,"href":"https:\/\/www.koper.si\/it\/wp-json\/wp\/v2\/users\/6"}],"replies":[{"embeddable":true,"href":"https:\/\/www.koper.si\/it\/wp-json\/wp\/v2\/comments?post=81618"}],"version-history":[{"count":4,"href":"https:\/\/www.koper.si\/it\/wp-json\/wp\/v2\/pages\/81618\/revisions"}],"predecessor-version":[{"id":113235,"href":"https:\/\/www.koper.si\/it\/wp-json\/wp\/v2\/pages\/81618\/revisions\/113235"}],"up":[{"embeddable":true,"href":"https:\/\/www.koper.si\/it\/wp-json\/wp\/v2\/pages\/72127"}],"wp:attachment":[{"href":"https:\/\/www.koper.si\/it\/wp-json\/wp\/v2\/media?parent=81618"}],"curies":[{"name":"wp","href":"https:\/\/api.w.org\/{rel}","templated":true}]}}